{"id":5438,"date":"2017-04-28T19:06:23","date_gmt":"2017-04-28T18:06:23","guid":{"rendered":"http:\/\/lesmarret.marret.co\/?page_id=5438"},"modified":"2017-05-09T23:13:09","modified_gmt":"2017-05-09T22:13:09","slug":"fourqueux-la-maison-de-notable","status":"publish","type":"page","link":"https:\/\/lesmarret.marret.co\/index.php\/des-lieux-de-famille\/fourqueux\/fourqueux-la-maison-de-notable\/","title":{"rendered":"Fourqueux &#8211; la maison de notable"},"content":{"rendered":"<div class=\"wp-caption-dd\">\n<div class=\"wp-caption-dd\">\n<p><a href=\"https:\/\/lesmarret.marret.co\/wp-content\/uploads\/2017\/04\/Maison-Marret-Fourqueux-01_wp.jpg\"><img loading=\"lazy\" decoding=\"async\" width=\"301\" height=\"195\" class=\"wp-image-5310 alignright\" alt=\"\" src=\"https:\/\/lesmarret.marret.co\/wp-content\/uploads\/2017\/04\/Maison-Marret-Fourqueux-01_wp-1024x665.jpg\" data-wp-pid=\"5310\" srcset=\"https:\/\/lesmarret.marret.co\/wp-content\/uploads\/2017\/04\/Maison-Marret-Fourqueux-01_wp-1024x665.jpg 1024w, https:\/\/lesmarret.marret.co\/wp-content\/uploads\/2017\/04\/Maison-Marret-Fourqueux-01_wp-300x195.jpg 300w, https:\/\/lesmarret.marret.co\/wp-content\/uploads\/2017\/04\/Maison-Marret-Fourqueux-01_wp-768x499.jpg 768w, https:\/\/lesmarret.marret.co\/wp-content\/uploads\/2017\/04\/Maison-Marret-Fourqueux-01_wp-800x520.jpg 800w, https:\/\/lesmarret.marret.co\/wp-content\/uploads\/2017\/04\/Maison-Marret-Fourqueux-01_wp-600x390.jpg 600w, https:\/\/lesmarret.marret.co\/wp-content\/uploads\/2017\/04\/Maison-Marret-Fourqueux-01_wp.jpg 1181w\" sizes=\"auto, (max-width: 301px) 100vw, 301px\" \/><\/a><\/p>\n<div class=\"wp-caption-dd\"><span lang=\"FR\" style=\"font-size: 12pt;\">Pierre Marret se porte acqu\u00e9reur d\u2019une propri\u00e9t\u00e9 en d\u00e9cembre 1807, mais il n\u2019y r\u00e9side pas tout de suite en permanence&nbsp;; il n\u2019appara\u00eet donc qu\u2019en 1846 dans les recensements g\u00e9n\u00e9raux de cette commune. Peut-\u00eatre avait-il d\u00e9couvert les attraits de ce lieu gr\u00e2ce \u00e0 sa bru, Ang\u00e9lique Besse, l\u2019\u00e9pouse de son fils Justin, dont la famille \u00e9tait install\u00e9e \u00e0 Fourqueux depuis plusieurs ann\u00e9es.<\/span><\/div>\n<p><span lang=\"FR\">Le contrat d\u2019achat, <\/span><span style=\"color: #000000;\">pass\u00e9 devant M<\/span><sup><span style=\"color: #000000; font-size: small;\">e<\/span><\/sup><span style=\"color: #000000;\"> Dupuis notaire de Saint Germain en Laye<\/span><span style=\"color: #000000;\"> les vingt sept et trente et un d\u00e9cembre mil huit cent sept stipule que &nbsp;: <\/span><\/p>\n<p style=\"padding-left: 30px;\"><em><span style=\"color: #000000;\"><a href=\"https:\/\/lesmarret.marret.co\/wp-content\/uploads\/2017\/04\/1807-12-Achat-de-la-maison-de-Fourqueux-1a_wp.jpg\"><img loading=\"lazy\" decoding=\"async\" width=\"418\" height=\"249\" class=\"wp-image-5442 alignleft\" alt=\"\" src=\"https:\/\/lesmarret.marret.co\/wp-content\/uploads\/2017\/04\/1807-12-Achat-de-la-maison-de-Fourqueux-1a_wp-1024x609.jpg\" data-wp-pid=\"5442\" srcset=\"https:\/\/lesmarret.marret.co\/wp-content\/uploads\/2017\/04\/1807-12-Achat-de-la-maison-de-Fourqueux-1a_wp-1024x609.jpg 1024w, https:\/\/lesmarret.marret.co\/wp-content\/uploads\/2017\/04\/1807-12-Achat-de-la-maison-de-Fourqueux-1a_wp-300x178.jpg 300w, https:\/\/lesmarret.marret.co\/wp-content\/uploads\/2017\/04\/1807-12-Achat-de-la-maison-de-Fourqueux-1a_wp-768x457.jpg 768w, https:\/\/lesmarret.marret.co\/wp-content\/uploads\/2017\/04\/1807-12-Achat-de-la-maison-de-Fourqueux-1a_wp-800x476.jpg 800w, https:\/\/lesmarret.marret.co\/wp-content\/uploads\/2017\/04\/1807-12-Achat-de-la-maison-de-Fourqueux-1a_wp-600x357.jpg 600w, https:\/\/lesmarret.marret.co\/wp-content\/uploads\/2017\/04\/1807-12-Achat-de-la-maison-de-Fourqueux-1a_wp.jpg 1181w\" sizes=\"auto, (max-width: 418px) 100vw, 418px\" \/><\/a>1\u00b0 M. Jean Baptiste Payn, r\u00e9gisseur du Domaine de Gravelle demeurant aud Gravelle 2\u00b0 M. Louis Guillaume Chenu, traiteur et Marie Catherine Latinois, sa femme demeurant \u00e0 Paris rue de la Harpe n\u00b0&nbsp;64; 3\u00b0 Jacques Julien Latinois, cultivateur demeurant \u00e0 Fourqueux, tant en leurs noms que comme s&rsquo;\u00e9tant port\u00e9 forts de M. Jacques Louis Ferdinand Latinois, mineur avec promesse de rapporter la ratification entendu \u00e0 M. et Mad<\/span><sup><span style=\"color: #000000; font-size: small;\">e<\/span><\/sup><span style=\"color: #000000;\"> Pierre Marret une grande maison \u00e0 porte coch\u00e8re sise \u00e0 Fourqueux avec jardin de la contenance d&rsquo;environ un hectare cinquante trois ares, douze centiares plus dix sept ares quatre vingt six centiares environ de terre \u00e0 c\u00f4t\u00e9 du jardin plant\u00e9 d&rsquo;arbres, essence de chataignier, moyennant douze mille francs de prix principal dont six mille francs ont \u00e9t\u00e9 pay\u00e9s par le contrat m\u00eame qui en contient quittance <\/span><span lang=\"X-NONE\"><span style=\"color: #000000;\">moyennant une rente viag\u00e8re de huit cent francs<\/span><\/span><span style=\"color: #000000;\">.<\/span><\/em><\/p>\n<p><span lang=\"FR\"><a href=\"https:\/\/lesmarret.marret.co\/wp-content\/uploads\/2017\/04\/1887-05-04-Le-Gaulois_wp.jpg\"><img loading=\"lazy\" decoding=\"async\" width=\"299\" height=\"112\" class=\"wp-image-5316 alignright\" alt=\"\" src=\"https:\/\/lesmarret.marret.co\/wp-content\/uploads\/2017\/04\/1887-05-04-Le-Gaulois_wp.jpg\" data-wp-pid=\"5316\" srcset=\"https:\/\/lesmarret.marret.co\/wp-content\/uploads\/2017\/04\/1887-05-04-Le-Gaulois_wp.jpg 591w, https:\/\/lesmarret.marret.co\/wp-content\/uploads\/2017\/04\/1887-05-04-Le-Gaulois_wp-300x112.jpg 300w\" sizes=\"auto, (max-width: 299px) 100vw, 299px\" \/><\/a>\u00c0 la fin de sa vie, Pierre Marret demeure toute l\u2019ann\u00e9e \u00e0 Fourqueux et il y <\/span><span lang=\"FR\">d\u00e9c\u00e8de, le 20 d\u00e9cembre 1857&nbsp;; il laisse cette propri\u00e9t\u00e9 \u00e0 ses descendants. Quant \u00e0 Ang\u00e9lique Besse, sa bru (l\u2019\u00e9pouse de Justin Marret) elle y meurt le 6 mai 1887. La maison est alors mise en vente, mais sans succ\u00e8s.<\/span><\/p>\n<p><span lang=\"FR\">Ernest, fils de Justin Marret, reprend la maison de Fourqueux. Son propre fils, Henri Marret, qui est de sant\u00e9 fragile, y passe sa jeunesse; et vers 1904, il installe son atelier dans une aile de la maison ancestrale, l\u00e0 o\u00f9 Victor Hugo avait pass\u00e9 l\u2019\u00e9t\u00e9 1836. <\/span><\/p>\n<p><span lang=\"FR\">Au XX<sup><span style=\"color: #000000; font-size: small;\">e<\/span><\/sup> si\u00e8cle, cette propri\u00e9t\u00e9 passe entre les mains de plusieurs propri\u00e9taires, dont Chantal Goya et, ult\u00e9rieurement, de la ville de Fourqueux qui en fait un lieu de rencontres culturelles.<\/span><\/p>\n<p><a href=\"https:\/\/lesmarret.marret.co\/wp-content\/uploads\/2017\/04\/Fourqueux-Maison-Marret-portail_wp.jpg\"><img loading=\"lazy\" decoding=\"async\" width=\"275\" height=\"259\" class=\"wp-image-5347 alignleft\" alt=\"\" src=\"https:\/\/lesmarret.marret.co\/wp-content\/uploads\/2017\/04\/Fourqueux-Maison-Marret-portail_wp.jpg\" data-wp-pid=\"5347\" srcset=\"https:\/\/lesmarret.marret.co\/wp-content\/uploads\/2017\/04\/Fourqueux-Maison-Marret-portail_wp.jpg 886w, https:\/\/lesmarret.marret.co\/wp-content\/uploads\/2017\/04\/Fourqueux-Maison-Marret-portail_wp-300x282.jpg 300w, https:\/\/lesmarret.marret.co\/wp-content\/uploads\/2017\/04\/Fourqueux-Maison-Marret-portail_wp-768x722.jpg 768w, https:\/\/lesmarret.marret.co\/wp-content\/uploads\/2017\/04\/Fourqueux-Maison-Marret-portail_wp-800x752.jpg 800w, https:\/\/lesmarret.marret.co\/wp-content\/uploads\/2017\/04\/Fourqueux-Maison-Marret-portail_wp-600x564.jpg 600w\" sizes=\"auto, (max-width: 275px) 100vw, 275px\" \/><br \/>\n<\/a><\/p>\n<\/div>\n<\/div>\n<p>&nbsp;<\/p>\n<p style=\"text-align: left;\"><span style=\"font-size: 10pt;\"><em><span style=\"font-family: georgia,palatino,serif;\"><span style=\"color: #000000;\"><br \/>\nPhoto :<\/span><span style=\"color: #000000;\">&nbsp;<br \/>\n<\/span><span style=\"color: #000000;\">site internet<br \/>\nPatrimoine et tourisme culturel en France<\/span><\/span><\/em><\/span><\/p>\n<p style=\"text-align: left;\">&nbsp;<\/p>\n<p style=\"text-align: left;\">&nbsp;<\/p>\n<div><span style=\"font-size: medium;\"><span style=\"color: #000000;\">Connue comme<\/span><span class=\"Apple-converted-space\"><span style=\"color: #000000;\">&nbsp;<\/span><\/span><em><strong>maison de notable<\/strong><\/em><span style=\"color: #000000;\">, cette maison a \u00e9t\u00e9 class\u00e9e et r\u00e9pertori\u00e9e par le Minist\u00e8re de la Culture (<\/span><a href=\"http:\/\/www.culture.gouv.fr\/documentation\/memoire\/HTML\/IVR11\/IA00052826\/index.htm\" target=\"_blank\" rel=\"noopener noreferrer\">dossier<span class=\"Apple-converted-space\"><span style=\"color: #000000;\">&nbsp;<\/span><\/span><\/a><span style=\"color: #000000;\">dans la base M\u00e9rim\u00e9e).<\/span><\/span><\/div>\n","protected":false},"excerpt":{"rendered":"<p>Pierre Marret se porte acqu\u00e9reur d\u2019une propri\u00e9t\u00e9 en d\u00e9cembre 1807, mais il n\u2019y r\u00e9side pas tout de suite en permanence&nbsp;; il n\u2019appara\u00eet donc qu\u2019en 1846 dans les recensements g\u00e9n\u00e9raux de cette commune. Peut-\u00eatre avait-il d\u00e9couvert les attraits de ce lieu &hellip; <a href=\"https:\/\/lesmarret.marret.co\/index.php\/des-lieux-de-famille\/fourqueux\/fourqueux-la-maison-de-notable\/\">Continuer la lecture <span class=\"meta-nav\">&rarr;<\/span><\/a><\/p>\n","protected":false},"author":1,"featured_media":0,"parent":5952,"menu_order":0,"comment_status":"closed","ping_status":"closed","template":"","meta":{"_monsterinsights_skip_tracking":false,"_monsterinsights_sitenote_active":false,"_monsterinsights_sitenote_note":"","_monsterinsights_sitenote_category":0,"ngg_post_thumbnail":0,"footnotes":""},"class_list":["post-5438","page","type-page","status-publish","hentry"],"aioseo_notices":[],"_links":{"self":[{"href":"https:\/\/lesmarret.marret.co\/index.php\/wp-json\/wp\/v2\/pages\/5438","targetHints":{"allow":["GET"]}}],"collection":[{"href":"https:\/\/lesmarret.marret.co\/index.php\/wp-json\/wp\/v2\/pages"}],"about":[{"href":"https:\/\/lesmarret.marret.co\/index.php\/wp-json\/wp\/v2\/types\/page"}],"author":[{"embeddable":true,"href":"https:\/\/lesmarret.marret.co\/index.php\/wp-json\/wp\/v2\/users\/1"}],"replies":[{"embeddable":true,"href":"https:\/\/lesmarret.marret.co\/index.php\/wp-json\/wp\/v2\/comments?post=5438"}],"version-history":[{"count":0,"href":"https:\/\/lesmarret.marret.co\/index.php\/wp-json\/wp\/v2\/pages\/5438\/revisions"}],"up":[{"embeddable":true,"href":"https:\/\/lesmarret.marret.co\/index.php\/wp-json\/wp\/v2\/pages\/5952"}],"wp:attachment":[{"href":"https:\/\/lesmarret.marret.co\/index.php\/wp-json\/wp\/v2\/media?parent=5438"}],"curies":[{"name":"wp","href":"https:\/\/api.w.org\/{rel}","templated":true}]}}