{"id":5965,"date":"2017-05-12T04:08:43","date_gmt":"2017-05-12T03:08:43","guid":{"rendered":"http:\/\/lesmarret.marret.co\/?page_id=5965"},"modified":"2017-05-12T15:33:29","modified_gmt":"2017-05-12T14:33:29","slug":"vever-la-bijouterie-francaise-au-xixe-siecle","status":"publish","type":"page","link":"https:\/\/lesmarret.marret.co\/index.php\/documents-et-references\/vever-la-bijouterie-francaise-au-xixe-siecle\/","title":{"rendered":"Henri Vever &#8211; La bijouterie fran\u00e7aise au XIXe si\u00e8cle"},"content":{"rendered":"<p><a href=\"https:\/\/lesmarret.marret.co\/wp-content\/uploads\/2017\/04\/Vever-Henri_wp.jpg\"><img loading=\"lazy\" decoding=\"async\" width=\"114\" height=\"178\" class=\"wp-image-5470 alignleft\" alt=\"\" src=\"https:\/\/lesmarret.marret.co\/wp-content\/uploads\/2017\/04\/Vever-Henri_wp.jpg\" data-wp-pid=\"5470\" srcset=\"https:\/\/lesmarret.marret.co\/wp-content\/uploads\/2017\/04\/Vever-Henri_wp.jpg 472w, https:\/\/lesmarret.marret.co\/wp-content\/uploads\/2017\/04\/Vever-Henri_wp-193x300.jpg 193w, https:\/\/lesmarret.marret.co\/wp-content\/uploads\/2017\/04\/Vever-Henri_wp-386x600.jpg 386w\" sizes=\"auto, (max-width: 114px) 100vw, 114px\" \/><\/a><\/p>\n<p>Henri Vever (1854 \u2013 1942), \u00e9tait un bijoutier-joaillier sp\u00e9cialiste de l\u2019art nouveau.<\/p>\n<p><a href=\"https:\/\/lesmarret.marret.co\/wp-content\/uploads\/2017\/05\/Vever-La-bijouterie-fran\u00e7aise-vol1-c0a_wp.jpg\"><img loading=\"lazy\" decoding=\"async\" width=\"218\" height=\"313\" class=\"wp-image-5970 alignright\" alt=\"\" src=\"https:\/\/lesmarret.marret.co\/wp-content\/uploads\/2017\/05\/Vever-La-bijouterie-fran\u00e7aise-vol1-c0a_wp.jpg\" data-wp-pid=\"5970\" srcset=\"https:\/\/lesmarret.marret.co\/wp-content\/uploads\/2017\/05\/Vever-La-bijouterie-fran\u00e7aise-vol1-c0a_wp.jpg 591w, https:\/\/lesmarret.marret.co\/wp-content\/uploads\/2017\/05\/Vever-La-bijouterie-fran\u00e7aise-vol1-c0a_wp-209x300.jpg 209w, https:\/\/lesmarret.marret.co\/wp-content\/uploads\/2017\/05\/Vever-La-bijouterie-fran\u00e7aise-vol1-c0a_wp-418x600.jpg 418w\" sizes=\"auto, (max-width: 218px) 100vw, 218px\" \/><\/a>Collectionneur de bijoux fran\u00e7ais, mais aussi historien, il a r\u00e9dig\u00e9<span class=\"Apple-converted-space\"><span style=\"color: #000000;\">&nbsp;<\/span><\/span><b><span style=\"color: #000000;\">La bijouterie fran\u00e7aise au XIXe si\u00e8cle (1800-1900)<\/span><\/b><span class=\"Apple-converted-space\"><span style=\"color: #000000;\">&nbsp;<\/span><\/span><span style=\"color: #000000;\">qui a \u00e9t\u00e9 publi\u00e9 par H. Floury en 1908. En trois tomes, cet ouvrage r\u00e9put\u00e9 retrace l\u2019histoire du bijou pendant cette p\u00e9riode; il \u00e9tudie l\u2019\u00e9volution de celui-ci et les modes qui ont pr\u00e9valu dans ce domaine chez les<\/span><span class=\"Apple-converted-space\"><span style=\"color: #000000;\">&nbsp;<\/span><\/span>souveraines, les actrices, les femmes c\u00e9l\u00e8bres et les bourgeoises ainsi que dans les milieux populaires.<\/p>\n<p>On trouvera ci-apr\u00e8s des extraits&nbsp;de ce livre et des photos&nbsp;touchant les diff\u00e9rents membres de la famille qui ont \u0153uvr\u00e9 dans le domaine et leurs associ\u00e9s&nbsp;: les Baugrand, Gaime, Jarry, Linzeler, Marchand, Marret\u2026<span class=\"Apple-converted-space\"><span style=\"color: #000000;\">&nbsp;On remarquera \u00e9galement, au fil de ces citations, que les \u00c9tablissements Marret ont jou\u00e9 un r\u00f4le essentiel dans la formation de nombreux artisans de la bijouterie.<\/span><\/span><\/p>\n<p style=\"text-align: center;\"><a href=\"https:\/\/lesmarret.marret.co\/wp-content\/uploads\/2017\/04\/Vever-La-bijouterie-fran\u00e7aise-vol2-c0a_wp.jpg\"><img loading=\"lazy\" decoding=\"async\" width=\"119\" height=\"171\" class=\"alignnone wp-image-5451\" alt=\"\" src=\"https:\/\/lesmarret.marret.co\/wp-content\/uploads\/2017\/04\/Vever-La-bijouterie-fran\u00e7aise-vol2-c0a_wp.jpg\" data-wp-pid=\"5451\" srcset=\"https:\/\/lesmarret.marret.co\/wp-content\/uploads\/2017\/04\/Vever-La-bijouterie-fran\u00e7aise-vol2-c0a_wp.jpg 591w, https:\/\/lesmarret.marret.co\/wp-content\/uploads\/2017\/04\/Vever-La-bijouterie-fran\u00e7aise-vol2-c0a_wp-208x300.jpg 208w, https:\/\/lesmarret.marret.co\/wp-content\/uploads\/2017\/04\/Vever-La-bijouterie-fran\u00e7aise-vol2-c0a_wp-416x600.jpg 416w\" sizes=\"auto, (max-width: 119px) 100vw, 119px\" \/><\/a>&nbsp;&nbsp;&nbsp;&nbsp;&nbsp;&nbsp; &nbsp;<a href=\"https:\/\/lesmarret.marret.co\/wp-content\/uploads\/2017\/04\/Vever-La-bijouterie-fran\u00e7aise-vol3-c0a_wp.jpg\"><img loading=\"lazy\" decoding=\"async\" width=\"121\" height=\"171\" class=\"alignnone wp-image-5452\" alt=\"\" src=\"https:\/\/lesmarret.marret.co\/wp-content\/uploads\/2017\/04\/Vever-La-bijouterie-fran\u00e7aise-vol3-c0a_wp.jpg\" data-wp-pid=\"5452\" srcset=\"https:\/\/lesmarret.marret.co\/wp-content\/uploads\/2017\/04\/Vever-La-bijouterie-fran\u00e7aise-vol3-c0a_wp.jpg 591w, https:\/\/lesmarret.marret.co\/wp-content\/uploads\/2017\/04\/Vever-La-bijouterie-fran\u00e7aise-vol3-c0a_wp-213x300.jpg 213w, https:\/\/lesmarret.marret.co\/wp-content\/uploads\/2017\/04\/Vever-La-bijouterie-fran\u00e7aise-vol3-c0a_wp-425x600.jpg 425w\" sizes=\"auto, (max-width: 121px) 100vw, 121px\" \/><\/a><\/p>\n<hr>\n<p><span style=\"margin: 0px; font-family: georgia,palatino,serif; font-size: 12pt;\"><span style=\"color: #000000;\">\u00c9douard Marchand mourut vers 1867, \u00e2g\u00e9 de 76&nbsp;ans environ. Son fils, Eug\u00e8ne Marchand, beaucoup moins connu, fut \u00e9galement bijoutier et s\u2019occupa de la succursale que la maison Marret fr\u00e8res avait install\u00e9e \u00e0 New-York.<\/span><\/span><\/p>\n<hr>\n<p><span style=\"margin: 0px; font-family: georgia,palatino,serif; font-size: 12pt;\"><span style=\"color: #000000;\">[\u2026] Marret, rue Vivienne, 16, maison importante et bien connue, qui, entre autres objets, avait envoy\u00e9 \u00e0 l&rsquo;Exposition de 1839, o\u00f9 une m\u00e9daille d&rsquo;honneur lui fut d\u00e9cern\u00e9e, un \u00ab&nbsp;magnifique diad\u00e8me ou guirlande de fleurs en brillants, servant de coiffure et se d\u00e9montant par branches \u00e0 volont\u00e9&nbsp;\u00bb.<\/span><\/span><\/p>\n<hr>\n<p><span style=\"margin: 0px; font-family: georgia,palatino,serif; font-size: 12pt;\"><span style=\"color: #000000;\"><a href=\"https:\/\/lesmarret.marret.co\/wp-content\/uploads\/2017\/04\/Vever-La-bijouterie-fran\u00e7aise-vol3-p358-1_wp.jpg\"><img loading=\"lazy\" decoding=\"async\" width=\"100\" height=\"210\" class=\"wp-image-5453 alignright\" alt=\"\" src=\"https:\/\/lesmarret.marret.co\/wp-content\/uploads\/2017\/04\/Vever-La-bijouterie-fran\u00e7aise-vol3-p358-1_wp-488x1024.jpg\" data-wp-pid=\"5453\" srcset=\"https:\/\/lesmarret.marret.co\/wp-content\/uploads\/2017\/04\/Vever-La-bijouterie-fran\u00e7aise-vol3-p358-1_wp-488x1024.jpg 488w, https:\/\/lesmarret.marret.co\/wp-content\/uploads\/2017\/04\/Vever-La-bijouterie-fran\u00e7aise-vol3-p358-1_wp-143x300.jpg 143w, https:\/\/lesmarret.marret.co\/wp-content\/uploads\/2017\/04\/Vever-La-bijouterie-fran\u00e7aise-vol3-p358-1_wp-572x1200.jpg 572w, https:\/\/lesmarret.marret.co\/wp-content\/uploads\/2017\/04\/Vever-La-bijouterie-fran\u00e7aise-vol3-p358-1_wp-286x600.jpg 286w, https:\/\/lesmarret.marret.co\/wp-content\/uploads\/2017\/04\/Vever-La-bijouterie-fran\u00e7aise-vol3-p358-1_wp.jpg 591w\" sizes=\"auto, (max-width: 100px) 100vw, 100px\" \/><\/a><\/span><\/span><\/p>\n<p><span style=\"margin: 0px; font-family: georgia,palatino,serif; font-size: 12pt;\"><span style=\"color: #000000;\">Mentionnons, parmi les exposants r\u00e9compens\u00e9s&nbsp;: [&#8230;] Marret fr\u00e8res et Jarry avaient expos\u00e9, entre autres, une belle parure de corsage rubis et brillants; [&#8230;] \u00c0 la vitrine de Marret et Baugrand, le rapporteur donne les \u00e9loges suivants&nbsp;: \u00ab&nbsp;jolie joaillerie, guirlande de bluets d\u2019un tr\u00e8s beau travail, ornement de t\u00eate, collier perles noires, rubans de bon go\u00fbt, ombrelle perles noires, travail fin, simple et tr\u00e8s \u00e9l\u00e9gant&nbsp;\u00bb.<\/span><\/span><\/p>\n<hr>\n<p><span style=\"margin: 0px; font-family: georgia,palatino,serif; font-size: 12pt;\"><span style=\"color: #000000;\">La collection Campana eut sur le bijou une influence directe et imm\u00e9diate, car \u00e0 peine avait-on pu l\u2019entrevoir en 1861, avant m\u00eame l\u2019inauguration officielle, que d\u00e9j\u00e0 les bijoutiers en subissaient le charme et cherchaient \u00e0 en tirer parti. Il suffit, pour s\u2019en convaincre, de parcourir le rapport de Fossin sur l\u2019exposition de Londres, en 1862. Il cite&nbsp;: \u00ab&nbsp;[&#8230;] Marret et Baugrand&nbsp;: diad\u00e8me en diamants d\u2019un dessin \u00e9trusque pur de lignes, joli de silhouette, l\u00e9ger d\u2019aspect, sans manquer d\u2019une certaine s\u00e9v\u00e9rit\u00e9, et qui peut servir au besoin de collier\u2026<\/span><\/span><\/p>\n<hr>\n<p><span style=\"margin: 0px; font-family: georgia,palatino,serif; font-size: 12pt;\"><span style=\"color: #000000;\">La maison prit alors une nouvelle extension, qui s\u2019augmenta encore en 1849, lorsque M. Prosper Peck (1821-1899), son beau-fr\u00e8re, ancien apprenti de Marret et Jarry, s\u2019associa avec Caillot p\u00e8re et fils, apr\u00e8s avoir \u00e9t\u00e9 quelque temps \u00e9tabli seul.<\/span><\/span><\/p>\n<hr>\n<p><span style=\"font-family: georgia,palatino,serif; font-size: 12pt;\">Gustave Baugrand (1826-1870), dont le p\u00e8re, Victor Baugrand (1803-1872), avait \u00e9t\u00e9 d\u2019abord sertisseur, puis joaillier, est une des personnalit\u00e9s qui ont le plus contribu\u00e9 \u00e0 l\u2019\u00e9volution de la bijouterie et de la joaillerie sous Napol\u00e9on&nbsp;III. D\u2019une intelligence tr\u00e8s vive et d\u2019une nature entreprenante et active, Baugrand avait un go\u00fbt tr\u00e8s raffin\u00e9 et tr\u00e8s s\u00fbr. Il \u00e9tait constamment \u00e0 la recherche de mod\u00e8les ayant un caract\u00e8re de nouveaut\u00e9. De plus, bien qu\u2019ayant lui-m\u00eame un atelier bien styl\u00e9,&nbsp; il savait s\u2019assurer la collaboration des plus habiles dessinateurs et des meilleurs fabricants. Il d\u00e9buta comme joaillier en 1852, associ\u00e9 avec Paul Marret, neveu de Charles Marret, qui avait repris en 1835 la maison Gloria, \u00e9tablie rue de la Paix depuis 1820. &nbsp;\u00c0 la suite de la mort de Charles Marret (1846), cette maison avait \u00e9t\u00e9 exploit\u00e9e, d\u2019abord par sa veuve et son neveu r\u00e9unis, puis par Paul Marret seul. Un an apr\u00e8s son association avec Baugrand, Paul Marret tomba malade au cours d\u2019un voyage d\u2019affaires \u00e0 La Havane et mourut \u00e0 New-York \u00e0 la fin de 1853. Baugrand continua \u00e0 diriger la maison de Marret et Baugrand avec la veuve de Paul Marret jusqu\u2019au moment o\u00f9, se remariant avec Victor Villain, sculpteur de talent<a name=\"_ednref1\" href=\"https:\/\/lesmarret.marret.co\/wp-admin\/post.php?post=5965&amp;action=edit#_edn1\">[i]<\/a>, elle laissa Baugrand seul propri\u00e9taire de la maison, qui lui donna \u00e0 ce moment une impulsion consid\u00e9rable.&nbsp; Fournisseur de l\u2019Empereur, il ex\u00e9cuta, pour les Tuileries et pour les personnages de la Cour, de nombreux et \u00e9l\u00e9gants bijoux. On peut dire qu\u2019il fut en quelque sorte le Boucheron de son temps. Sa mort pr\u00e9matur\u00e9e, survenue pendant le si\u00e8ge de Paris, laissa sa maison sans titulaire; elle fut rachet\u00e9e par E. Vever, ainsi que nous le verrons plus loin.<\/span><\/p>\n<p><span style=\"margin: 0px; font-family: georgia,palatino,serif; font-size: 12pt;\"><span style=\"color: #000000;\">L\u2019exposition remarquable de Baugrand en 1867 lui valut la croix de la L\u00e9gion d\u2019honneur.<\/span><\/span><\/p>\n<p style=\"padding-left: 30px;\"><span style=\"font-family: georgia,palatino,serif;\"><em><a name=\"_edn1\" href=\"https:\/\/lesmarret.marret.co\/wp-admin\/post.php?post=5965&amp;action=edit#_ednref1\">[i]<\/a> Victor Villain est l\u2019auteur d\u2019une des statues monumentales du pont des Invalides.<\/em><\/span><\/p>\n<hr>\n<p><span style=\"margin: 0px; font-family: georgia,palatino,serif; font-size: 12pt;\"><span style=\"color: #000000;\">Un \u00e9l\u00e8ve de Joseph Legrand, Victor Heng, m\u00e9rite aussi d\u2019\u00eatre cit\u00e9 comme un dessinateur remarquable, qui gravait et dessinait \u00e9galement tr\u00e8s bien. Vers 1855, Heng entra chez Marret et Jarry; mais, sur les sollicitations pressantes des principaux joailliers, il abandonna compl\u00e8tement la gravure pour se consacrer exclusivement au dessin de bijouterie.<\/span><\/span><\/p>\n<hr>\n<p><span style=\"font-family: georgia,palatino,serif;\">Nous nous excusons d\u2019avoir peut-\u00eatre donn\u00e9 un peu trop de d\u00e9veloppement \u00e0 ces consid\u00e9rations g\u00e9n\u00e9rales, et nous reprenons notre \u00e9tude sp\u00e9ciale en continuant, comme nous l\u2019avons fait jusqu\u2019ici, de passer en revue les principales maisons de bijouterie, parmi lesquelles la maison Marret a sa place tout indiqu\u00e9e. Sa r\u00e9putation datait d\u00e9j\u00e0 de loin&nbsp;: nous avons signal\u00e9 dans notre premier volume qu\u2019en 1810, B\u00e9nier et Rondelet avaient fond\u00e9, cour des Fontaines n\u00ba&nbsp;1, une fabrique de bijouterie que B\u00e9nier transf\u00e9ra, en 1822, 10 rue Vivienne. Quelques ann\u00e9es plus tard, en 1826, B\u00e9nier s\u2019associa les deux fr\u00e8res Hippolyte et Charles Marret, et la maison prit alors le nom de B\u00e9nier et Marret fr\u00e8res jusqu\u2019en 1829, \u00e9poque \u00e0 laquelle B\u00e9nier se retira compl\u00e8tement.<\/span><\/p>\n<p><a href=\"https:\/\/lesmarret.marret.co\/wp-content\/uploads\/2017\/04\/Vever-La-bijouterie-fran\u00e7aise-vol3-p359-1_wp.jpg\"><img loading=\"lazy\" decoding=\"async\" width=\"364\" height=\"332\" class=\"wp-image-5454 alignright\" alt=\"\" src=\"https:\/\/lesmarret.marret.co\/wp-content\/uploads\/2017\/04\/Vever-La-bijouterie-fran\u00e7aise-vol3-p359-1_wp.jpg\" data-wp-pid=\"5454\" srcset=\"https:\/\/lesmarret.marret.co\/wp-content\/uploads\/2017\/04\/Vever-La-bijouterie-fran\u00e7aise-vol3-p359-1_wp.jpg 591w, https:\/\/lesmarret.marret.co\/wp-content\/uploads\/2017\/04\/Vever-La-bijouterie-fran\u00e7aise-vol3-p359-1_wp-300x273.jpg 300w\" sizes=\"auto, (max-width: 364px) 100vw, 364px\" \/><\/a><span style=\"font-family: georgia,palatino,serif;\">Les deux fr\u00e8res Marret rest\u00e8rent, sous la raison sociale Marret fr\u00e8res, puis, en 1834, transport\u00e8rent leur maison dans l\u2019ancien h\u00f4tel de Colbert, au n\u00ba 16, rue Vivienne. C\u2019est alors que Charles Marret se s\u00e9para de son fr\u00e8re Hippolyte (qui continua avec B\u00e9nier comme commanditaire), pour se rendre acqu\u00e9reur de la maison Gloria, rue de la Paix, 19, qui prit le nom de son nouveau propri\u00e9taire.<\/span><\/p>\n<p><span style=\"font-family: georgia,palatino,serif;\">Un autre fr\u00e8re, Justin Marret, fabricant d\u2019ordres au Palais-Royal \u00e9tant mort en 1844, Hippolyte, tout en conservant l&rsquo;\u00e9tablissement de la rue Vivienne, racheta son fonds et,&nbsp; quelques ann\u00e9es plus tard, en 1849, s\u2019associa les fr\u00e8res Jarry (Eug\u00e8ne et Gustave), dont il avait \u00e9pous\u00e9 la s\u0153ur en 1832. La raison sociale devint alors Marret et Jarry fr\u00e8res, qui subsista jusqu\u2019en 1858<a name=\"_ednref1\" href=\"https:\/\/lesmarret.marret.co\/wp-admin\/post.php?post=5965&amp;action=edit#_edn1\">[i]<\/a>.<\/span><\/p>\n<p><span style=\"font-family: georgia,palatino,serif;\">\u00c0 la suite de la R\u00e9volution de 1848, une succursale fut fond\u00e9e \u00e0 New-York; mais apr\u00e8s des d\u00e9buts assez brillants, elle fut liquid\u00e9e au cours des ann\u00e9es 1856-1857 sans avoir eu de successeur.<\/span><\/p>\n<p><span style=\"font-family: georgia,palatino,serif;\"><a href=\"https:\/\/lesmarret.marret.co\/wp-content\/uploads\/2017\/04\/Vever-La-bijouterie-fran\u00e7aise-vol3-p361-1_wp.jpg\"><img loading=\"lazy\" decoding=\"async\" width=\"380\" height=\"674\" class=\"wp-image-5457 alignleft\" alt=\"\" src=\"https:\/\/lesmarret.marret.co\/wp-content\/uploads\/2017\/04\/Vever-La-bijouterie-fran\u00e7aise-vol3-p361-1_wp-577x1024.jpg\" data-wp-pid=\"5457\" srcset=\"https:\/\/lesmarret.marret.co\/wp-content\/uploads\/2017\/04\/Vever-La-bijouterie-fran\u00e7aise-vol3-p361-1_wp-577x1024.jpg 577w, https:\/\/lesmarret.marret.co\/wp-content\/uploads\/2017\/04\/Vever-La-bijouterie-fran\u00e7aise-vol3-p361-1_wp-169x300.jpg 169w, https:\/\/lesmarret.marret.co\/wp-content\/uploads\/2017\/04\/Vever-La-bijouterie-fran\u00e7aise-vol3-p361-1_wp-338x600.jpg 338w, https:\/\/lesmarret.marret.co\/wp-content\/uploads\/2017\/04\/Vever-La-bijouterie-fran\u00e7aise-vol3-p361-1_wp.jpg 591w\" sizes=\"auto, (max-width: 380px) 100vw, 380px\" \/><\/a>L\u2019historique de la maison Marret est assez compliqu\u00e9 et difficile \u00e0 \u00e9tablir, \u00e0 cause du grand nombre de fr\u00e8res, neveux, beaux-fr\u00e8res, qui y furent associ\u00e9s. De plus, les enfants portaient parfois les pr\u00e9noms de leur p\u00e8re ou de leur oncle, ce qui pr\u00eate \u00e0 confusion. Aussi, pour l\u2019intelligence de ces notes, il nous para\u00eet n\u00e9cessaire de donner ici, malgr\u00e9 leur aridit\u00e9, des indications g\u00e9n\u00e9alogiques pr\u00e9cises, ainsi que les raisons sociales successives de cette importante maison qui tint une si belle place dans la bijouterie et la joaillerie du XIX<sup>e<\/sup> si\u00e8cle.<\/span><\/p>\n<p><span style=\"font-family: georgia,palatino,serif;\">Le chef de la famille, on pourrait presque dire le fondateur de la dynastie, fut Pierre Marret (1764-1857). Il eut cinq enfants, dont quatre fils, qui, tous, furent orf\u00e8vres ou joailliers.<\/span><\/p>\n<p><span style=\"font-family: georgia,palatino,serif;\">1\u00b0 L\u2019a\u00een\u00e9, Auguste Marret, dirigeait une maison d\u2019orf\u00e8vrerie quai des Orf\u00e8vres; malheureusement, aucune trace n\u2019en subsiste&nbsp;: ni archives, ni tradition, ni documents, ni renseignements d\u2019aucune sorte. Nous savons seulement que Auguste Marret eut un fils unique, Paul Marret (\u2020&nbsp;1853), qui, apr\u00e8s lui avoir succ\u00e9d\u00e9 comme orf\u00e8vre d\u2019abord, entra,&nbsp; au moment du d\u00e9c\u00e8s de son oncle Charles Marret, en 1847, dans la maison que celui-ci avait reprise, en 1834, \u00e0 Gloria, rue de la Paix, 19. Il fut associ\u00e9 avec sa tante, rest\u00e9e veuve, et devint ensuite son successeur<a name=\"_ednref2\" href=\"https:\/\/lesmarret.marret.co\/wp-admin\/post.php?post=5965&amp;action=edit#_edn2\">[ii]<\/a>.<\/span><\/p>\n<p><span style=\"font-family: georgia,palatino,serif;\">2\u00b0 Justin Marret (1802-1844), qui succ\u00e9da comme bijoutier fabricant d\u2019ordres \u00e0 Peck-Olivier, 119, Palais-Royal.<\/span><\/p>\n<p><span style=\"font-family: georgia,palatino,serif;\">Il fut le p\u00e8re de MM. Ernest (n\u00e9 en 1835) et Hippolyte (1841) Marret, 2<sup>e<\/sup> du nom`<\/span><\/p>\n<ol>\n<li><span style=\"font-family: georgia,palatino,serif;\">Ernest Marret eut trois fils dont les deux propri\u00e9taires actuels de la maison&nbsp;: MM. Charles (1861) et Paul Marret (1863).<\/span><\/li>\n<\/ol>\n<p><span style=\"font-family: georgia,palatino,serif;\">3\u00b0 Ch.-Hippolyte Marret, 1<sup>er<\/sup> du nom (1804-1883), qui \u00e9pousa M<sup>lle<\/sup> Jarry en 1832.<\/span><\/p>\n<p><span style=\"font-family: georgia,palatino,serif;\">4\u00b0 Charles Marret (1807-1846), qui eut un fils bijoutier, Alfred (1836-1876). Ces deux fr\u00e8res, Hippolyte et Charles Marret, furent les associ\u00e9s et successeurs de B\u00e9nier.<\/span><\/p>\n<p><span style=\"font-family: georgia,palatino,serif;\">Par ce qui pr\u00e9c\u00e8de, on voit que de Pierre Marret sont issus tous les bijoutiers du nom de Marret. Il s\u2019en trouve dix, auxquels il convient d\u2019ajouter les deux veuves, qui exerc\u00e8rent aussi la profession; il y eut, en outre, divers associ\u00e9s.<\/span><\/p>\n<p style=\"padding-left: 30px;\"><span style=\"font-family: georgia,palatino,serif;\"><em><a name=\"_edn1\" href=\"https:\/\/lesmarret.marret.co\/wp-admin\/post.php?post=5965&amp;action=edit#_ednref1\">[i]<\/a> Il existait un Jarry a\u00een\u00e9, fabricant bijoutier, rue des Deux-Portes-Saint-Sauveur, dont la sp\u00e9cialit\u00e9 \u00e9tait les faces-\u00e0-main, les boucles de ceinture, les pommes de cannes et les articles de fumeurs genre riche et soign\u00e9. Il exposa avec succ\u00e8s en 1855 et en 1862, mais il n\u2019\u00e9tait pas alli\u00e9 aux fr\u00e8res Jarry de la maison Marret, et on l\u2019appelait parfois Jarry-Calle, du nom de son pr\u00e9d\u00e9cesseur.<\/em><\/span><\/p>\n<p style=\"padding-left: 30px;\"><span style=\"font-family: georgia,palatino,serif;\"><em><a name=\"_edn2\" href=\"https:\/\/lesmarret.marret.co\/wp-admin\/post.php?post=5965&amp;action=edit#_ednref2\">[ii]<\/a> Cette maison donna lieu plus tard \u00e0 l\u2019association Marret et Baugrand<\/em><\/span><\/p>\n<p><span style=\"font-family: georgia,palatino,serif;\"><a href=\"https:\/\/lesmarret.marret.co\/wp-content\/uploads\/2017\/04\/Vever-La-bijouterie-fran\u00e7aise-vol3-p360-1_wp.jpg\"><img loading=\"lazy\" decoding=\"async\" width=\"886\" height=\"802\" class=\"alignnone size-full wp-image-5455\" alt=\"\" src=\"https:\/\/lesmarret.marret.co\/wp-content\/uploads\/2017\/04\/Vever-La-bijouterie-fran\u00e7aise-vol3-p360-1_wp.jpg\" data-wp-pid=\"5455\" srcset=\"https:\/\/lesmarret.marret.co\/wp-content\/uploads\/2017\/04\/Vever-La-bijouterie-fran\u00e7aise-vol3-p360-1_wp.jpg 886w, https:\/\/lesmarret.marret.co\/wp-content\/uploads\/2017\/04\/Vever-La-bijouterie-fran\u00e7aise-vol3-p360-1_wp-300x272.jpg 300w, https:\/\/lesmarret.marret.co\/wp-content\/uploads\/2017\/04\/Vever-La-bijouterie-fran\u00e7aise-vol3-p360-1_wp-768x695.jpg 768w, https:\/\/lesmarret.marret.co\/wp-content\/uploads\/2017\/04\/Vever-La-bijouterie-fran\u00e7aise-vol3-p360-1_wp-800x724.jpg 800w, https:\/\/lesmarret.marret.co\/wp-content\/uploads\/2017\/04\/Vever-La-bijouterie-fran\u00e7aise-vol3-p360-1_wp-600x543.jpg 600w\" sizes=\"auto, (max-width: 886px) 100vw, 886px\" \/><\/a><\/span><\/p>\n<p><a href=\"https:\/\/lesmarret.marret.co\/wp-content\/uploads\/2017\/04\/Vever-La-bijouterie-fran\u00e7aise-vol3-p362-1_wp.jpg\"><img loading=\"lazy\" decoding=\"async\" width=\"167\" height=\"396\" class=\"wp-image-5458 alignleft\" alt=\"\" src=\"https:\/\/lesmarret.marret.co\/wp-content\/uploads\/2017\/04\/Vever-La-bijouterie-fran\u00e7aise-vol3-p362-1_wp-432x1024.jpg\" data-wp-pid=\"5458\" srcset=\"https:\/\/lesmarret.marret.co\/wp-content\/uploads\/2017\/04\/Vever-La-bijouterie-fran\u00e7aise-vol3-p362-1_wp-432x1024.jpg 432w, https:\/\/lesmarret.marret.co\/wp-content\/uploads\/2017\/04\/Vever-La-bijouterie-fran\u00e7aise-vol3-p362-1_wp-126x300.jpg 126w, https:\/\/lesmarret.marret.co\/wp-content\/uploads\/2017\/04\/Vever-La-bijouterie-fran\u00e7aise-vol3-p362-1_wp-506x1200.jpg 506w, https:\/\/lesmarret.marret.co\/wp-content\/uploads\/2017\/04\/Vever-La-bijouterie-fran\u00e7aise-vol3-p362-1_wp-253x600.jpg 253w, https:\/\/lesmarret.marret.co\/wp-content\/uploads\/2017\/04\/Vever-La-bijouterie-fran\u00e7aise-vol3-p362-1_wp.jpg 591w\" sizes=\"auto, (max-width: 167px) 100vw, 167px\" \/><\/a><span style=\"font-family: georgia,palatino,serif;\"><span style=\"margin: 0px; font-size: 12pt;\"><span style=\"color: #000000;\">Les Marret ont toujours fait de la belle joaillerie; ils ne cherchaient pas \u00e0 innover, mais s\u2019appliquaient plut\u00f4t \u00e0 suivre les go\u00fbts d\u2019une client\u00e8le s\u00e9rieuse et riche, qui n\u2019auraient pas admis qu\u2019on change\u00e2t ses habitudes. C\u2019\u00e9tait du bijou essentiellement classique et soign\u00e9. Un grand nombre d\u2019\u00e9l\u00e8ves habiles se form\u00e8rent dans leur atelier, tels que&nbsp;: Baucheron, Menu, Auger, Granjean, Hippolyte Martel, qui devinrent \u00e0 leur tour bijoutiers ou joailliers connus, et Paul Legrand, l\u2019excellent dessinateur de Boucheron, dont nous parlerons plus loin.<\/span><\/span><\/span>&nbsp;<span style=\"font-family: georgia,palatino,serif;\"><span style=\"margin: 0px; font-size: 12pt;\"><span style=\"color: #000000;\"><br \/>\n<\/span><\/span><\/span><\/p>\n<p style=\"text-align: left;\"><span style=\"font-family: georgia,palatino,serif;\"><span style=\"margin: 0px; font-size: 12pt;\"><span style=\"color: #000000;\"><a href=\"https:\/\/lesmarret.marret.co\/wp-content\/uploads\/2017\/04\/Vever-La-bijouterie-fran\u00e7aise-vol3-p362-2_wp.jpg\"><img loading=\"lazy\" decoding=\"async\" width=\"191\" height=\"400\" class=\"wp-image-5459 alignright\" alt=\"\" src=\"https:\/\/lesmarret.marret.co\/wp-content\/uploads\/2017\/04\/Vever-La-bijouterie-fran\u00e7aise-vol3-p362-2_wp-489x1024.jpg\" data-wp-pid=\"5459\" srcset=\"https:\/\/lesmarret.marret.co\/wp-content\/uploads\/2017\/04\/Vever-La-bijouterie-fran\u00e7aise-vol3-p362-2_wp-489x1024.jpg 489w, https:\/\/lesmarret.marret.co\/wp-content\/uploads\/2017\/04\/Vever-La-bijouterie-fran\u00e7aise-vol3-p362-2_wp-143x300.jpg 143w, https:\/\/lesmarret.marret.co\/wp-content\/uploads\/2017\/04\/Vever-La-bijouterie-fran\u00e7aise-vol3-p362-2_wp-573x1200.jpg 573w, https:\/\/lesmarret.marret.co\/wp-content\/uploads\/2017\/04\/Vever-La-bijouterie-fran\u00e7aise-vol3-p362-2_wp-286x600.jpg 286w, https:\/\/lesmarret.marret.co\/wp-content\/uploads\/2017\/04\/Vever-La-bijouterie-fran\u00e7aise-vol3-p362-2_wp.jpg 591w\" sizes=\"auto, (max-width: 191px) 100vw, 191px\" \/><\/a><\/span><\/span><\/span><\/p>\n<p style=\"text-align: left;\">&nbsp;<span style=\"font-family: georgia,palatino,serif;\"><span style=\"margin: 0px; font-size: 12pt;\"><span style=\"color: #000000;\">Les fr\u00e8res Marret ont su maintenir d\u2019une mani\u00e8re constante leur belle r\u00e9putation. En 1855, la maison obtenait une m\u00e9daille d\u2019honneur, la plus haute r\u00e9compense accord\u00e9e \u00e0 cette \u00e9poque. Pour des raisons particuli\u00e8res, elle ne participa pas \u00e0 l\u2019Exposition de 1867, mais en 1878 elle obtenait une m\u00e9daille d\u2019or. En 1889, M. Ernest Marret, notre aimable confr\u00e8re, qui fut pr\u00e9sident de la Chambre syndicale de la Bijouterie, de 1883 \u00e0 1887, \u00e9tait nomm\u00e9 membre du Jury des r\u00e9compenses et rapporteur de la classe, et recevait bient\u00f4t la croix de chevalier de la L\u00e9gion d\u2019honneur. Enfin, en 1900, la belle exposition de MM. Charles et Paul Marret<\/span><\/span><span style=\"margin: 0px;\"><span style=\"color: #000000;\"> leur<\/span><\/span><span style=\"margin: 0px; font-size: 12pt;\"><span style=\"color: #000000;\"> valut un des grands prix de la section.<\/span><\/span><\/span><\/p>\n<p style=\"text-align: left;\">&nbsp;<\/p>\n<p style=\"text-align: left;\"><span style=\"font-family: georgia,palatino,serif;\"><a href=\"https:\/\/lesmarret.marret.co\/wp-content\/uploads\/2017\/04\/Vever-La-bijouterie-fran\u00e7aise-vol3-p363-1_wp.jpg\"><img loading=\"lazy\" decoding=\"async\" width=\"501\" height=\"717\" class=\"wp-image-5460 aligncenter\" alt=\"\" src=\"https:\/\/lesmarret.marret.co\/wp-content\/uploads\/2017\/04\/Vever-La-bijouterie-fran\u00e7aise-vol3-p363-1_wp.jpg\" data-wp-pid=\"5460\" srcset=\"https:\/\/lesmarret.marret.co\/wp-content\/uploads\/2017\/04\/Vever-La-bijouterie-fran\u00e7aise-vol3-p363-1_wp.jpg 591w, https:\/\/lesmarret.marret.co\/wp-content\/uploads\/2017\/04\/Vever-La-bijouterie-fran\u00e7aise-vol3-p363-1_wp-210x300.jpg 210w, https:\/\/lesmarret.marret.co\/wp-content\/uploads\/2017\/04\/Vever-La-bijouterie-fran\u00e7aise-vol3-p363-1_wp-419x600.jpg 419w\" sizes=\"auto, (max-width: 501px) 100vw, 501px\" \/><\/a><\/span><\/p>\n<p style=\"text-align: left;\"><span style=\"margin: 0px; font-family: georgia,palatino,serif; font-size: 12pt;\"><span style=\"color: #000000;\"><a href=\"https:\/\/lesmarret.marret.co\/wp-content\/uploads\/2017\/04\/Vever-La-bijouterie-fran\u00e7aise-vol3-p364-1_wp.jpg\"><img loading=\"lazy\" decoding=\"async\" width=\"181\" height=\"532\" class=\"wp-image-5461 alignright\" alt=\"\" src=\"https:\/\/lesmarret.marret.co\/wp-content\/uploads\/2017\/04\/Vever-La-bijouterie-fran\u00e7aise-vol3-p364-1_wp-348x1024.jpg\" data-wp-pid=\"5461\" srcset=\"https:\/\/lesmarret.marret.co\/wp-content\/uploads\/2017\/04\/Vever-La-bijouterie-fran\u00e7aise-vol3-p364-1_wp-348x1024.jpg 348w, https:\/\/lesmarret.marret.co\/wp-content\/uploads\/2017\/04\/Vever-La-bijouterie-fran\u00e7aise-vol3-p364-1_wp-102x300.jpg 102w, https:\/\/lesmarret.marret.co\/wp-content\/uploads\/2017\/04\/Vever-La-bijouterie-fran\u00e7aise-vol3-p364-1_wp-408x1200.jpg 408w, https:\/\/lesmarret.marret.co\/wp-content\/uploads\/2017\/04\/Vever-La-bijouterie-fran\u00e7aise-vol3-p364-1_wp-543x1600.jpg 543w, https:\/\/lesmarret.marret.co\/wp-content\/uploads\/2017\/04\/Vever-La-bijouterie-fran\u00e7aise-vol3-p364-1_wp-204x600.jpg 204w, https:\/\/lesmarret.marret.co\/wp-content\/uploads\/2017\/04\/Vever-La-bijouterie-fran\u00e7aise-vol3-p364-1_wp.jpg 591w\" sizes=\"auto, (max-width: 181px) 100vw, 181px\" \/><\/a>Le rapporteur de la classe, M. Paul Soufflot, s\u2019exprime ainsi \u00e0 leur sujet&nbsp;: \u00ab&nbsp;MM. Marret fr\u00e8res ont expos\u00e9 une collection de bijoux en joaillerie, dont le jury a su appr\u00e9cier les m\u00e9rites. En 1889, l\u2019exposition de la maison Marret avait \u00e9t\u00e9 tr\u00e8s admir\u00e9e; mais, depuis cette \u00e9poque, des progr\u00e8s tr\u00e8s importants, que l\u2019Exposition actuelle a permis de constater, ont \u00e9t\u00e9 r\u00e9alis\u00e9s.<\/span><\/span><\/p>\n<p><span style=\"margin: 0px; font-family: georgia,palatino,serif; font-size: 12pt;\"><span style=\"color: #000000;\">\u00ab&nbsp;MM. Marret se sont affirm\u00e9s par d\u2019heureuses innovations comme genre et forme de bijoux; la l\u00e9g\u00e8ret\u00e9 de leurs montures, l\u2019heureuse pr\u00e9sentation des pierres au moyen de fils d\u2019acier, qui dissimulent les attaches, sont d\u2019un tr\u00e8s bon effet. Une collection de brillants de taille fantaisie, quelques colliers de perles et une s\u00e9rie de bijoux moins importants, en art moderne, cisel\u00e9s et \u00e9maill\u00e9s, ont compl\u00e9t\u00e9 cette exposition.<\/span><\/span><\/p>\n<p style=\"text-align: left;\"><span style=\"margin: 0px; font-family: 'Calibri','sans-serif'; font-size: 12pt;\"><span style=\"color: #000000;\"><span style=\"font-family: georgia,palatino,serif; font-size: 12pt;\">\u00ab&nbsp;Nous citerons aussi une tr\u00e8s belle pi\u00e8ce de corsage et de jolis colliers en brillants, qui permettent de juger de la recherche apport\u00e9e par MM. Marret dans la composition de leurs mod\u00e8les et des soins donn\u00e9s \u00e0 leur ex\u00e9cution.&nbsp;<\/span>\u00bb<\/span><\/span><\/p>\n<p><span style=\"font-family: georgia,palatino,serif;\">&nbsp;<\/span><\/p>\n<hr>\n<p><span style=\"font-family: georgia,palatino,serif;\"><a href=\"https:\/\/lesmarret.marret.co\/wp-content\/uploads\/2017\/04\/Vever-La-bijouterie-fran\u00e7aise-vol3-p440-1_wp.jpg\"><img loading=\"lazy\" decoding=\"async\" width=\"205\" height=\"501\" class=\"wp-image-5462 alignleft\" alt=\"\" src=\"https:\/\/lesmarret.marret.co\/wp-content\/uploads\/2017\/04\/Vever-La-bijouterie-fran\u00e7aise-vol3-p440-1_wp-419x1024.jpg\" data-wp-pid=\"5462\" srcset=\"https:\/\/lesmarret.marret.co\/wp-content\/uploads\/2017\/04\/Vever-La-bijouterie-fran\u00e7aise-vol3-p440-1_wp-419x1024.jpg 419w, https:\/\/lesmarret.marret.co\/wp-content\/uploads\/2017\/04\/Vever-La-bijouterie-fran\u00e7aise-vol3-p440-1_wp-123x300.jpg 123w, https:\/\/lesmarret.marret.co\/wp-content\/uploads\/2017\/04\/Vever-La-bijouterie-fran\u00e7aise-vol3-p440-1_wp-490x1200.jpg 490w, https:\/\/lesmarret.marret.co\/wp-content\/uploads\/2017\/04\/Vever-La-bijouterie-fran\u00e7aise-vol3-p440-1_wp-245x600.jpg 245w, https:\/\/lesmarret.marret.co\/wp-content\/uploads\/2017\/04\/Vever-La-bijouterie-fran\u00e7aise-vol3-p440-1_wp.jpg 591w\" sizes=\"auto, (max-width: 205px) 100vw, 205px\" \/><\/a>&nbsp;&nbsp;&nbsp;&nbsp;&nbsp;&nbsp; &nbsp;&nbsp;&nbsp;&nbsp;&nbsp; <a href=\"https:\/\/lesmarret.marret.co\/wp-content\/uploads\/2017\/04\/Vever-La-bijouterie-fran\u00e7aise-vol3-p440-2_wp.jpg\"><img loading=\"lazy\" decoding=\"async\" width=\"250\" height=\"501\" class=\"wp-image-5463 alignright\" alt=\"\" src=\"https:\/\/lesmarret.marret.co\/wp-content\/uploads\/2017\/04\/Vever-La-bijouterie-fran\u00e7aise-vol3-p440-2_wp-511x1024.jpg\" data-wp-pid=\"5463\" srcset=\"https:\/\/lesmarret.marret.co\/wp-content\/uploads\/2017\/04\/Vever-La-bijouterie-fran\u00e7aise-vol3-p440-2_wp-511x1024.jpg 511w, https:\/\/lesmarret.marret.co\/wp-content\/uploads\/2017\/04\/Vever-La-bijouterie-fran\u00e7aise-vol3-p440-2_wp-150x300.jpg 150w, https:\/\/lesmarret.marret.co\/wp-content\/uploads\/2017\/04\/Vever-La-bijouterie-fran\u00e7aise-vol3-p440-2_wp-299x600.jpg 299w, https:\/\/lesmarret.marret.co\/wp-content\/uploads\/2017\/04\/Vever-La-bijouterie-fran\u00e7aise-vol3-p440-2_wp.jpg 591w\" sizes=\"auto, (max-width: 250px) 100vw, 250px\" \/><\/a><\/span><\/p>\n<hr>\n<p><span style=\"font-family: georgia,palatino,serif;\"><span style=\"margin: 0px; font-size: 12pt;\"><span style=\"color: #000000;\">Un ami des Legrand, M. Calmus, alors employ\u00e9 chez Lapar, 2, rue de la Paix, s\u2019int\u00e9ressait au jeune Paul qu\u2019il avait vu na\u00eetre, et le fit entrer comme apprenti, en 1855, chez MM. Marret et Jarry, qui le gard\u00e8rent pendant trois ans, c\u2019est-\u00e0-dire jusqu\u2019\u00e0 la dissolution de leur soci\u00e9t\u00e9 en 1858<\/span><\/span>.<\/span><\/p>\n<hr>\n<p><span style=\"margin: 0px; font-family: georgia,palatino,serif; font-size: 12pt;\"><span style=\"color: #000000;\">Alfred Menu, n\u00e9 en 1828, entra comme apprenti chez Louis Benoist en 1840. Apr\u00e8s \u00eatre rest\u00e9 dix ans dans cet atelier, il passa huit ans chez Marret et Jarry; puis, en 1862, il fonda rue du Chaume une maison r\u00e9put\u00e9e pour son beau travail. Excellent praticien lui-m\u00eame, Menu recevait des commandes de Marret, Calmus, Baucheron, Daux et d\u2019autres maisons importantes.<\/span><\/span><\/p>\n<hr>\n<p><span style=\"font-family: georgia,palatino,serif;\"><span style=\"margin: 0px; font-family: 'Calibri','sans-serif'; font-size: 12pt; display: none;\">Louis Baucheron (1826-1905) entra en apprentissage vers 1840, chez Marret et Jarry, et ne tarda pas, sous la direction de son p\u00e8re, qui y \u00e9tait chef d\u2019atelier, \u00e0 devenir tr\u00e8s habile.<\/span><span style=\"margin: 0px; font-size: 12pt;\"><span style=\"color: #000000;\">Louis Baucheron (1826-1905) entra en apprentissage vers 1840, chez Marret et Jarry, et ne tarda pas, sous la direction de son p\u00e8re, qui y \u00e9tait chef d\u2019atelier, \u00e0 devenir tr\u00e8s habile.<\/span><\/span><\/span><\/p>\n<hr>\n<p><span style=\"font-family: georgia,palatino,serif;\">Le nom de Linzeler est estim\u00e9 depuis longtemps dans la corporation et, co\u00efncidence curieuse, il se trouva trois fr\u00e8res exer\u00e7ant la m\u00eame profession. Nous trouvons le premier ainsi d\u00e9sign\u00e9 dans l\u2019<em>Azur<\/em> de 1833. \u00ab&nbsp;Linzeler a\u00een\u00e9, rue Saint-Honor\u00e9, 396, orf\u00e8vre-joaillier-bijoutier, tient le change des monnaies&nbsp;\u00bb; le second, Charles Linzeler, rue de l\u2019Ancienne-Com\u00e9die, 5, \u00ab&nbsp;joaillier-bijoutier, tient la curiosit\u00e9&nbsp;\u00bb; enfin, le troisi\u00e8me, Eug\u00e8ne Linzeler p\u00e8re, avait fond\u00e9 en 1840, avec Laurent, rue Coq-H\u00e9ron, n\u00ba&nbsp;9, une fabrique de \u00ab&nbsp;bijoutier-garnisseur&nbsp;\u00bb (flacons, n\u00e9cessaires, etc.).<\/span><\/p>\n<p><span style=\"font-family: georgia,palatino,serif;\">Ernest Linzeler p\u00e8re (1808-1888) \u00e9tait un graveur-ciseleur, ayant travaill\u00e9 ant\u00e9rieurement chez Joseph Legrand.&nbsp; Il \u00e9tait en relation d\u2019affaires suivies avec un bijoutier nomm\u00e9 Chanrolli qui avait une petite boutique, boulevard de la Madeleine, 11. Ce dernier n\u2019ayant pas r\u00e9ussi, Eug\u00e8ne Linzeler, pour rentrer dans l\u2019argent qui lui \u00e9tait d\u00fb, reprit, en 1845, la boutique de son d\u00e9biteur et y transporta sa maison; il ne tarda pas \u00e0 lui donner plus d\u2019importance en y adjoignant aussi la bijouterie et la joaillerie. Eug\u00e8ne Linzeler p\u00e8re avait \u00e9pous\u00e9 la fille d\u2019un M. Laurent, qui n\u2019avait aucun lien de parent\u00e9 avec son ex-associ\u00e9, et qui tenait un magasin de cannes et parapluies connu sous le nom de Verdier. Tr\u00e8s fr\u00e9quent\u00e9 par les \u00e9l\u00e9gants, ce magasin, situ\u00e9 d\u2019abord 102, rue Richelieu, fut transf\u00e9r\u00e9, vers 1862, boulevard de la Madeleine, \u00e0 quelques pas de celui de Linzeler.<\/span><\/p>\n<p><span style=\"font-family: georgia,palatino,serif;\">En 1864, Eug\u00e8ne Linzeler p\u00e8re s\u2019associa ses deux fils a\u00een\u00e9s&nbsp;: Eug\u00e8ne (1834-1898) et Fr\u00e9d\u00e9ric (1836), puis, un peu plus tard, son troisi\u00e8me fils, Albert (1844-1907). Le dernier, Georges (1853), dirigea quelque temps la maison avec son fr\u00e8re a\u00een\u00e9 Eug\u00e8ne, dont il prit ensuite le fils, Ernest (1865), qui devint son associ\u00e9. Tous deux sont encore aujourd\u2019hui \u00e0 la t\u00eate de cette maison de joaillerie d\u2019une excellente r\u00e9putation.<\/span><\/p>\n<p><span style=\"font-family: georgia,palatino,serif;\">Eug\u00e8ne Linzeler p\u00e8re, ainsi du reste que tous les membres de sa famille, fut tr\u00e8s appr\u00e9ci\u00e9 de ses confr\u00e8res. Tr\u00e9sorier tr\u00e8s d\u00e9vou\u00e9 de la Chambre syndicale pendant de nombreuses ann\u00e9es, il re\u00e7ut l\u2019honorariat en 1883, au moment o\u00f9 il quitta les affaires; ses fils y remplirent aussi, \u00e0 plusieurs reprises, les fonctions de secr\u00e9taires et de membres du conseil. Fr\u00e9d\u00e9ric Linzeler, le sympathique vice-pr\u00e9sident de <em>la Fraternelle<\/em>, est le p\u00e8re de Robert Linzeler, l\u2019orf\u00e8vre \u00e9rudit, au go\u00fbt tr\u00e8s s\u00fbr, dont les productions sont appr\u00e9ci\u00e9es par une client\u00e8le d\u2019\u00e9lite.<\/span><\/p>\n<hr>\n<p style=\"text-align: center;\"><span style=\"margin: 0px; font-family: 'Calibri','sans-serif'; font-size: 12pt; font-variant: small-caps;\"><span style=\"color: #000000;\">Objets pr\u00e9sent\u00e9s par la Maison Marret fr\u00e8res \u00e0 l\u2019Exposition de 1900<\/span><\/span><\/p>\nngg_shortcode_0_placeholder\n","protected":false},"excerpt":{"rendered":"<p>Henri Vever (1854 \u2013 1942), \u00e9tait un bijoutier-joaillier sp\u00e9cialiste de l\u2019art nouveau. Collectionneur de bijoux fran\u00e7ais, mais aussi historien, il a r\u00e9dig\u00e9&nbsp;La bijouterie fran\u00e7aise au XIXe si\u00e8cle (1800-1900)&nbsp;qui a \u00e9t\u00e9 publi\u00e9 par H. Floury en 1908. En trois tomes, cet &hellip; <a href=\"https:\/\/lesmarret.marret.co\/index.php\/documents-et-references\/vever-la-bijouterie-francaise-au-xixe-siecle\/\">Continuer la lecture <span class=\"meta-nav\">&rarr;<\/span><\/a><\/p>\n","protected":false},"author":1,"featured_media":0,"parent":6054,"menu_order":0,"comment_status":"closed","ping_status":"closed","template":"","meta":{"_monsterinsights_skip_tracking":false,"_monsterinsights_sitenote_active":false,"_monsterinsights_sitenote_note":"","_monsterinsights_sitenote_category":0,"ngg_post_thumbnail":0,"footnotes":""},"class_list":["post-5965","page","type-page","status-publish","hentry"],"aioseo_notices":[],"_links":{"self":[{"href":"https:\/\/lesmarret.marret.co\/index.php\/wp-json\/wp\/v2\/pages\/5965","targetHints":{"allow":["GET"]}}],"collection":[{"href":"https:\/\/lesmarret.marret.co\/index.php\/wp-json\/wp\/v2\/pages"}],"about":[{"href":"https:\/\/lesmarret.marret.co\/index.php\/wp-json\/wp\/v2\/types\/page"}],"author":[{"embeddable":true,"href":"https:\/\/lesmarret.marret.co\/index.php\/wp-json\/wp\/v2\/users\/1"}],"replies":[{"embeddable":true,"href":"https:\/\/lesmarret.marret.co\/index.php\/wp-json\/wp\/v2\/comments?post=5965"}],"version-history":[{"count":0,"href":"https:\/\/lesmarret.marret.co\/index.php\/wp-json\/wp\/v2\/pages\/5965\/revisions"}],"up":[{"embeddable":true,"href":"https:\/\/lesmarret.marret.co\/index.php\/wp-json\/wp\/v2\/pages\/6054"}],"wp:attachment":[{"href":"https:\/\/lesmarret.marret.co\/index.php\/wp-json\/wp\/v2\/media?parent=5965"}],"curies":[{"name":"wp","href":"https:\/\/api.w.org\/{rel}","templated":true}]}}