{"id":6207,"date":"2017-05-19T03:23:02","date_gmt":"2017-05-19T02:23:02","guid":{"rendered":"http:\/\/lesmarret.marret.co\/?page_id=6207"},"modified":"2017-12-02T17:15:10","modified_gmt":"2017-12-02T16:15:10","slug":"saint-germain-lembron-buffevent","status":"publish","type":"page","link":"https:\/\/lesmarret.marret.co\/index.php\/des-lieux-de-famille\/saint-germain-lembron-buffevent\/","title":{"rendered":"Saint-Germain-Lembron &#8211; Buffevent"},"content":{"rendered":"<p><span style=\"margin: 0px; line-height: 115%; font-family: 'Georgia','serif'; font-size: 12pt;\"><span style=\"color: #000000;\">\u00c0 l\u2019instar de plusieurs membres de la famille, Alfred Marret (1836-1876) a travaill\u00e9 comme bijoutier-joaillier et il l\u2019a fait jusqu\u2019en 1872, au sein de la maison Marret, Jarry fr\u00e8res et Marret neveux. <\/span><\/span><\/p>\n<p><a href=\"https:\/\/lesmarret.marret.co\/wp-content\/uploads\/2017\/05\/Buffevent-St-Germain-Lembron-03a_wp.jpg\"><img loading=\"lazy\" decoding=\"async\" width=\"320\" height=\"207\" class=\"wp-image-6192 alignright\" alt=\"\" src=\"https:\/\/lesmarret.marret.co\/wp-content\/uploads\/2017\/05\/Buffevent-St-Germain-Lembron-03a_wp.jpg\" data-wp-pid=\"6192\" srcset=\"https:\/\/lesmarret.marret.co\/wp-content\/uploads\/2017\/05\/Buffevent-St-Germain-Lembron-03a_wp.jpg 886w, https:\/\/lesmarret.marret.co\/wp-content\/uploads\/2017\/05\/Buffevent-St-Germain-Lembron-03a_wp-300x194.jpg 300w, https:\/\/lesmarret.marret.co\/wp-content\/uploads\/2017\/05\/Buffevent-St-Germain-Lembron-03a_wp-768x497.jpg 768w, https:\/\/lesmarret.marret.co\/wp-content\/uploads\/2017\/05\/Buffevent-St-Germain-Lembron-03a_wp-800x517.jpg 800w, https:\/\/lesmarret.marret.co\/wp-content\/uploads\/2017\/05\/Buffevent-St-Germain-Lembron-03a_wp-600x388.jpg 600w\" sizes=\"auto, (max-width: 320px) 100vw, 320px\" \/><\/a><\/p>\n<div class=\"wp-caption-dd\"><span style=\"margin: 0px; line-height: 115%; font-family: 'Georgia','serif'; font-size: 12pt;\"><span style=\"color: #000000;\">Abandonnant ses activit\u00e9s professionnelles et sa vie parisienne, Alfred Marret a acquis une propri\u00e9t\u00e9 agricole en Auvergne, \u00e0 Saint-Germain-Lembron (Puy-de-D\u00f4me), \u00e0 proximit\u00e9 de la famille de sa femme, Marie Pinatelle (originaire d&rsquo;Issoire); il a d\u00e9velopp\u00e9 et exploit\u00e9 Buffevent jusqu\u2019\u00e0 la fin de sa vie.<\/span><\/span><\/div>\n<p><span style=\"margin: 0px; line-height: 115%; font-family: 'Georgia','serif'; font-size: 12pt;\"><span style=\"color: #000000;\">Sa fille Marie Marret (1872-1939), \u00e9pouse de Xavier Lauras, y a habit\u00e9 et l\u2019a transmis \u00e0 ses descendants. Buffevent demeure encore dans la famille\u2026<\/span><\/span><\/p>\n<div class=\"wp-caption-dd\" style=\"text-align: center;\"><a href=\"https:\/\/lesmarret.marret.co\/wp-content\/uploads\/2017\/05\/Buffevent-St-Germain-Lembron-02a_wp.jpg\"><img loading=\"lazy\" decoding=\"async\" width=\"316\" height=\"203\" class=\" wp-image-6191\" alt=\"\" src=\"https:\/\/lesmarret.marret.co\/wp-content\/uploads\/2017\/05\/Buffevent-St-Germain-Lembron-02a_wp.jpg\" data-wp-pid=\"6191\" srcset=\"https:\/\/lesmarret.marret.co\/wp-content\/uploads\/2017\/05\/Buffevent-St-Germain-Lembron-02a_wp.jpg 886w, https:\/\/lesmarret.marret.co\/wp-content\/uploads\/2017\/05\/Buffevent-St-Germain-Lembron-02a_wp-300x193.jpg 300w, https:\/\/lesmarret.marret.co\/wp-content\/uploads\/2017\/05\/Buffevent-St-Germain-Lembron-02a_wp-768x493.jpg 768w, https:\/\/lesmarret.marret.co\/wp-content\/uploads\/2017\/05\/Buffevent-St-Germain-Lembron-02a_wp-800x514.jpg 800w, https:\/\/lesmarret.marret.co\/wp-content\/uploads\/2017\/05\/Buffevent-St-Germain-Lembron-02a_wp-600x385.jpg 600w\" sizes=\"auto, (max-width: 316px) 100vw, 316px\" \/><\/a><a href=\"https:\/\/lesmarret.marret.co\/wp-content\/uploads\/2017\/05\/Buffevent-St-Germain-Lembron-01a_wp.jpg\">&nbsp; <img loading=\"lazy\" decoding=\"async\" width=\"315\" height=\"204\" class=\" wp-image-6190\" alt=\"\" src=\"https:\/\/lesmarret.marret.co\/wp-content\/uploads\/2017\/05\/Buffevent-St-Germain-Lembron-01a_wp.jpg\" data-wp-pid=\"6190\" srcset=\"https:\/\/lesmarret.marret.co\/wp-content\/uploads\/2017\/05\/Buffevent-St-Germain-Lembron-01a_wp.jpg 886w, https:\/\/lesmarret.marret.co\/wp-content\/uploads\/2017\/05\/Buffevent-St-Germain-Lembron-01a_wp-300x194.jpg 300w, https:\/\/lesmarret.marret.co\/wp-content\/uploads\/2017\/05\/Buffevent-St-Germain-Lembron-01a_wp-768x498.jpg 768w, https:\/\/lesmarret.marret.co\/wp-content\/uploads\/2017\/05\/Buffevent-St-Germain-Lembron-01a_wp-800x518.jpg 800w, https:\/\/lesmarret.marret.co\/wp-content\/uploads\/2017\/05\/Buffevent-St-Germain-Lembron-01a_wp-600x389.jpg 600w\" sizes=\"auto, (max-width: 315px) 100vw, 315px\" \/><\/a>&nbsp;<\/div>\n<div><a href=\"https:\/\/lesmarret.marret.co\/wp-content\/uploads\/2017\/12\/Buffevent-St-Germain-Lembron-04_wp.jpg\"><img loading=\"lazy\" decoding=\"async\" width=\"316\" height=\"201\" class=\"wp-image-7438 aligncenter\" alt=\"\" src=\"https:\/\/lesmarret.marret.co\/wp-content\/uploads\/2017\/12\/Buffevent-St-Germain-Lembron-04_wp.jpg\" data-wp-pid=\"7438\" srcset=\"https:\/\/lesmarret.marret.co\/wp-content\/uploads\/2017\/12\/Buffevent-St-Germain-Lembron-04_wp.jpg 886w, https:\/\/lesmarret.marret.co\/wp-content\/uploads\/2017\/12\/Buffevent-St-Germain-Lembron-04_wp-300x191.jpg 300w, https:\/\/lesmarret.marret.co\/wp-content\/uploads\/2017\/12\/Buffevent-St-Germain-Lembron-04_wp-768x488.jpg 768w, https:\/\/lesmarret.marret.co\/wp-content\/uploads\/2017\/12\/Buffevent-St-Germain-Lembron-04_wp-800x508.jpg 800w, https:\/\/lesmarret.marret.co\/wp-content\/uploads\/2017\/12\/Buffevent-St-Germain-Lembron-04_wp-600x381.jpg 600w\" sizes=\"auto, (max-width: 316px) 100vw, 316px\" \/><\/a><\/div>\n<div class=\"wp-caption-dd\" style=\"text-align: center;\">~~~~~~~<\/div>\n<div class=\"wp-caption-dd\">&nbsp;<\/div>\n<div class=\"wp-caption-dd\" style=\"text-align: center;\"><span style=\"font-size: 12pt;\">\u00c9crivant \u00e0 son oncle, Alfred Marret d\u00e9crit Buffevent&#8230;<\/span><\/div>\n<div class=\"wp-caption-dd\" style=\"padding-left: 60px;\">\n<hr>\n<p><span style=\"font-size: 12pt;\"><em>Copie de la lettre \u00e9crite en 1873 de votre grand-p\u00e8re Alfred Marret<a name=\"_ednref1\" href=\"#_edn1\"><strong>[1]<\/strong><\/a><br \/>\n\u00e0 son oncle Marret<a name=\"_ednref2\" href=\"#_edn2\"><strong>[2]<\/strong><\/a> de Bessous lui parlant de l\u2019achat de Buffevent.<br \/>\nJe l\u2019ai recopi\u00e9 pour en faciliter la lecture. <\/em>M.L.L.<a name=\"_ednref3\" href=\"#_edn3\">[3]<\/a><\/span><\/p>\n<p style=\"text-align: center;\">_____<\/p>\n<\/div>\n<div class=\"wp-caption-dd\">\n<blockquote><p>Mon cher oncle,<\/p>\n<p>Je m\u2019empresse de r\u00e9pondre \u00e0 ta derni\u00e8re lettre et suis heureux de te donner sur Buffevent les d\u00e9tails que tu me demandes. Je te remercie de l\u2019int\u00e9r\u00eat que tu veux bien y porter.<\/p>\n<p>Ce sont les circonstances avantageuses qui m\u2019ont d\u00e9cid\u00e9 \u00e0 en faire l\u2019acquisition, car quoique le pays soit fort beau, j\u2019avais r\u00eav\u00e9 m\u2019\u00e9loigner moins de Paris. Cependant, la proximit\u00e9 de la famille de ma femme, de bonnes relations \u00e9tablies depuis mon mariage, la sympathie qu\u2019on a bien voulu me t\u00e9moigner dans le pays m\u2019ont d\u00e9termin\u00e9 \u00e0 profiter d\u2019une bonne occasion dans un pays o\u00f9 je n\u2019\u00e9tais pas \u00e9tranger. De plus j\u2019y trouvais une vie large sans grands frais ce qui est \u00e0 consid\u00e9rer avec une famille nombreuse.<\/p><\/blockquote>\n<div id=\"attachment_6203\" style=\"width: 260px\" class=\"wp-caption alignright\"><a href=\"https:\/\/lesmarret.marret.co\/wp-content\/uploads\/2017\/05\/Alfred-Marret-DM019aa_wp.jpg\"><img loading=\"lazy\" decoding=\"async\" aria-describedby=\"caption-attachment-6203\" width=\"250\" height=\"377\" class=\" wp-image-6203\" alt=\"\" src=\"https:\/\/lesmarret.marret.co\/wp-content\/uploads\/2017\/05\/Alfred-Marret-DM019aa_wp.jpg\" data-wp-pid=\"6203\" srcset=\"https:\/\/lesmarret.marret.co\/wp-content\/uploads\/2017\/05\/Alfred-Marret-DM019aa_wp.jpg 588w, https:\/\/lesmarret.marret.co\/wp-content\/uploads\/2017\/05\/Alfred-Marret-DM019aa_wp-199x300.jpg 199w, https:\/\/lesmarret.marret.co\/wp-content\/uploads\/2017\/05\/Alfred-Marret-DM019aa_wp-398x600.jpg 398w\" sizes=\"auto, (max-width: 250px) 100vw, 250px\" \/><\/a><p id=\"caption-attachment-6203\" class=\"wp-caption-text\">Alfred Marret<\/p><\/div>\n<blockquote><p>La propri\u00e9t\u00e9 \u00e9tait toute faite, avec habitation convenable m\u00eame confortable, toute meubl\u00e9e, tout agenc\u00e9e, m\u00eame approvisionn\u00e9e, ce qui est rare. Buffevent appartenait \u00e0 Mr&nbsp;Jablon de la Salle, homme intelligent, instruit, travailleur qui l\u2019a cr\u00e9\u00e9, organis\u00e9, qui y a consacr\u00e9 pendant 50&nbsp;ans son activit\u00e9 et son intelligence. Tr\u00e8s soigneux, il a tout fait avec un entendement rare, des terres m\u00e9diocres d\u2019abord et d\u2019un produit insignifiant tout devenu entre ses mains terrain de 1<sup>er<\/sup> choix.<\/p>\n<p>Il avait fini par obtenir un revenu consid\u00e9rable au point d\u2019y faire une fortune. Malheureusement dans les derni\u00e8res ann\u00e9es de son existence, d\u00e9courag\u00e9 par la mani\u00e8re d\u2019\u00eatre de son petit-fils, un viveur antipathique \u00e0 la vie des champs, sentant qu\u2019apr\u00e8s lui sa propri\u00e9t\u00e9 passerait entre des mains \u00e9trang\u00e8res, affaibli aussi par le grand \u00e2ge (il est mort \u00e0 85&nbsp;ans), il avait beaucoup n\u00e9glig\u00e9 le travail des vignes et le produit en vins avait diminu\u00e9 sensiblement; plusieurs ann\u00e9es de gel\u00e9es successives ont achev\u00e9 de nuire \u00e0 une partie du vignoble, mais tout cela est rem\u00e9diable.<\/p>\n<p>C\u2019est \u00e0 moi aujourd\u2019hui, par des soins et du travail, en arrachant, replantant, etc. de relever ce qui avait d\u00e9clin\u00e9 et de reconqu\u00e9rir en quelques ann\u00e9es le revenu que la propri\u00e9t\u00e9 n\u2019aurait pas d\u00fb cesser d\u2019avoir. En somme j\u2019ai saisi pour acheter la propri\u00e9t\u00e9 le moment propice et profit\u00e9 d\u2019une occasion exceptionnelle en traitant avant que beaucoup de personnes qui convoitaient la propri\u00e9t\u00e9 fussent averties qu\u2019elle \u00e9tait \u00e0 vendre.<\/p>\n<div id=\"attachment_6205\" style=\"width: 260px\" class=\"wp-caption alignleft\"><a href=\"https:\/\/lesmarret.marret.co\/wp-content\/uploads\/2017\/05\/Marie-Pinatelle-DM018aa_wp.jpg\"><img loading=\"lazy\" decoding=\"async\" aria-describedby=\"caption-attachment-6205\" width=\"250\" height=\"385\" class=\" wp-image-6205\" alt=\"\" src=\"https:\/\/lesmarret.marret.co\/wp-content\/uploads\/2017\/05\/Marie-Pinatelle-DM018aa_wp.jpg\" data-wp-pid=\"6205\" srcset=\"https:\/\/lesmarret.marret.co\/wp-content\/uploads\/2017\/05\/Marie-Pinatelle-DM018aa_wp.jpg 576w, https:\/\/lesmarret.marret.co\/wp-content\/uploads\/2017\/05\/Marie-Pinatelle-DM018aa_wp-195x300.jpg 195w, https:\/\/lesmarret.marret.co\/wp-content\/uploads\/2017\/05\/Marie-Pinatelle-DM018aa_wp-390x600.jpg 390w\" sizes=\"auto, (max-width: 250px) 100vw, 250px\" \/><\/a><p id=\"caption-attachment-6205\" class=\"wp-caption-text\">Marie Pinatelle<\/p><\/div>\n<p>La propri\u00e9t\u00e9 est tr\u00e8s bien situ\u00e9e dans un pays riche, perc\u00e9 dans tous les sens de belles routes \u00e0 proximit\u00e9 d\u2019une gare de chemin de fer, \u00e0 distance d\u2019une petite ville o\u00f9 les approvisionnements sont faciles, \u00e0 une demi-heure d\u2019Issoire en chemin de fer, une heure en voiture. J\u2019ai achet\u00e9 tout d\u2019un bloc \u00e0 peu de chose pr\u00e8s, au prix des terres, habitations, b\u00e2timents d\u2019exploitation, mobilier de ferme, vases en bon \u00e9tat, cheptel (16&nbsp;b\u00eates \u00e0 cornes) et l\u2019habitation comprise, et assez compl\u00e8te pour n\u2019avoir rien \u00e0 apporter que sa malle, mobilier de cave splendidement organis\u00e9, cuvage, pressoir, etc. La propri\u00e9t\u00e9 me revient aujourd\u2019hui y compris les frais d\u2019acquisition et les d\u00e9penses n\u00e9cessaires pressantes, mais profitant \u00e0 l\u2019am\u00e9lioration g\u00e9n\u00e9rale et donnant une plus-value r\u00e9elle \u00e0 310&nbsp;000&nbsp;francs.<\/p>\n<p>Son \u00e9tendue est de 60&nbsp;hectares, 28 en vignes, le reste en champs, prairies artificielles selon les assolements. Les terres sont de premi\u00e8re qualit\u00e9, d\u2019un seul tenant, travers\u00e9es par des chemins d\u2019exploitation, drain\u00e9es partout, de belles eaux viennent par des conduites bien am\u00e9nag\u00e9es devant la maison d\u2019habitation et sont distribu\u00e9es partout par des robinets, le trop-plein joint \u00e0 l\u2019eau des drains forme une belle pi\u00e8ce d\u2019eau qui borde le jardin.<\/p>\n<p>J\u2019ai \u00e9t\u00e9 assez heureux pour pouvoir conserver d\u2019anciens serviteurs depuis 3&nbsp;ans dans la maison, le mari et la femme. Le mari me sert de r\u00e9gisseur, de cocher, etc., etc. je l\u2019emploie \u00e0 tout; la femme est cuisini\u00e8re et tr\u00e8s entendue pour l\u2019administration du personnel. Le mode d\u2019exploitation demande beaucoup de surveillance et de travail, car je fais valoir par domestiques.<\/p>\n<p>Cependant une partie des vignes est donn\u00e9e \u00e0 moiti\u00e9 \u00e0 des colons pour 39&nbsp;ans qui fournissent la plantation, une moiti\u00e9 des \u00e9chalas font la r\u00e9colte qui est ensuite partag\u00e9e sans frais d\u2019aucune sorte, une autre partie est donn\u00e9e apr\u00e8s fait \u00e0 des vignerons qui sont tenus \u00e0 un certain nombre de labeurs, le propri\u00e9taire n\u2019a qu\u2019\u00e0 surveiller et r\u00e9colter. Quant aux terres et \u00e0 d\u2019autres vignes en dehors de celles dont je viens de te parler, elles sont travaill\u00e9es par le personnel&nbsp;: 3&nbsp;paires de b\u0153ufs suffisent pour les labours et les charrois. La r\u00e9colte en grains de cette ann\u00e9e a \u00e9t\u00e9 de 225&nbsp;setiers (de 8&nbsp;doubles d\u00e9calitres). Je dois arriver \u00e0 faire au bas mot une moyenne de 4&nbsp;000 \u00e0 5&nbsp;000 pots de vin (le pot est de 15&nbsp;litres et se vend de 4 \u00e0 6&nbsp;francs).<\/p>\n<p>Les frais sont de onze \u00e0 douze mille francs. Je puis compter dans un temps rapproch\u00e9 sur un revenu net de 5&nbsp;% de mon capital. Je ne compte pas les mille petits produits qui permettent tout en vivant bien de moins d\u00e9penser; et il est permis d\u2019esp\u00e9rer de meilleurs r\u00e9sultats; pour cela il faut du travail et des soins. J\u2019ai pris \u00e0 c\u0153ur de mener \u00e0 bien mon entreprise, il y a des \u00e9l\u00e9ments exceptionnels et des ant\u00e9c\u00e9dents qui indiquent ce qu\u2019on peut obtenir, avec une bonne administration et des soins bien entendus, aussi je m\u2019adonne avec courage et bon espoir.<\/p>\n<p>Je comprends l\u2019ennui que tu dois \u00e9prouver \u00e0 Bessous. J\u2019\u00e9prouve par moi-m\u00eame combien on s\u2019attache \u00e0 ce qu\u2019on a cr\u00e9\u00e9, organis\u00e9; le peu que j\u2019ai fait jusqu\u2019\u00e0 pr\u00e9sent m\u2019en donne une id\u00e9e. Je comprends aussi combien il est difficile de trouver une personne qui puisse avoir assez d\u2019initiative pour diriger une aussi grande affaire. Il est f\u00e2cheux que tu n\u2019aies pu mettre de longtemps la main sur un bon r\u00e9gisseur. Tu devrais \u00eatre aujourd\u2019hui d\u00e9dommag\u00e9 bien largement des sacrifices que tu as faits. Il faut esp\u00e9rer que la personne que tu as vue pourra enfin faire ton affaire compl\u00e8tement, pour faire ce que l\u2019on ferait soi-m\u00eame, quand je vois le travail que m\u2019occasionne ma petite exploitation, je juge de la difficult\u00e9 \u00e0 trouver un homme pour la tienne.<\/p>\n<p>Nos pays ne pourraient pas fournir l\u2019homme d\u2019une grande exploitation comme la tienne; ils sont intelligents et travailleurs, mais routiniers. Ils finissent par adopter les am\u00e9liorations, mais seulement apr\u00e8s beaucoup de preuves de leur valeur. Du reste, les grandes exploitations sont rares, les grandes propri\u00e9t\u00e9s sont divis\u00e9es en domaines cultiv\u00e9s par des m\u00e9tayers.<\/p>\n<p>Le genre d\u2019existence ici me pla\u00eet beaucoup. Je me fais tr\u00e8s bien \u00e0 mon nouvel \u00e9tat. Le livre en main, je me mets tr\u00e8s bien \u00e0 faire de la culture et je t\u00e2che en observant d\u2019acqu\u00e9rir l\u2019exp\u00e9rience qui me manque. J\u2019ai de bons voisins, bien \u00e0 m\u00eame de me renseigner et que je consulte souvent. Enfin je ne suis d\u00e9j\u00e0 plus aussi ignorant en mati\u00e8re agricole, mais j\u2019ai encore beaucoup \u00e0 apprendre. Le vif d\u00e9sir fera que je serai bient\u00f4t au fait et \u00e0 m\u00eame de faire bien. J\u2019y prends peine, on me reproche m\u00eame de me rendre trop esclave de mon affaire, mais je poursuis mon but; il faut que je fasse rendre \u00e0 la propri\u00e9t\u00e9 tout le revenu qu\u2019elle doit rendre quand, dans quelques ann\u00e9es, j\u2019aurai tout plac\u00e9 sur un bon pied, que le rendement sera arriv\u00e9 au taux qu\u2019il doit avoir; alors, sans l\u2019abandonner compl\u00e8tement, je pourrai ou affermer en partie, ou faire valoir par m\u00e9tayer.<\/p>\n<p>Pour cela, il faut arracher les mauvaises vignes, en replanter et attendre qu\u2019elles soient en \u00e9tat de produire, faire travailler avec soin toutes celles qui peuvent \u00eatre relev\u00e9es. Mes enfants, les a\u00een\u00e9s au moins, seront d\u2019\u00e2ge \u00e0 n\u00e9cessiter un peu plus ma pr\u00e9sence \u00e0 Paris. Je pourrai me consacrer un peu plus \u00e0 eux. Pour le moment, je fais de Buffevent mon s\u00e9jour principal. Je suis en pourparlers pour sous-louer mon appartement \u00e0 Paris o\u00f9 je ne garderai plus qu\u2019un pied-\u00e0-terre.<\/p>\n<p>Nous avons pris pour nos enfants les 2 a\u00een\u00e9s, Charles qui va avoir 10 ans, Henri qui en a 7\u00bd, un abb\u00e9 pour pr\u00e9cepteur qui ne les quitte pas et leur fait suivre des classes r\u00e9guli\u00e8res. Pour les stimuler, nous les faisons concourir avec les enfants de leurs classes dans un \u00e9tablissement, o\u00f9, jusqu\u2019\u00e0 pr\u00e9sent, nous sommes satisfaits des r\u00e9sultats. Nous voudrions encore attendre un peu pour les caser au coll\u00e8ge et ne les y mettre qu\u2019avec un bon rang dans la classe o\u00f9 ils entreront. Nous y r\u00e9ussirons, je l\u2019esp\u00e8re. Nous en tirons au moins l\u2019avantage de leur faire profiter du bon air. Jusqu\u2019\u00e0 pr\u00e9sent, nous avons beaucoup de satisfaction de nos enfants. Leur sant\u00e9 est excellente, leur intelligence et leur bon caract\u00e8re nous font esp\u00e9rer beaucoup d\u2019eux.<\/p>\n<p>J\u2019aurais \u00e9t\u00e9 heureux, mon cher oncle, de pouvoir profiter de tes conseils.<\/p>\n<p style=\"padding-left: 150px;\">Alfred Marret<\/p>\n<\/blockquote>\n<hr>\n<p><a name=\"_edn1\" href=\"#_ednref1\">[1]<\/a> Alfred Marret 1835-1876<\/p>\n<p><a name=\"_edn2\" href=\"#_ednref2\">[2]<\/a> Hippolyte Marret 1804-1883<\/p>\n<p><a name=\"_edn3\" href=\"#_ednref3\">[3]<\/a> Probablement Marie-Louise Lauras (1895-1986), elle-m\u00eame petite-fille d\u2019Alfred Marret.<\/p>\n<\/div>\n","protected":false},"excerpt":{"rendered":"<p>\u00c0 l\u2019instar de plusieurs membres de la famille, Alfred Marret (1836-1876) a travaill\u00e9 comme bijoutier-joaillier et il l\u2019a fait jusqu\u2019en 1872, au sein de la maison Marret, Jarry fr\u00e8res et Marret neveux. Abandonnant ses activit\u00e9s professionnelles et sa vie parisienne, &hellip; <a href=\"https:\/\/lesmarret.marret.co\/index.php\/des-lieux-de-famille\/saint-germain-lembron-buffevent\/\">Continuer la lecture <span class=\"meta-nav\">&rarr;<\/span><\/a><\/p>\n","protected":false},"author":1,"featured_media":0,"parent":5382,"menu_order":0,"comment_status":"closed","ping_status":"closed","template":"","meta":{"_monsterinsights_skip_tracking":false,"_monsterinsights_sitenote_active":false,"_monsterinsights_sitenote_note":"","_monsterinsights_sitenote_category":0,"ngg_post_thumbnail":0,"footnotes":""},"class_list":["post-6207","page","type-page","status-publish","hentry"],"aioseo_notices":[],"_links":{"self":[{"href":"https:\/\/lesmarret.marret.co\/index.php\/wp-json\/wp\/v2\/pages\/6207","targetHints":{"allow":["GET"]}}],"collection":[{"href":"https:\/\/lesmarret.marret.co\/index.php\/wp-json\/wp\/v2\/pages"}],"about":[{"href":"https:\/\/lesmarret.marret.co\/index.php\/wp-json\/wp\/v2\/types\/page"}],"author":[{"embeddable":true,"href":"https:\/\/lesmarret.marret.co\/index.php\/wp-json\/wp\/v2\/users\/1"}],"replies":[{"embeddable":true,"href":"https:\/\/lesmarret.marret.co\/index.php\/wp-json\/wp\/v2\/comments?post=6207"}],"version-history":[{"count":2,"href":"https:\/\/lesmarret.marret.co\/index.php\/wp-json\/wp\/v2\/pages\/6207\/revisions"}],"predecessor-version":[{"id":7440,"href":"https:\/\/lesmarret.marret.co\/index.php\/wp-json\/wp\/v2\/pages\/6207\/revisions\/7440"}],"up":[{"embeddable":true,"href":"https:\/\/lesmarret.marret.co\/index.php\/wp-json\/wp\/v2\/pages\/5382"}],"wp:attachment":[{"href":"https:\/\/lesmarret.marret.co\/index.php\/wp-json\/wp\/v2\/media?parent=6207"}],"curies":[{"name":"wp","href":"https:\/\/api.w.org\/{rel}","templated":true}]}}