{"id":6268,"date":"2017-05-21T04:10:34","date_gmt":"2017-05-21T03:10:34","guid":{"rendered":"http:\/\/lesmarret.marret.co\/?page_id=6268"},"modified":"2017-06-28T23:23:35","modified_gmt":"2017-06-28T22:23:35","slug":"__trashed-4","status":"publish","type":"page","link":"https:\/\/lesmarret.marret.co\/index.php\/des-lieux-de-famille\/__trashed-4\/","title":{"rendered":"Le Chalard &#8211; Bessous et Masvieux"},"content":{"rendered":"<p><a href=\"https:\/\/lesmarret.marret.co\/wp-content\/uploads\/2017\/05\/Hippolyte-Marret-DM006b_wp.jpg\"><img loading=\"lazy\" decoding=\"async\" width=\"203\" height=\"235\" class=\"wp-image-6272 alignleft\" alt=\"\" src=\"https:\/\/lesmarret.marret.co\/wp-content\/uploads\/2017\/05\/Hippolyte-Marret-DM006b_wp.jpg\" data-wp-pid=\"6272\" srcset=\"https:\/\/lesmarret.marret.co\/wp-content\/uploads\/2017\/05\/Hippolyte-Marret-DM006b_wp.jpg 306w, https:\/\/lesmarret.marret.co\/wp-content\/uploads\/2017\/05\/Hippolyte-Marret-DM006b_wp-259x300.jpg 259w\" sizes=\"auto, (max-width: 203px) 100vw, 203px\" \/><\/a>Fondateur de la maison <a href=\"https:\/\/lesmarret.marret.co\/index.php\/les-marret-bijoutiers\/marret-freres\/\"><em>Marret et Fr\u00e8res<\/em><\/a> avec son fr\u00e8re <a href=\"https:\/\/lesmarret.marret.co\/index.php\/pierre-marret-lancetre\/pierre-marret-sa-famille\/charles-marret-1807-1846\/\">Charles Marret<\/a> (1807-1846), <a href=\"https:\/\/lesmarret.marret.co\/index.php\/pierre-marret-lancetre\/pierre-marret-sa-famille\/hippolyte-marret-1804-1853\/\">Hippolyte Marret<\/a> (1804-1883) \u0153uvra dans le domaine de la bijouterie jusqu\u2019en 1872.<\/p>\n<p><a href=\"https:\/\/lesmarret.marret.co\/wp-content\/uploads\/2017\/05\/Panneaux-2011-08_021_wp.jpg\"><img loading=\"lazy\" decoding=\"async\" width=\"207\" height=\"62\" class=\"wp-image-6262 alignright\" alt=\"\" src=\"https:\/\/lesmarret.marret.co\/wp-content\/uploads\/2017\/05\/Panneaux-2011-08_021_wp.jpg\" data-wp-pid=\"6262\" srcset=\"https:\/\/lesmarret.marret.co\/wp-content\/uploads\/2017\/05\/Panneaux-2011-08_021_wp.jpg 886w, https:\/\/lesmarret.marret.co\/wp-content\/uploads\/2017\/05\/Panneaux-2011-08_021_wp-300x90.jpg 300w, https:\/\/lesmarret.marret.co\/wp-content\/uploads\/2017\/05\/Panneaux-2011-08_021_wp-768x231.jpg 768w, https:\/\/lesmarret.marret.co\/wp-content\/uploads\/2017\/05\/Panneaux-2011-08_021_wp-800x240.jpg 800w, https:\/\/lesmarret.marret.co\/wp-content\/uploads\/2017\/05\/Panneaux-2011-08_021_wp-600x180.jpg 600w\" sizes=\"auto, (max-width: 207px) 100vw, 207px\" \/><\/a>Mais d\u00e8s 1845, il ach\u00e8te, conjointement avec son fr\u00e8re, Charles Marret et avec Pierre-Joseph Guillemot, une propri\u00e9t\u00e9 dans le Limousin \u2013 appel\u00e9e <strong>Bessous<\/strong> (Bessou ou Bessoux), \u00e0 quelques kilom\u00e8tres de Saint-Yrieix-la-Perche (<em>87&nbsp;&#8211;&nbsp;Haute-Vienne<\/em>).<\/p>\n<p><a href=\"https:\/\/lesmarret.marret.co\/wp-content\/uploads\/2017\/05\/Bessous-2011-08_042_wp.jpg\"><img loading=\"lazy\" decoding=\"async\" width=\"300\" height=\"200\" class=\"wp-image-6255 alignright\" alt=\"\" src=\"https:\/\/lesmarret.marret.co\/wp-content\/uploads\/2017\/05\/Bessous-2011-08_042_wp.jpg\" data-wp-pid=\"6255\" srcset=\"https:\/\/lesmarret.marret.co\/wp-content\/uploads\/2017\/05\/Bessous-2011-08_042_wp.jpg 886w, https:\/\/lesmarret.marret.co\/wp-content\/uploads\/2017\/05\/Bessous-2011-08_042_wp-300x200.jpg 300w, https:\/\/lesmarret.marret.co\/wp-content\/uploads\/2017\/05\/Bessous-2011-08_042_wp-768x512.jpg 768w, https:\/\/lesmarret.marret.co\/wp-content\/uploads\/2017\/05\/Bessous-2011-08_042_wp-800x534.jpg 800w, https:\/\/lesmarret.marret.co\/wp-content\/uploads\/2017\/05\/Bessous-2011-08_042_wp-600x400.jpg 600w\" sizes=\"auto, (max-width: 300px) 100vw, 300px\" \/><\/a>Ce domaine comprend alors la propri\u00e9t\u00e9 proprement dite de Bessous, forte de 86&nbsp;hectares, ainsi que la forge et les hauts-fourneaux n\u00e9cessaires \u00e0 l&rsquo;exploitation. S\u2019y ajoutent les for\u00eats de Lastours (250&nbsp;ha), de Saint-Hilaire (72&nbsp;ha), et des Beiges (62&nbsp;ha) ainsi que divers bois et bruy\u00e8res, pour une superficie totale de 476&nbsp;hectares\u2026 En 1846, il rach\u00e8te la part de son fr\u00e8re et en 1857, celle de Pierre-Joseph Guillemot, devenant ainsi l\u2019unique propri\u00e9taire du domaine.<\/p>\n<p><a href=\"https:\/\/lesmarret.marret.co\/wp-content\/uploads\/2017\/05\/Masvieux-2011-08_018_wp.jpg\"><img loading=\"lazy\" decoding=\"async\" width=\"299\" height=\"199\" class=\"wp-image-6260 alignleft\" alt=\"\" src=\"https:\/\/lesmarret.marret.co\/wp-content\/uploads\/2017\/05\/Masvieux-2011-08_018_wp.jpg\" data-wp-pid=\"6260\" srcset=\"https:\/\/lesmarret.marret.co\/wp-content\/uploads\/2017\/05\/Masvieux-2011-08_018_wp.jpg 886w, https:\/\/lesmarret.marret.co\/wp-content\/uploads\/2017\/05\/Masvieux-2011-08_018_wp-300x200.jpg 300w, https:\/\/lesmarret.marret.co\/wp-content\/uploads\/2017\/05\/Masvieux-2011-08_018_wp-768x512.jpg 768w, https:\/\/lesmarret.marret.co\/wp-content\/uploads\/2017\/05\/Masvieux-2011-08_018_wp-800x534.jpg 800w, https:\/\/lesmarret.marret.co\/wp-content\/uploads\/2017\/05\/Masvieux-2011-08_018_wp-600x400.jpg 600w\" sizes=\"auto, (max-width: 299px) 100vw, 299px\" \/><\/a>Charles Marret profite en outre d\u2019une vente aux ench\u00e8res, le 26 septembre 1845, pour faire l\u2019acquisition du domaine de <strong>Masvieux<\/strong>, situ\u00e9 \u00e0 quelques kilom\u00e8tres de Bessous&nbsp;; d\u2019une superficie de quarante hectares environ, celui-ci se composait alors de maisons \u00ab&nbsp;de colons&nbsp;\u00bb, de granges, d&rsquo;\u00e9tables, ainsi que de jardins, pr\u00e9s, pacages, landes, bois, ch\u00e2taigneraies et bruy\u00e8res.<\/p>\n<p>Au fil des ans, Charles Marret vend quelques terres et acquiert plusieurs autres parcelles et des b\u00e2timents, certains \u00e0 proximit\u00e9 (\u00e0 Ladignac, au Chalard ou \u00e0 La Meyse), d\u2019autres toutefois dans des communes plus \u00e9loign\u00e9es. <a href=\"https:\/\/lesmarret.marret.co\/wp-content\/uploads\/2017\/05\/Panneaux-2011-08_023_wp.jpg\"><img loading=\"lazy\" decoding=\"async\" width=\"232\" height=\"93\" class=\"wp-image-6263 alignright\" alt=\"\" src=\"https:\/\/lesmarret.marret.co\/wp-content\/uploads\/2017\/05\/Panneaux-2011-08_023_wp.jpg\" data-wp-pid=\"6263\" srcset=\"https:\/\/lesmarret.marret.co\/wp-content\/uploads\/2017\/05\/Panneaux-2011-08_023_wp.jpg 886w, https:\/\/lesmarret.marret.co\/wp-content\/uploads\/2017\/05\/Panneaux-2011-08_023_wp-300x121.jpg 300w, https:\/\/lesmarret.marret.co\/wp-content\/uploads\/2017\/05\/Panneaux-2011-08_023_wp-768x309.jpg 768w, https:\/\/lesmarret.marret.co\/wp-content\/uploads\/2017\/05\/Panneaux-2011-08_023_wp-800x321.jpg 800w, https:\/\/lesmarret.marret.co\/wp-content\/uploads\/2017\/05\/Panneaux-2011-08_023_wp-600x241.jpg 600w\" sizes=\"auto, (max-width: 232px) 100vw, 232px\" \/><\/a><br \/>\nOn peut penser que certaines d\u2019entre elles, inf\u00e9rieures \u00e0 1&nbsp;hectare, n\u2019ont d\u2019int\u00e9r\u00eat que pour constituer un ensemble plus coh\u00e9rent. Charles Marret a probablement un autre objectif lorsqu\u2019il ach\u00e8te le moulin du <strong>Haut-Bessous<\/strong>, celui-ci comprenant une maison d&rsquo;habitation, un jardin, des pr\u00e9s et de terres et une petite parcelle sur laquelle se trouvent les ruines d&rsquo;un ancien ch\u00e2teau connu sous le nom de \u00ab&nbsp;Ch\u00e2teau de la Reine Blanche&nbsp;\u00bb&nbsp;; peut-\u00eatre cela fait-il r\u00e9f\u00e9rence \u00e0 Blanche de Castille, future reine de France, qui venant d&rsquo;Espagne en France, escort\u00e9e par le limousin H\u00e9lie de male mort, s&rsquo;arr\u00eata dans ce ch\u00e2teau qui par la suite porta son nom.<\/p>\n<p>L\u2019ensemble des propri\u00e9t\u00e9s de Charles Marret se monte, au moment de son mariage avec Pauline Leli\u00e8vre, en 1863, \u00e0 574&nbsp;hectares&nbsp;; mais il c\u00e8de plusieurs terres dans les ann\u00e9es qui suivent. Lors du r\u00e8glement de sa succession, en 1911, il ne reste plus que 280&nbsp;hectares, ce qui demeure encore consid\u00e9rable\u2026<\/p>\n<p>Charles Marret finit sa vie \u00e0 Masvieux, y d\u00e9c\u00e9dant le 3 avril 1883&nbsp;; son neveu Ernest Marret (1835-1911) habite ult\u00e9rieurement la propri\u00e9t\u00e9 et y demeure lui aussi jusqu\u2019\u00e0 sa mort, le 26 mars 1911.<\/p>\n<p>Pierre-\u00c9douard Marchand, fils du premier mariage de Pauline Leli\u00e8vre avec Louis-Eug\u00e8ne Marchand, devient ensuite propri\u00e9taire du domaine jusqu\u2019\u00e0 son d\u00e9c\u00e8s en 1929&nbsp;; son fils Albert lui succ\u00e8de jusqu\u2019en 1941.<\/p>\n<p style=\"text-align: center;\">~~~~~~~<\/p>\n<h3 style=\"text-align: center;\"><strong>Bessous<\/strong><\/h3>\n<p>\u00c0 Bessous, Hippolyte Marret abandonne d\u00e9finitivement l\u2019exploitation de la forge et du haut-fourneau qui y avaient \u00e9t\u00e9 ant\u00e9rieurement en fonction, pr\u00e9f\u00e9rant \u00e9lever des vaches laiti\u00e8res et tenter de fabriquer un fromage fa\u00e7on Gruy\u00e8re. L\u2019ass\u00e8chement d\u2019un \u00e9tang et les travaux d\u2019irrigation qu\u2019il doit faire sont reconnus comme exceptionnels par la Soci\u00e9t\u00e9 d\u2019agriculture de la Haute-Vienne qui lui d\u00e9cerne une m\u00e9daille d\u2019or en 1849. Trois ans plus tard (en 1852), ses fromages fa\u00e7on Gruy\u00e8re lui valent une m\u00e9daille d\u2019argent\u2026<\/p>\n<p>La ferme qu\u2019Hippolyte Marret a fait construire \u00e0 Bessous a \u00e9t\u00e9 consid\u00e9r\u00e9e comme une remarquable r\u00e9alisation architecturale; quant \u00e0 la porcherie, de forme&nbsp; octogonale, elle a \u00e9t\u00e9 class\u00e9e monument historique en 2004 par le Minist\u00e8re de la Culture, faisant l&rsquo;objet d&rsquo;une <a href=\"http:\/\/www.culture.gouv.fr\/public\/mistral\/merimee_fr?ACTION=RETROUVER&amp;FIELD_1=cmer1&amp;VALUE_1=&amp;FIELD_2=cmer4&amp;VALUE_2=porcherie&amp;FIELD_3=cmer5&amp;VALUE_3=&amp;FIELD_4=AUTR&amp;VALUE_4=&amp;FIELD_5=TOUT&amp;VALUE_5=&amp;FIELD_6=titre%20courant&amp;VALUE_6=&amp;FIELD_7=date%20protection&amp;VALUE_7=&amp;FIELD_8=DOSURLP&amp;VALUE_8=%20&amp;NUMBER=10&amp;GRP=0&amp;REQ=%28%28porcherie%29%20%3aDENO%2cPARN%2cREMA%2cACTU%2cPDEN%2cMHPP%20%29&amp;USRNAME=nobody&amp;USRPWD=4%24%2534P&amp;SPEC=9&amp;SYN=1&amp;IMLY=&amp;MAX1=1&amp;MAX2=100&amp;MAX3=100&amp;DOM=Tous\" target=\"_blank\" rel=\"noopener\">fiche descriptive<\/a>&nbsp;; malheureusement, cette porcherie a r\u00e9cemment br\u00fbl\u00e9.<\/p>\n<p style=\"padding-left: 30px;\"><em>[\u2026] l\u2019\u00e9table de Bessous (com. de Ladignac-le-Long) est signal\u00e9e en 1851 pour avoir des mangeoires en zinc, des conduites d\u2019eau en plomb et un sol en b\u00e9ton. Mais il s\u2019agit l\u00e0 d\u2019un \u00e9tablissement s\u2019inscrivant en rupture par rapport aux pratiques agricoles limousines. Son nouveau propri\u00e9taire, Hyppolite Marret, un bijoutier parisien retir\u00e9 \u00e0 la campagne, avait entrepris de transformer cette ancienne forge en fabrique de fromage de gruy\u00e8re, l\u2019\u00e9tang une fois ass\u00e9ch\u00e9 devant produire le foin n\u00e9cessaire \u00e0 l\u2019alimentation de cinquante vaches laiti\u00e8res.<\/em><\/p>\n<p style=\"padding-left: 30px;\"><em>Le cas de Bessous est particuli\u00e8rement significatif. Pr\u00e9sent\u00e9 comme une r\u00e9alisation remarquable, il ne saurait \u00eatre un mod\u00e8le, dans la mesure o\u00f9 il implique des capitaux, des m\u00e9thodes, mais aussi un mode de faire-valoir \u2013 une main-d\u2019\u0153uvre salari\u00e9e \u2013 ne r\u00e9pondant pas aux caract\u00e9ristiques g\u00e9n\u00e9rales de l\u2019agriculture locale.<\/em><\/p>\n<p style=\"padding-left: 60px;\"><em>Source&nbsp;: Grandcoing, Philippe. \u00ab L&rsquo;architecture au service de l&rsquo;agriculture? \u00bb Les fermes mod\u00e8les en pays de m\u00e9tayage et d&rsquo;\u00e9levage. L&rsquo;exemple du Limousin au XIXe si\u00e8cle. Histoire &amp; Soci\u00e9t\u00e9s Rurales, 2010\/1 Vol. 33, p.&nbsp;60<\/em><\/p>\n<hr>\n<p style=\"padding-left: 30px;\"><em>Lettre de M.&nbsp;MARRET, propri\u00e9taire \u00e0 Bessoux, pr\u00e8s Saint-Yrieix, sur les irrigations et la fondation d&rsquo;un \u00e9tablissement pour la fabrication des fromages fa\u00e7on Gruy\u00e8re.<\/em><\/p>\n<p style=\"padding-left: 30px;\"><em>Bessoux, juillet 1849.<\/em><\/p>\n<p style=\"padding-left: 30px;\"><em>Il y a quatre ans que j&rsquo;ai achet\u00e9 la propri\u00e9t\u00e9 de Bessoux&nbsp;: elle se composait alors des for\u00eats de Lastour, des Beiges et de St-Hilaire, du domaine de Bessoux, o\u00f9 \u00e9taient \u00e9tablis une forge et un haut-fourneau; depuis j&rsquo;y ai ajout\u00e9, par diverses acquisitions, le domaine de Masvieux et quelques autres petites propri\u00e9t\u00e9s. La contenance des domaines de Bessoux et Mavieux est aujourd&rsquo;hui de 160 hectares environ; les for\u00eats, qui en sont d\u00e9tach\u00e9es de deux lieues environ, sont de 400 hectares.<\/em><\/p>\n<div id=\"attachment_6251\" style=\"width: 311px\" class=\"wp-caption alignright\"><a href=\"https:\/\/lesmarret.marret.co\/wp-content\/uploads\/2017\/05\/Bessous-2011-08_028_wp.jpg\"><img loading=\"lazy\" decoding=\"async\" aria-describedby=\"caption-attachment-6251\" width=\"301\" height=\"200\" class=\" wp-image-6251\" alt=\"\" src=\"https:\/\/lesmarret.marret.co\/wp-content\/uploads\/2017\/05\/Bessous-2011-08_028_wp.jpg\" data-wp-pid=\"6251\" srcset=\"https:\/\/lesmarret.marret.co\/wp-content\/uploads\/2017\/05\/Bessous-2011-08_028_wp.jpg 886w, https:\/\/lesmarret.marret.co\/wp-content\/uploads\/2017\/05\/Bessous-2011-08_028_wp-300x200.jpg 300w, https:\/\/lesmarret.marret.co\/wp-content\/uploads\/2017\/05\/Bessous-2011-08_028_wp-768x512.jpg 768w, https:\/\/lesmarret.marret.co\/wp-content\/uploads\/2017\/05\/Bessous-2011-08_028_wp-800x534.jpg 800w, https:\/\/lesmarret.marret.co\/wp-content\/uploads\/2017\/05\/Bessous-2011-08_028_wp-600x400.jpg 600w\" sizes=\"auto, (max-width: 301px) 100vw, 301px\" \/><\/a><p id=\"caption-attachment-6251\" class=\"wp-caption-text\">Bessous &#8211; l&rsquo;ancienne forge<\/p><\/div>\n<p style=\"padding-left: 30px;\"><em>Apr\u00e8s mon acquisition je n&rsquo;ai pas cru devoir continuer l&rsquo;exploitation de la forge et du haut-fourneau. Les frais \u00e9normes dans lesquels cette usine se trouvait entra\u00een\u00e9e pour son approvisionnement et pour l&rsquo;\u00e9coulement de ses produits \u00e9taient tels, parle mauvais \u00e9tat des chemins, qu&rsquo;ils amen\u00e8rent la ruine de mes pr\u00e9d\u00e9cesseurs.<\/em><\/p>\n<div id=\"attachment_6252\" style=\"width: 310px\" class=\"wp-caption alignleft\"><a href=\"https:\/\/lesmarret.marret.co\/wp-content\/uploads\/2017\/05\/Bessous-2011-08_037_wp.jpg\"><img loading=\"lazy\" decoding=\"async\" aria-describedby=\"caption-attachment-6252\" width=\"300\" height=\"200\" class=\" wp-image-6252\" alt=\"\" src=\"https:\/\/lesmarret.marret.co\/wp-content\/uploads\/2017\/05\/Bessous-2011-08_037_wp.jpg\" data-wp-pid=\"6252\" srcset=\"https:\/\/lesmarret.marret.co\/wp-content\/uploads\/2017\/05\/Bessous-2011-08_037_wp.jpg 886w, https:\/\/lesmarret.marret.co\/wp-content\/uploads\/2017\/05\/Bessous-2011-08_037_wp-300x200.jpg 300w, https:\/\/lesmarret.marret.co\/wp-content\/uploads\/2017\/05\/Bessous-2011-08_037_wp-768x512.jpg 768w, https:\/\/lesmarret.marret.co\/wp-content\/uploads\/2017\/05\/Bessous-2011-08_037_wp-800x534.jpg 800w, https:\/\/lesmarret.marret.co\/wp-content\/uploads\/2017\/05\/Bessous-2011-08_037_wp-600x400.jpg 600w\" sizes=\"auto, (max-width: 300px) 100vw, 300px\" \/><\/a><p id=\"caption-attachment-6252\" class=\"wp-caption-text\">Bessous &#8211; l&rsquo;ancienne forge<\/p><\/div>\n<p style=\"padding-left: 30px;\">&nbsp;<\/p>\n<p style=\"padding-left: 30px;\"><em>Je me d\u00e9cidai donc, pour ne pas courir les m\u00eames risques, \u00e0 d\u00e9truire la forge, et je pris la r\u00e9solution de dess\u00e9cher l&rsquo;\u00e9tang pour en faire une vaste prairie. C&rsquo;est de ce travail que je me suis principalement occup\u00e9 depuis que je suis propri\u00e9taire. II m&rsquo;a occasionn\u00e9 de tr\u00e8s grands frais; car, dans la pr\u00e9vision qu&rsquo;il me serait possible un jour de r\u00e9tablir une usine, j&rsquo;ai d\u00fb, pour conserver ma chute d&rsquo;eau, faire un canal fort important qui maint\u00eent les eaux \u00e0 leur hauteur ordinaire. Le canal entoure toute la prairie, et j&rsquo;esp\u00e8re en tirer un tr\u00e8s bon parti pour mes irrigations. Tous ces travaux sont loin d&rsquo;\u00eatre termin\u00e9s; mais je crois cependant qu&rsquo;ils sont assez avanc\u00e9s pour que je puisse me permettre d&rsquo;attirer l&rsquo;attention de la Soci\u00e9t\u00e9 d&rsquo;Agriculture sur les r\u00e9sultats qu&rsquo;ils peuvent donner. Comme moyens d&rsquo;irrigation, ils doivent faire, je l&rsquo;esp\u00e8re, de l&rsquo;ancien \u00e9tang de Bessoux, une prairie aussi bonne qu&rsquo;il est possible de l&rsquo;obtenir dans ce pays.<\/em><\/p>\n<div id=\"attachment_6254\" style=\"width: 310px\" class=\"wp-caption alignright\"><a href=\"https:\/\/lesmarret.marret.co\/wp-content\/uploads\/2017\/05\/Bessous-2011-08_040_wp.jpg\"><img loading=\"lazy\" decoding=\"async\" aria-describedby=\"caption-attachment-6254\" width=\"300\" height=\"200\" class=\" wp-image-6254\" alt=\"\" src=\"https:\/\/lesmarret.marret.co\/wp-content\/uploads\/2017\/05\/Bessous-2011-08_040_wp.jpg\" data-wp-pid=\"6254\" srcset=\"https:\/\/lesmarret.marret.co\/wp-content\/uploads\/2017\/05\/Bessous-2011-08_040_wp.jpg 886w, https:\/\/lesmarret.marret.co\/wp-content\/uploads\/2017\/05\/Bessous-2011-08_040_wp-300x200.jpg 300w, https:\/\/lesmarret.marret.co\/wp-content\/uploads\/2017\/05\/Bessous-2011-08_040_wp-768x512.jpg 768w, https:\/\/lesmarret.marret.co\/wp-content\/uploads\/2017\/05\/Bessous-2011-08_040_wp-800x534.jpg 800w, https:\/\/lesmarret.marret.co\/wp-content\/uploads\/2017\/05\/Bessous-2011-08_040_wp-600x400.jpg 600w\" sizes=\"auto, (max-width: 300px) 100vw, 300px\" \/><\/a><p id=\"caption-attachment-6254\" class=\"wp-caption-text\">Bessous &#8211; une grange<\/p><\/div>\n<p style=\"padding-left: 30px;\"><em>J&rsquo;ai d\u00e9j\u00e0 r\u00e9colt\u00e9 assez de foin pour pouvoir faire un essai que j&rsquo;ai vivement \u00e0 c\u0153ur de continuer -.je veux parler de la fabrication du fromage fa\u00e7on Gruy\u00e8re que j&rsquo;ai le d\u00e9sir d&rsquo;introduire dans le pays. Pour \u00eatre plus s\u00fbr de r\u00e9ussir, j&rsquo;ai fait venir, il y a un an environ, un fromager de Gruy\u00e8re m\u00eame, et je puis dire aujourd&rsquo;hui que j&rsquo;ai r\u00e9ussi sur un point fort important&nbsp;: celui que j&rsquo;ai obtenu peut rivaliser, pour la qualit\u00e9, avec celui de la Suisse; mais toutes les difficult\u00e9s ne sont pas vaincues, car il me faut parvenir \u00e0 nourrir, dans mon domaine, au moins quatre-vingts \u00e0 cent vaches laiti\u00e8res&nbsp;: si je n&rsquo;arrive point \u00e0 ce r\u00e9sultat, les frais dans lesquels cette fabrication entra\u00eene ne me permettraient pas de continuer ; mais j&rsquo;aurai toujours les ressources de suivre l&rsquo;usage du pays, qui consiste \u00e0 ne faire que des \u00e9l\u00e8ves pour la boucherie. Je consid\u00e8re tellement comme un devoir la t\u00e2che que je me suis impos\u00e9e d&rsquo;am\u00e9liorer la terre que je poss\u00e8de, que je viens encore, ce mois m\u00eame, de faire venir d&rsquo;un pays pr\u00e8s de Chartres une brave famille de cultivateurs, compos\u00e9e du p\u00e8re, de la m\u00e8re et de cinq enfants&nbsp;: ils vont mettre la main \u00e0 l&rsquo;\u0153uvre pour t\u00e2cher d&rsquo;obtenir, par une culture bien entendue, quelques prairies artificielles et quelques plantes sarcl\u00e9es, qui devront compl\u00e9ter la nourriture d&rsquo;hiver pour les bestiaux. J&rsquo;ai fait venir aussi douze vaches laiti\u00e8res de la Normandie, ainsi qu&rsquo;un tr\u00e8s bel \u00e9talon. Malheureusement la fatigue du voyage, effectu\u00e9 dans les grandes chaleurs, m&rsquo;a fait perdre le taureau et plusieurs des jeunes veaux. Quelques vaches ont aussi \u00e9t\u00e9 malades ; mais aujourd&rsquo;hui elles sont toutes remises de leurs fatigues, et j&rsquo;ai lieu d&rsquo;esp\u00e9rer que, avec un bon \u00e9talon du pays, la race se maintiendra bonne laiti\u00e8re.<\/em><\/p>\n<p style=\"padding-left: 60px;\"><em>Source&nbsp;: Bulletin de la Soci\u00e9t\u00e9 d&rsquo;agriculture de la Haute-Vienne, 1849, p.&nbsp;30-31.<\/em><\/p>\n<hr>\n<p style=\"text-align: center;\"><strong>Masvieux<\/strong><\/p>\n<p style=\"text-align: center;\"><div id=\"metaslider-id-6276\" style=\"max-width: 600px; margin: 0 auto;\" class=\"ml-slider-3-105-0 metaslider metaslider-nivo metaslider-6276 ml-slider has-dots-nav ms-theme-default\" role=\"region\" aria-label=\"Bessous (JC Roger)\" data-height=\"450\" data-width=\"600\">\n    <div id=\"metaslider_container_6276\">\n        <div class='slider-wrapper theme-default'><div class='ribbon'><\/div><div id='metaslider_6276' class='nivoSlider'><img loading=\"lazy\" decoding=\"async\" src=\"https:\/\/lesmarret.marret.co\/wp-content\/uploads\/2017\/05\/Masvieux-2011-08_016_wp-600x450.jpg\" height=\"450\" width=\"600\" data-caption=\"La maison et son acc&egrave;s\" alt=\"\" class=\"slider-6276 slide-6286 msDefaultImage\" \/><img loading=\"lazy\" decoding=\"async\" src=\"https:\/\/lesmarret.marret.co\/wp-content\/uploads\/2017\/05\/Mas-vieux-cot\u00e9-cuisine_wp-600x450.jpg\" height=\"450\" width=\"600\" data-caption=\"La maison, c&ocirc;t&eacute; nord\" alt=\"\" class=\"slider-6276 slide-6279 msDefaultImage\" \/><img loading=\"lazy\" decoding=\"async\" src=\"https:\/\/lesmarret.marret.co\/wp-content\/uploads\/2017\/05\/Mas-Vieux-sud-2_wp-600x450.jpg\" height=\"450\" width=\"600\" data-caption=\"La maison, c&ocirc;t&eacute; sud\" alt=\"\" class=\"slider-6276 slide-6277 msDefaultImage\" \/><img loading=\"lazy\" decoding=\"async\" src=\"https:\/\/lesmarret.marret.co\/wp-content\/uploads\/2017\/05\/Mas-Vieux-la-bergerie-2_wp-600x450.jpg\" height=\"450\" width=\"600\" data-caption=\"La bergerie\" alt=\"\" class=\"slider-6276 slide-6278 msDefaultImage\" \/><\/div><\/div>\n        \n    <\/div>\n<\/div><\/p>\n","protected":false},"excerpt":{"rendered":"<p>Fondateur de la maison Marret et Fr\u00e8res avec son fr\u00e8re Charles Marret (1807-1846), Hippolyte Marret (1804-1883) \u0153uvra dans le domaine de la bijouterie jusqu\u2019en 1872. Mais d\u00e8s 1845, il ach\u00e8te, conjointement avec son fr\u00e8re, Charles Marret et avec Pierre-Joseph Guillemot, &hellip; <a href=\"https:\/\/lesmarret.marret.co\/index.php\/des-lieux-de-famille\/__trashed-4\/\">Continuer la lecture <span class=\"meta-nav\">&rarr;<\/span><\/a><\/p>\n","protected":false},"author":1,"featured_media":0,"parent":5382,"menu_order":0,"comment_status":"closed","ping_status":"closed","template":"","meta":{"_monsterinsights_skip_tracking":false,"_monsterinsights_sitenote_active":false,"_monsterinsights_sitenote_note":"","_monsterinsights_sitenote_category":0,"ngg_post_thumbnail":0,"footnotes":""},"class_list":["post-6268","page","type-page","status-publish","hentry"],"aioseo_notices":[],"_links":{"self":[{"href":"https:\/\/lesmarret.marret.co\/index.php\/wp-json\/wp\/v2\/pages\/6268","targetHints":{"allow":["GET"]}}],"collection":[{"href":"https:\/\/lesmarret.marret.co\/index.php\/wp-json\/wp\/v2\/pages"}],"about":[{"href":"https:\/\/lesmarret.marret.co\/index.php\/wp-json\/wp\/v2\/types\/page"}],"author":[{"embeddable":true,"href":"https:\/\/lesmarret.marret.co\/index.php\/wp-json\/wp\/v2\/users\/1"}],"replies":[{"embeddable":true,"href":"https:\/\/lesmarret.marret.co\/index.php\/wp-json\/wp\/v2\/comments?post=6268"}],"version-history":[{"count":0,"href":"https:\/\/lesmarret.marret.co\/index.php\/wp-json\/wp\/v2\/pages\/6268\/revisions"}],"up":[{"embeddable":true,"href":"https:\/\/lesmarret.marret.co\/index.php\/wp-json\/wp\/v2\/pages\/5382"}],"wp:attachment":[{"href":"https:\/\/lesmarret.marret.co\/index.php\/wp-json\/wp\/v2\/media?parent=6268"}],"curies":[{"name":"wp","href":"https:\/\/api.w.org\/{rel}","templated":true}]}}