{"id":6337,"date":"2017-05-25T20:41:48","date_gmt":"2017-05-25T19:41:48","guid":{"rendered":"http:\/\/lesmarret.marret.co\/?page_id=6337"},"modified":"2017-12-02T17:31:25","modified_gmt":"2017-12-02T16:31:25","slug":"saint-genes-champanelle-theix","status":"publish","type":"page","link":"https:\/\/lesmarret.marret.co\/index.php\/des-lieux-de-famille\/saint-genes-champanelle-theix\/","title":{"rendered":"Saint-Gen\u00e8s Champanelle &#8211; Theix"},"content":{"rendered":"<p>Cherchant \u00e0 renouer avec les racines auvergnates de sa famille paternelle, Charles Marret (1864-1932) acquiert, vers 1913, le <strong>ch\u00e2teau de Theix<\/strong>, \u00e0 Saint-Gen\u00e8s-Champanelle (Puy-de-D\u00f4me); au fil des ans, il le meuble, l\u2019agrandit et l\u2019exploite.<\/p>\n<p><a href=\"https:\/\/lesmarret.marret.co\/wp-content\/uploads\/2017\/05\/Ferme-de-Theix-03_wp.jpg\"><img loading=\"lazy\" decoding=\"async\" width=\"241\" height=\"155\" class=\"wp-image-6335 alignright\" alt=\"\" src=\"https:\/\/lesmarret.marret.co\/wp-content\/uploads\/2017\/05\/Ferme-de-Theix-03_wp.jpg\" data-wp-pid=\"6335\" srcset=\"https:\/\/lesmarret.marret.co\/wp-content\/uploads\/2017\/05\/Ferme-de-Theix-03_wp.jpg 886w, https:\/\/lesmarret.marret.co\/wp-content\/uploads\/2017\/05\/Ferme-de-Theix-03_wp-300x193.jpg 300w, https:\/\/lesmarret.marret.co\/wp-content\/uploads\/2017\/05\/Ferme-de-Theix-03_wp-768x495.jpg 768w, https:\/\/lesmarret.marret.co\/wp-content\/uploads\/2017\/05\/Ferme-de-Theix-03_wp-800x516.jpg 800w, https:\/\/lesmarret.marret.co\/wp-content\/uploads\/2017\/05\/Ferme-de-Theix-03_wp-600x387.jpg 600w\" sizes=\"auto, (max-width: 241px) 100vw, 241px\" \/><\/a><a href=\"https:\/\/lesmarret.marret.co\/wp-content\/uploads\/2017\/05\/Theix-Parc-d\u00e9levage-publicit\u00e9_wp.jpg\"><img loading=\"lazy\" decoding=\"async\" width=\"200\" height=\"157\" class=\"wp-image-6330 alignleft\" alt=\"\" src=\"https:\/\/lesmarret.marret.co\/wp-content\/uploads\/2017\/05\/Theix-Parc-d\u00e9levage-publicit\u00e9_wp.jpg\" data-wp-pid=\"6330\" srcset=\"https:\/\/lesmarret.marret.co\/wp-content\/uploads\/2017\/05\/Theix-Parc-d\u00e9levage-publicit\u00e9_wp.jpg 886w, https:\/\/lesmarret.marret.co\/wp-content\/uploads\/2017\/05\/Theix-Parc-d\u00e9levage-publicit\u00e9_wp-300x235.jpg 300w, https:\/\/lesmarret.marret.co\/wp-content\/uploads\/2017\/05\/Theix-Parc-d\u00e9levage-publicit\u00e9_wp-768x602.jpg 768w, https:\/\/lesmarret.marret.co\/wp-content\/uploads\/2017\/05\/Theix-Parc-d\u00e9levage-publicit\u00e9_wp-800x628.jpg 800w, https:\/\/lesmarret.marret.co\/wp-content\/uploads\/2017\/05\/Theix-Parc-d\u00e9levage-publicit\u00e9_wp-600x471.jpg 600w\" sizes=\"auto, (max-width: 200px) 100vw, 200px\" \/><\/a>Le domaine poss\u00e9dant des ressources consid\u00e9rables, Charles Marret d\u00e9cide de les d\u00e9velopper&nbsp;: Le parc d\u2019\u00e9levage permet en effet la production de divers animaux parmi lesquels des bovins, des porcs, des lapins et des volailles&nbsp;; la ferme fournit d&rsquo;ailleurs \u00e0 la ville de Clermont-Ferrand, et \u00e0 plusieurs de ses \u00e9tablissements de sant\u00e9, le lait du Ch\u00e2teau de Theix dont la r\u00e9putation est consid\u00e9rable et la qualit\u00e9 reconnue pour les enfants et les convalescents.<\/p>\n<p><a href=\"https:\/\/lesmarret.marret.co\/wp-content\/uploads\/2017\/05\/Ch\u00e2teau-de-Theix-St-Gen\u00e8s-Champanelle-21_wp.jpg\"><img loading=\"lazy\" decoding=\"async\" width=\"242\" height=\"152\" class=\"wp-image-6328 alignleft\" alt=\"\" src=\"https:\/\/lesmarret.marret.co\/wp-content\/uploads\/2017\/05\/Ch\u00e2teau-de-Theix-St-Gen\u00e8s-Champanelle-21_wp.jpg\" data-wp-pid=\"6328\" srcset=\"https:\/\/lesmarret.marret.co\/wp-content\/uploads\/2017\/05\/Ch\u00e2teau-de-Theix-St-Gen\u00e8s-Champanelle-21_wp.jpg 886w, https:\/\/lesmarret.marret.co\/wp-content\/uploads\/2017\/05\/Ch\u00e2teau-de-Theix-St-Gen\u00e8s-Champanelle-21_wp-300x189.jpg 300w, https:\/\/lesmarret.marret.co\/wp-content\/uploads\/2017\/05\/Ch\u00e2teau-de-Theix-St-Gen\u00e8s-Champanelle-21_wp-768x483.jpg 768w, https:\/\/lesmarret.marret.co\/wp-content\/uploads\/2017\/05\/Ch\u00e2teau-de-Theix-St-Gen\u00e8s-Champanelle-21_wp-800x503.jpg 800w, https:\/\/lesmarret.marret.co\/wp-content\/uploads\/2017\/05\/Ch\u00e2teau-de-Theix-St-Gen\u00e8s-Champanelle-21_wp-600x377.jpg 600w\" sizes=\"auto, (max-width: 242px) 100vw, 242px\" \/><\/a>En outre, la propri\u00e9t\u00e9 est proche de rivi\u00e8res propices <a href=\"https:\/\/lesmarret.marret.co\/wp-content\/uploads\/2017\/12\/Ch\u00e2teau-de-Theix-St-Gen\u00e8s-Champanelle-23_wp.jpg\"><img loading=\"lazy\" decoding=\"async\" width=\"245\" height=\"158\" class=\"wp-image-7442 alignright\" alt=\"\" src=\"https:\/\/lesmarret.marret.co\/wp-content\/uploads\/2017\/12\/Ch\u00e2teau-de-Theix-St-Gen\u00e8s-Champanelle-23_wp.jpg\" data-wp-pid=\"7442\" srcset=\"https:\/\/lesmarret.marret.co\/wp-content\/uploads\/2017\/12\/Ch\u00e2teau-de-Theix-St-Gen\u00e8s-Champanelle-23_wp.jpg 886w, https:\/\/lesmarret.marret.co\/wp-content\/uploads\/2017\/12\/Ch\u00e2teau-de-Theix-St-Gen\u00e8s-Champanelle-23_wp-300x194.jpg 300w, https:\/\/lesmarret.marret.co\/wp-content\/uploads\/2017\/12\/Ch\u00e2teau-de-Theix-St-Gen\u00e8s-Champanelle-23_wp-768x497.jpg 768w, https:\/\/lesmarret.marret.co\/wp-content\/uploads\/2017\/12\/Ch\u00e2teau-de-Theix-St-Gen\u00e8s-Champanelle-23_wp-800x517.jpg 800w, https:\/\/lesmarret.marret.co\/wp-content\/uploads\/2017\/12\/Ch\u00e2teau-de-Theix-St-Gen\u00e8s-Champanelle-23_wp-600x388.jpg 600w\" sizes=\"auto, (max-width: 245px) 100vw, 245px\" \/><\/a>\u00e0 l\u2019\u00e9levage de truites, d\u2019ombles chevaliers et de saumons. Un \u00e9tablissement et un laboratoire de pisciculture y ont \u00e9t\u00e9 \u00e9tablis et constituent une industrie importante pour la r\u00e9gion.<\/p>\n<p>Ses m\u00e9rites sont reconnus officiellement et il est nomm\u00e9 <em>Chevalier du M\u00e9rite Agricole<\/em> en 1922 (J.O. du 27 ao\u00fbt, p.8946)&nbsp;; en 1927, il re\u00e7oit la <em>prime d\u2019honneur<\/em> du Minist\u00e8re de l\u2019Agriculture.<a href=\"https:\/\/lesmarret.marret.co\/wp-content\/uploads\/2017\/05\/Ch\u00e2teau-de-Theix-St-Gen\u00e8s-Champanelle-06-1-verso_wp.jpg\"><img loading=\"lazy\" decoding=\"async\" width=\"223\" height=\"351\" class=\"wp-image-6322 alignright\" alt=\"\" src=\"https:\/\/lesmarret.marret.co\/wp-content\/uploads\/2017\/05\/Ch\u00e2teau-de-Theix-St-Gen\u00e8s-Champanelle-06-1-verso_wp.jpg\" data-wp-pid=\"6322\" srcset=\"https:\/\/lesmarret.marret.co\/wp-content\/uploads\/2017\/05\/Ch\u00e2teau-de-Theix-St-Gen\u00e8s-Champanelle-06-1-verso_wp.jpg 563w, https:\/\/lesmarret.marret.co\/wp-content\/uploads\/2017\/05\/Ch\u00e2teau-de-Theix-St-Gen\u00e8s-Champanelle-06-1-verso_wp-191x300.jpg 191w, https:\/\/lesmarret.marret.co\/wp-content\/uploads\/2017\/05\/Ch\u00e2teau-de-Theix-St-Gen\u00e8s-Champanelle-06-1-verso_wp-381x600.jpg 381w\" sizes=\"auto, (max-width: 223px) 100vw, 223px\" \/><br \/>\n<\/a>S\u2019impliquant aussi dans la vie culturelle locale, Charles Marret participe activement \u00e0 diff\u00e9rentes associations et organise des f\u00eates au Ch\u00e2teau de Theix, tel un concert exceptionnel, le 21 septembre 1930. Cela lui vaut divers honneurs et r\u00e9compenses.<\/p>\n<p>&nbsp;<\/p>\n<p>Apr\u00e8s son d\u00e9c\u00e8s, la revue <em>L\u2019Auvergne litt\u00e9raire et artistique<\/em>, dans son num\u00e9ro de septembre 1932, souligne, \u00e0 sa fa\u00e7on, sa contribution&#8230;<\/p>\n<p><a href=\"https:\/\/lesmarret.marret.co\/wp-content\/uploads\/2017\/05\/1932-09-LAuvergne-litt\u00e9raire-et-artistique-p2_wp.jpg\"><img loading=\"lazy\" decoding=\"async\" width=\"382\" height=\"98\" class=\"alignnone wp-image-6333\" alt=\"\" src=\"https:\/\/lesmarret.marret.co\/wp-content\/uploads\/2017\/05\/1932-09-LAuvergne-litt\u00e9raire-et-artistique-p2_wp.jpg\" data-wp-pid=\"6333\" srcset=\"https:\/\/lesmarret.marret.co\/wp-content\/uploads\/2017\/05\/1932-09-LAuvergne-litt\u00e9raire-et-artistique-p2_wp.jpg 886w, https:\/\/lesmarret.marret.co\/wp-content\/uploads\/2017\/05\/1932-09-LAuvergne-litt\u00e9raire-et-artistique-p2_wp-300x77.jpg 300w, https:\/\/lesmarret.marret.co\/wp-content\/uploads\/2017\/05\/1932-09-LAuvergne-litt\u00e9raire-et-artistique-p2_wp-768x197.jpg 768w, https:\/\/lesmarret.marret.co\/wp-content\/uploads\/2017\/05\/1932-09-LAuvergne-litt\u00e9raire-et-artistique-p2_wp-800x205.jpg 800w, https:\/\/lesmarret.marret.co\/wp-content\/uploads\/2017\/05\/1932-09-LAuvergne-litt\u00e9raire-et-artistique-p2_wp-600x154.jpg 600w\" sizes=\"auto, (max-width: 382px) 100vw, 382px\" \/><\/a><\/p>\n<p>Charles Marret demeure dans cette propri\u00e9t\u00e9 jusqu\u2019\u00e0 la fin de sa vie et sa femme Marguerite Mautin (1872-1948) y habite ensuite.<\/p>\n<p>\u00c0 la mort de cette derni\u00e8re, le ch\u00e2teau est c\u00e9d\u00e9 et sa fille, Alice Marret (1901-1983), toujours c\u00e9libataire, n\u2019en conserve que le pavillon d\u2019entr\u00e9e jusqu\u2019\u00e0 son propre d\u00e9c\u00e8s; la maison&nbsp;est alors vendue.<\/p>\n<p><a href=\"https:\/\/lesmarret.marret.co\/wp-content\/uploads\/2017\/05\/1920v-Theix-Reportage-promotionnel_wp.jpg\"><img loading=\"lazy\" decoding=\"async\" width=\"886\" height=\"512\" class=\"alignnone size-full wp-image-6316\" alt=\"\" src=\"https:\/\/lesmarret.marret.co\/wp-content\/uploads\/2017\/05\/1920v-Theix-Reportage-promotionnel_wp.jpg\" data-wp-pid=\"6316\" srcset=\"https:\/\/lesmarret.marret.co\/wp-content\/uploads\/2017\/05\/1920v-Theix-Reportage-promotionnel_wp.jpg 886w, https:\/\/lesmarret.marret.co\/wp-content\/uploads\/2017\/05\/1920v-Theix-Reportage-promotionnel_wp-300x173.jpg 300w, https:\/\/lesmarret.marret.co\/wp-content\/uploads\/2017\/05\/1920v-Theix-Reportage-promotionnel_wp-768x444.jpg 768w, https:\/\/lesmarret.marret.co\/wp-content\/uploads\/2017\/05\/1920v-Theix-Reportage-promotionnel_wp-800x462.jpg 800w, https:\/\/lesmarret.marret.co\/wp-content\/uploads\/2017\/05\/1920v-Theix-Reportage-promotionnel_wp-600x347.jpg 600w\" sizes=\"auto, (max-width: 886px) 100vw, 886px\" \/><\/a><\/p>\n<p style=\"text-align: center;\"><div id=\"metaslider-id-6342\" style=\"max-width: 600px;\" class=\"ml-slider-3-105-0 metaslider metaslider-flex metaslider-6342 ml-slider has-dots-nav ms-theme-default\" role=\"region\" aria-label=\"Theix\" data-height=\"400\" data-width=\"600\">\n    <div id=\"metaslider_container_6342\">\n        <div id=\"metaslider_6342\" class=\"flexslider\">\n            <ul class='slides'>\n                <li style=\"display: block; width: 100%;\" class=\"slide-7490 ms-image \" aria-roledescription=\"slide\" data-date=\"2017-12-23 19:31:42\" data-filename=\"Ch\u00e2teau-de-Theix-St-Gen\u00e8s-Champanelle-15_wp-600x400.jpg\" data-slide-type=\"image\"><img loading=\"lazy\" decoding=\"async\" src=\"https:\/\/lesmarret.marret.co\/wp-content\/uploads\/2017\/12\/Ch\u00e2teau-de-Theix-St-Gen\u00e8s-Champanelle-15_wp-600x400.jpg\" height=\"400\" width=\"600\" alt=\"\" class=\"slider-6342 slide-7490 msDefaultImage\" \/><\/li>\n                <li style=\"display: none; width: 100%;\" class=\"slide-6351 ms-image \" aria-roledescription=\"slide\" data-date=\"2017-05-25 16:58:43\" data-filename=\"Ch\u00e2teau-de-Theix-St-Gen\u00e8s-Champanelle-05_wp-600x400.jpg\" data-slide-type=\"image\"><img loading=\"lazy\" decoding=\"async\" src=\"https:\/\/lesmarret.marret.co\/wp-content\/uploads\/2017\/05\/Ch\u00e2teau-de-Theix-St-Gen\u00e8s-Champanelle-05_wp-600x400.jpg\" height=\"400\" width=\"600\" alt=\"\" class=\"slider-6342 slide-6351 msDefaultImage\" \/><\/li>\n                <li style=\"display: none; width: 100%;\" class=\"slide-6352 ms-image \" aria-roledescription=\"slide\" data-date=\"2017-05-25 16:58:43\" data-filename=\"Ch\u00e2teau-de-Theix-St-Gen\u00e8s-Champanelle-04_wp-600x400.jpg\" data-slide-type=\"image\"><img loading=\"lazy\" decoding=\"async\" src=\"https:\/\/lesmarret.marret.co\/wp-content\/uploads\/2017\/05\/Ch\u00e2teau-de-Theix-St-Gen\u00e8s-Champanelle-04_wp-600x400.jpg\" height=\"400\" width=\"600\" alt=\"\" class=\"slider-6342 slide-6352 msDefaultImage\" \/><\/li>\n                <li style=\"display: none; width: 100%;\" class=\"slide-6350 ms-image \" aria-roledescription=\"slide\" data-date=\"2017-05-25 16:58:42\" data-filename=\"Ch\u00e2teau-de-Theix-St-Gen\u00e8s-Champanelle-06-1_wp-600x400.jpg\" data-slide-type=\"image\"><img loading=\"lazy\" decoding=\"async\" src=\"https:\/\/lesmarret.marret.co\/wp-content\/uploads\/2017\/05\/Ch\u00e2teau-de-Theix-St-Gen\u00e8s-Champanelle-06-1_wp-600x400.jpg\" height=\"400\" width=\"600\" alt=\"\" class=\"slider-6342 slide-6350 msDefaultImage\" \/><\/li>\n                <li style=\"display: none; width: 100%;\" class=\"slide-6349 ms-image \" aria-roledescription=\"slide\" data-date=\"2017-05-25 16:58:42\" data-filename=\"Ch\u00e2teau-de-Theix-St-Gen\u00e8s-Champanelle-07_wp-600x400.jpg\" data-slide-type=\"image\"><img loading=\"lazy\" decoding=\"async\" src=\"https:\/\/lesmarret.marret.co\/wp-content\/uploads\/2017\/05\/Ch\u00e2teau-de-Theix-St-Gen\u00e8s-Champanelle-07_wp-600x400.jpg\" height=\"400\" width=\"600\" alt=\"\" class=\"slider-6342 slide-6349 msDefaultImage\" \/><\/li>\n                <li style=\"display: none; width: 100%;\" class=\"slide-7491 ms-image \" aria-roledescription=\"slide\" data-date=\"2017-12-23 19:31:42\" data-filename=\"Ch\u00e2teau-de-Theix-St-Gen\u00e8s-Champanelle-14_wp-600x400.jpg\" data-slide-type=\"image\"><img loading=\"lazy\" decoding=\"async\" src=\"https:\/\/lesmarret.marret.co\/wp-content\/uploads\/2017\/12\/Ch\u00e2teau-de-Theix-St-Gen\u00e8s-Champanelle-14_wp-600x400.jpg\" height=\"400\" width=\"600\" alt=\"\" class=\"slider-6342 slide-7491 msDefaultImage\" \/><\/li>\n                <li style=\"display: none; width: 100%;\" class=\"slide-6346 ms-image \" aria-roledescription=\"slide\" data-date=\"2017-05-25 16:58:42\" data-filename=\"Ch\u00e2teau-de-Theix-St-Gen\u00e8s-Champanelle-12_wp-600x400.jpg\" data-slide-type=\"image\"><img loading=\"lazy\" decoding=\"async\" src=\"https:\/\/lesmarret.marret.co\/wp-content\/uploads\/2017\/05\/Ch\u00e2teau-de-Theix-St-Gen\u00e8s-Champanelle-12_wp-600x400.jpg\" height=\"400\" width=\"600\" alt=\"\" class=\"slider-6342 slide-6346 msDefaultImage\" \/><\/li>\n                <li style=\"display: none; width: 100%;\" class=\"slide-6348 ms-image \" aria-roledescription=\"slide\" data-date=\"2017-05-25 16:58:42\" data-filename=\"Ch\u00e2teau-de-Theix-St-Gen\u00e8s-Champanelle-08_wp-600x400.jpg\" data-slide-type=\"image\"><img loading=\"lazy\" decoding=\"async\" src=\"https:\/\/lesmarret.marret.co\/wp-content\/uploads\/2017\/05\/Ch\u00e2teau-de-Theix-St-Gen\u00e8s-Champanelle-08_wp-600x400.jpg\" height=\"400\" width=\"600\" alt=\"\" class=\"slider-6342 slide-6348 msDefaultImage\" \/><\/li>\n                <li style=\"display: none; width: 100%;\" class=\"slide-6354 ms-image \" aria-roledescription=\"slide\" data-date=\"2017-05-25 16:58:43\" data-filename=\"Ch\u00e2teau-de-Theix-St-Gen\u00e8s-Champanelle-02_wp-600x400.jpg\" data-slide-type=\"image\"><img loading=\"lazy\" decoding=\"async\" src=\"https:\/\/lesmarret.marret.co\/wp-content\/uploads\/2017\/05\/Ch\u00e2teau-de-Theix-St-Gen\u00e8s-Champanelle-02_wp-600x400.jpg\" height=\"400\" width=\"600\" alt=\"\" class=\"slider-6342 slide-6354 msDefaultImage\" \/><\/li>\n                <li style=\"display: none; width: 100%;\" class=\"slide-6347 ms-image \" aria-roledescription=\"slide\" data-date=\"2017-05-25 16:58:42\" data-filename=\"Ch\u00e2teau-de-Theix-St-Gen\u00e8s-Champanelle-09_wp-600x400.jpg\" data-slide-type=\"image\"><img loading=\"lazy\" decoding=\"async\" src=\"https:\/\/lesmarret.marret.co\/wp-content\/uploads\/2017\/05\/Ch\u00e2teau-de-Theix-St-Gen\u00e8s-Champanelle-09_wp-600x400.jpg\" height=\"400\" width=\"600\" alt=\"\" class=\"slider-6342 slide-6347 msDefaultImage\" \/><\/li>\n                <li style=\"display: none; width: 100%;\" class=\"slide-6353 ms-image \" aria-roledescription=\"slide\" data-date=\"2017-05-25 16:58:43\" data-filename=\"Ch\u00e2teau-de-Theix-St-Gen\u00e8s-Champanelle-03_wp-600x400.jpg\" data-slide-type=\"image\"><img loading=\"lazy\" decoding=\"async\" src=\"https:\/\/lesmarret.marret.co\/wp-content\/uploads\/2017\/05\/Ch\u00e2teau-de-Theix-St-Gen\u00e8s-Champanelle-03_wp-600x400.jpg\" height=\"400\" width=\"600\" alt=\"\" class=\"slider-6342 slide-6353 msDefaultImage\" \/><\/li>\n                <li style=\"display: none; width: 100%;\" class=\"slide-6343 ms-image \" aria-roledescription=\"slide\" data-date=\"2017-05-25 16:58:42\" data-filename=\"Ferme-de-Theix-06_wp-600x400.jpg\" data-slide-type=\"image\"><img loading=\"lazy\" decoding=\"async\" src=\"https:\/\/lesmarret.marret.co\/wp-content\/uploads\/2017\/05\/Ferme-de-Theix-06_wp-600x400.jpg\" height=\"400\" width=\"600\" alt=\"\" class=\"slider-6342 slide-6343 msDefaultImage\" \/><\/li>\n                <li style=\"display: none; width: 100%;\" class=\"slide-6344 ms-image \" aria-roledescription=\"slide\" data-date=\"2017-05-25 16:58:42\" data-filename=\"Ferme-de-Theix-01_wp-600x400.jpg\" data-slide-type=\"image\"><img loading=\"lazy\" decoding=\"async\" src=\"https:\/\/lesmarret.marret.co\/wp-content\/uploads\/2017\/05\/Ferme-de-Theix-01_wp-600x400.jpg\" height=\"400\" width=\"600\" alt=\"\" class=\"slider-6342 slide-6344 msDefaultImage\" \/><\/li>\n                <li style=\"display: none; width: 100%;\" class=\"slide-6345 ms-image \" aria-roledescription=\"slide\" data-date=\"2017-05-25 16:58:42\" data-filename=\"Ch\u00e2teau-de-Theix-St-Gen\u00e8s-Champanelle-22_wp-600x400.jpg\" data-slide-type=\"image\"><img loading=\"lazy\" decoding=\"async\" src=\"https:\/\/lesmarret.marret.co\/wp-content\/uploads\/2017\/05\/Ch\u00e2teau-de-Theix-St-Gen\u00e8s-Champanelle-22_wp-600x400.jpg\" height=\"400\" width=\"600\" alt=\"\" class=\"slider-6342 slide-6345 msDefaultImage\" \/><\/li>\n            <\/ul>\n        <\/div>\n        \n    <\/div>\n<\/div><\/p>\n","protected":false},"excerpt":{"rendered":"<p>Cherchant \u00e0 renouer avec les racines auvergnates de sa famille paternelle, Charles Marret (1864-1932) acquiert, vers 1913, le ch\u00e2teau de Theix, \u00e0 Saint-Gen\u00e8s-Champanelle (Puy-de-D\u00f4me); au fil des ans, il le meuble, l\u2019agrandit et l\u2019exploite. Le domaine poss\u00e9dant des ressources consid\u00e9rables, &hellip; <a href=\"https:\/\/lesmarret.marret.co\/index.php\/des-lieux-de-famille\/saint-genes-champanelle-theix\/\">Continuer la lecture <span class=\"meta-nav\">&rarr;<\/span><\/a><\/p>\n","protected":false},"author":1,"featured_media":0,"parent":5382,"menu_order":0,"comment_status":"closed","ping_status":"closed","template":"","meta":{"_monsterinsights_skip_tracking":false,"_monsterinsights_sitenote_active":false,"_monsterinsights_sitenote_note":"","_monsterinsights_sitenote_category":0,"ngg_post_thumbnail":0,"footnotes":""},"class_list":["post-6337","page","type-page","status-publish","hentry"],"aioseo_notices":[],"_links":{"self":[{"href":"https:\/\/lesmarret.marret.co\/index.php\/wp-json\/wp\/v2\/pages\/6337","targetHints":{"allow":["GET"]}}],"collection":[{"href":"https:\/\/lesmarret.marret.co\/index.php\/wp-json\/wp\/v2\/pages"}],"about":[{"href":"https:\/\/lesmarret.marret.co\/index.php\/wp-json\/wp\/v2\/types\/page"}],"author":[{"embeddable":true,"href":"https:\/\/lesmarret.marret.co\/index.php\/wp-json\/wp\/v2\/users\/1"}],"replies":[{"embeddable":true,"href":"https:\/\/lesmarret.marret.co\/index.php\/wp-json\/wp\/v2\/comments?post=6337"}],"version-history":[{"count":2,"href":"https:\/\/lesmarret.marret.co\/index.php\/wp-json\/wp\/v2\/pages\/6337\/revisions"}],"predecessor-version":[{"id":7444,"href":"https:\/\/lesmarret.marret.co\/index.php\/wp-json\/wp\/v2\/pages\/6337\/revisions\/7444"}],"up":[{"embeddable":true,"href":"https:\/\/lesmarret.marret.co\/index.php\/wp-json\/wp\/v2\/pages\/5382"}],"wp:attachment":[{"href":"https:\/\/lesmarret.marret.co\/index.php\/wp-json\/wp\/v2\/media?parent=6337"}],"curies":[{"name":"wp","href":"https:\/\/api.w.org\/{rel}","templated":true}]}}