{"id":6545,"date":"2017-05-30T00:33:26","date_gmt":"2017-05-29T23:33:26","guid":{"rendered":"http:\/\/lesmarret.marret.co\/?page_id=6545"},"modified":"2017-05-30T00:37:16","modified_gmt":"2017-05-29T23:37:16","slug":"faverelles-la-coudre","status":"publish","type":"page","link":"https:\/\/lesmarret.marret.co\/index.php\/des-lieux-de-famille\/faverelles-la-coudre\/","title":{"rendered":"Faverelles &#8211; La Coudre"},"content":{"rendered":"<p><span style=\"margin: 0px; line-height: 115%; font-family: 'Georgia','serif'; font-size: 12pt;\"><span style=\"color: #000000;\"><a href=\"https:\/\/lesmarret.marret.co\/wp-content\/uploads\/2017\/05\/Faverelles-Ch\u00e2teau-de-la-Coudre-Carte-courrier-1_wp.jpg\"><img loading=\"lazy\" decoding=\"async\" width=\"300\" height=\"200\" class=\"wp-image-6494 alignright\" alt=\"\" src=\"https:\/\/lesmarret.marret.co\/wp-content\/uploads\/2017\/05\/Faverelles-Ch\u00e2teau-de-la-Coudre-Carte-courrier-1_wp.jpg\" data-wp-pid=\"6494\" srcset=\"https:\/\/lesmarret.marret.co\/wp-content\/uploads\/2017\/05\/Faverelles-Ch\u00e2teau-de-la-Coudre-Carte-courrier-1_wp.jpg 495w, https:\/\/lesmarret.marret.co\/wp-content\/uploads\/2017\/05\/Faverelles-Ch\u00e2teau-de-la-Coudre-Carte-courrier-1_wp-300x200.jpg 300w\" sizes=\"auto, (max-width: 300px) 100vw, 300px\" \/><\/a>Dominique Marret (n\u00e9 en 1945) a pass\u00e9 une partie de ses vacances de jeunesse \u00e0 Faverelles, dans le ch\u00e2teau du Puits qui appartenait \u00e0 son grand-p\u00e8re, Henri Marret (1867-1946). En 1993, il fait l\u2019acquisition, dans cette m\u00eame localit\u00e9 de Faverelles, du <strong>ch\u00e2teau de La Coudre<\/strong>; il y demeure encore actuellement\u2026<\/span><\/span><\/p>\n<p style=\"text-align: center;\"><div id=\"metaslider-id-6517\" style=\"max-width: 600px; margin: 0 auto;\" class=\"ml-slider-3-105-0 metaslider metaslider-flex metaslider-6517 ml-slider has-dots-nav ms-theme-default\" role=\"region\" aria-label=\"La Coudre\" data-height=\"400\" data-width=\"600\">\n    <div id=\"metaslider_container_6517\">\n        <div id=\"metaslider_6517\" class=\"flexslider\">\n            <ul class='slides'>\n                <li style=\"display: block; width: 100%;\" class=\"slide-6526 ms-image \" aria-roledescription=\"slide\" data-date=\"2017-05-30 00:15:40\" data-filename=\"Ch\u00e2teau-de-la-Coudre-Faverelles-02_wp-600x400.jpg\" data-slide-type=\"image\"><img loading=\"lazy\" decoding=\"async\" src=\"https:\/\/lesmarret.marret.co\/wp-content\/uploads\/2017\/05\/Ch\u00e2teau-de-la-Coudre-Faverelles-02_wp-600x400.jpg\" height=\"400\" width=\"600\" alt=\"\" class=\"slider-6517 slide-6526 msDefaultImage\" \/><div class=\"caption-wrap\"><div class=\"caption\">FAVERELLES (Loiret) - Ch\u00e2teau de la Coudre<\/div><\/div><\/li>\n                <li style=\"display: none; width: 100%;\" class=\"slide-6527 ms-image \" aria-roledescription=\"slide\" data-date=\"2017-05-30 00:15:40\" data-filename=\"Ch\u00e2teau-de-la-Coudre-Faverelles-01_wp-600x400.jpg\" data-slide-type=\"image\"><img loading=\"lazy\" decoding=\"async\" src=\"https:\/\/lesmarret.marret.co\/wp-content\/uploads\/2017\/05\/Ch\u00e2teau-de-la-Coudre-Faverelles-01_wp-600x400.jpg\" height=\"400\" width=\"600\" alt=\"\" class=\"slider-6517 slide-6527 msDefaultImage\" \/><div class=\"caption-wrap\"><div class=\"caption\">FAVERELLES (Loiret) - Ch\u00e2teau de la Coudre<\/div><\/div><\/li>\n                <li style=\"display: none; width: 100%;\" class=\"slide-7624 ms-image \" aria-roledescription=\"slide\" data-date=\"2018-11-29 15:58:52\" data-filename=\"Ch\u00e2teau-de-la-Coudre-Faverelles-05-600x400.jpg\" data-slide-type=\"image\"><img loading=\"lazy\" decoding=\"async\" src=\"https:\/\/lesmarret.marret.co\/wp-content\/uploads\/2018\/11\/Ch\u00e2teau-de-la-Coudre-Faverelles-05-600x400.jpg\" height=\"400\" width=\"600\" alt=\"\" class=\"slider-6517 slide-7624 msDefaultImage\" title=\"Ch\u00e2teau de la Coudre (Faverelles) 05\" \/><div class=\"caption-wrap\"><div class=\"caption\">FAVERELLES (Loiret) - Ch\u00e2teau de la Coudre<\/div><\/div><\/li>\n                <li style=\"display: none; width: 100%;\" class=\"slide-6525 ms-image \" aria-roledescription=\"slide\" data-date=\"2017-05-30 00:15:40\" data-filename=\"Ch\u00e2teau-de-la-Coudre-Faverelles-04_wp-600x400.jpg\" data-slide-type=\"image\"><img loading=\"lazy\" decoding=\"async\" src=\"https:\/\/lesmarret.marret.co\/wp-content\/uploads\/2017\/05\/Ch\u00e2teau-de-la-Coudre-Faverelles-04_wp-600x400.jpg\" height=\"400\" width=\"600\" alt=\"\" class=\"slider-6517 slide-6525 msDefaultImage\" \/><div class=\"caption-wrap\"><div class=\"caption\">FAVERELLES (Loiret) - Ch\u00e2teau de la Coudre<\/div><\/div><\/li>\n                <li style=\"display: none; width: 100%;\" class=\"slide-6555 ms-image \" aria-roledescription=\"slide\" data-date=\"2017-05-30 01:04:05\" data-filename=\"Faverelles-La-Coudre-2011-05_023a_wp-600x400.jpg\" data-slide-type=\"image\"><img loading=\"lazy\" decoding=\"async\" src=\"https:\/\/lesmarret.marret.co\/wp-content\/uploads\/2017\/05\/Faverelles-La-Coudre-2011-05_023a_wp-600x400.jpg\" height=\"400\" width=\"600\" alt=\"\" class=\"slider-6517 slide-6555 msDefaultImage\" \/><\/li>\n                <li style=\"display: none; width: 100%;\" class=\"slide-6523 ms-image \" aria-roledescription=\"slide\" data-date=\"2017-05-30 00:15:40\" data-filename=\"Faverelles-La-Coudre-2011-05_016_wp-600x400.jpg\" data-slide-type=\"image\"><img loading=\"lazy\" decoding=\"async\" src=\"https:\/\/lesmarret.marret.co\/wp-content\/uploads\/2017\/05\/Faverelles-La-Coudre-2011-05_016_wp-600x400.jpg\" height=\"400\" width=\"600\" alt=\"\" class=\"slider-6517 slide-6523 msDefaultImage\" \/><\/li>\n                <li style=\"display: none; width: 100%;\" class=\"slide-6522 ms-image \" aria-roledescription=\"slide\" data-date=\"2017-05-30 00:15:39\" data-filename=\"Faverelles-La-Coudre-2011-05_018_wp-600x400.jpg\" data-slide-type=\"image\"><img loading=\"lazy\" decoding=\"async\" src=\"https:\/\/lesmarret.marret.co\/wp-content\/uploads\/2017\/05\/Faverelles-La-Coudre-2011-05_018_wp-600x400.jpg\" height=\"400\" width=\"600\" alt=\"\" class=\"slider-6517 slide-6522 msDefaultImage\" \/><\/li>\n                <li style=\"display: none; width: 100%;\" class=\"slide-6521 ms-image \" aria-roledescription=\"slide\" data-date=\"2017-05-30 00:15:39\" data-filename=\"Faverelles-La-Coudre-2011-05_019_wp-600x400.jpg\" data-slide-type=\"image\"><img loading=\"lazy\" decoding=\"async\" src=\"https:\/\/lesmarret.marret.co\/wp-content\/uploads\/2017\/05\/Faverelles-La-Coudre-2011-05_019_wp-600x400.jpg\" height=\"400\" width=\"600\" alt=\"\" class=\"slider-6517 slide-6521 msDefaultImage\" \/><\/li>\n                <li style=\"display: none; width: 100%;\" class=\"slide-6520 ms-image \" aria-roledescription=\"slide\" data-date=\"2017-05-30 00:15:39\" data-filename=\"Faverelles-La-Coudre-2011-05_020_wp-600x400.jpg\" data-slide-type=\"image\"><img loading=\"lazy\" decoding=\"async\" src=\"https:\/\/lesmarret.marret.co\/wp-content\/uploads\/2017\/05\/Faverelles-La-Coudre-2011-05_020_wp-600x400.jpg\" height=\"400\" width=\"600\" alt=\"\" class=\"slider-6517 slide-6520 msDefaultImage\" \/><\/li>\n                <li style=\"display: none; width: 100%;\" class=\"slide-6519 ms-image \" aria-roledescription=\"slide\" data-date=\"2017-05-30 00:15:39\" data-filename=\"Faverelles-La-Coudre-2011-05_021_wp-600x400.jpg\" data-slide-type=\"image\"><img loading=\"lazy\" decoding=\"async\" src=\"https:\/\/lesmarret.marret.co\/wp-content\/uploads\/2017\/05\/Faverelles-La-Coudre-2011-05_021_wp-600x400.jpg\" height=\"400\" width=\"600\" alt=\"\" class=\"slider-6517 slide-6519 msDefaultImage\" \/><\/li>\n            <\/ul>\n        <\/div>\n        \n    <\/div>\n<\/div><\/p>\n","protected":false},"excerpt":{"rendered":"<p>Dominique Marret (n\u00e9 en 1945) a pass\u00e9 une partie de ses vacances de jeunesse \u00e0 Faverelles, dans le ch\u00e2teau du Puits qui appartenait \u00e0 son grand-p\u00e8re, Henri Marret (1867-1946). En 1993, il fait l\u2019acquisition, dans cette m\u00eame localit\u00e9 de Faverelles, &hellip; <a href=\"https:\/\/lesmarret.marret.co\/index.php\/des-lieux-de-famille\/faverelles-la-coudre\/\">Continuer la lecture <span class=\"meta-nav\">&rarr;<\/span><\/a><\/p>\n","protected":false},"author":1,"featured_media":0,"parent":5382,"menu_order":0,"comment_status":"closed","ping_status":"closed","template":"","meta":{"_monsterinsights_skip_tracking":false,"_monsterinsights_sitenote_active":false,"_monsterinsights_sitenote_note":"","_monsterinsights_sitenote_category":0,"ngg_post_thumbnail":0,"footnotes":""},"class_list":["post-6545","page","type-page","status-publish","hentry"],"aioseo_notices":[],"_links":{"self":[{"href":"https:\/\/lesmarret.marret.co\/index.php\/wp-json\/wp\/v2\/pages\/6545","targetHints":{"allow":["GET"]}}],"collection":[{"href":"https:\/\/lesmarret.marret.co\/index.php\/wp-json\/wp\/v2\/pages"}],"about":[{"href":"https:\/\/lesmarret.marret.co\/index.php\/wp-json\/wp\/v2\/types\/page"}],"author":[{"embeddable":true,"href":"https:\/\/lesmarret.marret.co\/index.php\/wp-json\/wp\/v2\/users\/1"}],"replies":[{"embeddable":true,"href":"https:\/\/lesmarret.marret.co\/index.php\/wp-json\/wp\/v2\/comments?post=6545"}],"version-history":[{"count":0,"href":"https:\/\/lesmarret.marret.co\/index.php\/wp-json\/wp\/v2\/pages\/6545\/revisions"}],"up":[{"embeddable":true,"href":"https:\/\/lesmarret.marret.co\/index.php\/wp-json\/wp\/v2\/pages\/5382"}],"wp:attachment":[{"href":"https:\/\/lesmarret.marret.co\/index.php\/wp-json\/wp\/v2\/media?parent=6545"}],"curies":[{"name":"wp","href":"https:\/\/api.w.org\/{rel}","templated":true}]}}