{"id":7034,"date":"2017-06-21T23:54:47","date_gmt":"2017-06-21T22:54:47","guid":{"rendered":"http:\/\/lesmarret.marret.co\/?page_id=7034"},"modified":"2022-06-24T21:50:21","modified_gmt":"2022-06-24T20:50:21","slug":"henri-marret-references-bibliographiques","status":"publish","type":"page","link":"https:\/\/lesmarret.marret.co\/index.php\/les-descendants-de-pierre-marret-lancetre-de-tourzel\/henri-marret\/henri-marret-references-bibliographiques\/","title":{"rendered":"Henri Marret &#8211; R\u00e9f\u00e9rences bibliographiques"},"content":{"rendered":"<p><span lang=\"FR\"><span style=\"color: #000000;\">L\u2019\u0153uvre d\u2019Henri Marret a fait l\u2019objet de nombreux articles et publications&nbsp;; la liste pr\u00e9sent\u00e9e ici n\u2019en recense qu\u2019une partie, mais la plupart d\u2019entre eux sont accessibles par Internet ou t\u00e9l\u00e9chargeables\u2026<\/span><\/span><\/p>\n<ul>\n<li>Alexandre, Ars\u00e8ne. \u00ab&nbsp;Les peintres \u00e0 l\u2019exposition&nbsp;\u00bb. <em>La Renaissance de l\u2019Art fran\u00e7ais et des Industries de luxe<\/em>, ao\u00fbt 1925, pp. 337-348.<\/li>\n<li>Marine Bayle, \u00c9l\u00e9onore Gueit, \u00c9velyne Darque-Ceretti, Matthieu Horgnies et Marc Aucouturier, \u00ab&nbsp;<a href=\"https:\/\/journals.openedition.org\/insitu\/10813\" target=\"_blank\" rel=\"noopener\">La fresque sur ciment : un renouveau artistique<\/a>&nbsp;\u00bb, <em>In Situ<\/em> 22 I 2013.<\/li>\n<li>Denis, Maurice. \u00ab Henri Marret \u00bb. <em>L\u2019Art et les artistes<\/em> n<sup>o<\/sup>&nbsp;93, janvier 1929, pp.&nbsp;121-125.<\/li>\n<li>Denis, Maurice. \u00ab&nbsp;\u00c9tat actuel de l\u2019art religieux&nbsp;\u00bb. <em>Gazette des Beaux-Arts<\/em>, juillet 1933, pp.38-57.<\/li>\n<li>Filleux, P. \u00ab&nbsp;Le chemin de croix de Saint-Louis de Vincennes par Henri Marret&nbsp;\u00bb. \u00c9ditions \u00ab&nbsp;Notre belle \u00e9glise&nbsp;\u00bb. Vincennes, 1932.<\/li>\n<li>Mus\u00e9e des Beaux-Arts de Quimper \u00ab&nbsp;Henri Marret (1878-1964) \u2013 Parcourir la Bretagne. 23 novembre 2013 &#8211; 17 mars 2014 \u00bb. Dossier p\u00e9dagogique. Quimper, 2013.&nbsp;<\/li>\n<li>Varenne Gaston. \u00ab&nbsp;Henri Marret, d\u00e9corateur et ses Fresques pour l\u2019A\u00e9rium d\u2019Ar\u00e8s&nbsp;\u00bb. <em>Art et d\u00e9coration<\/em> n<sup>o<\/sup>&nbsp;9, septembre&nbsp;1913, pp.&nbsp;77-80.<\/li>\n<\/ul>\n<p>&nbsp;<\/p>\n<h3 style=\"text-align: center;\"><strong><em>Catalogues d\u2019exposition<\/em><\/strong><\/h3>\n<p>&nbsp;<\/p>\n<p style=\"text-align: center;\"><a href=\"https:\/\/lesmarret.marret.co\/wp-content\/uploads\/2017\/06\/1981-Mus\u00e9e-de-Meudon-Catalogue-c0_wp.jpg\"><img loading=\"lazy\" decoding=\"async\" class=\"wp-image-6960 alignleft\" src=\"https:\/\/lesmarret.marret.co\/wp-content\/uploads\/2017\/06\/1981-Mus\u00e9e-de-Meudon-Catalogue-c0_wp.jpg\" alt=\"\" width=\"200\" height=\"200\" data-wp-pid=\"6960\" srcset=\"https:\/\/lesmarret.marret.co\/wp-content\/uploads\/2017\/06\/1981-Mus\u00e9e-de-Meudon-Catalogue-c0_wp.jpg 886w, https:\/\/lesmarret.marret.co\/wp-content\/uploads\/2017\/06\/1981-Mus\u00e9e-de-Meudon-Catalogue-c0_wp-150x150.jpg 150w, https:\/\/lesmarret.marret.co\/wp-content\/uploads\/2017\/06\/1981-Mus\u00e9e-de-Meudon-Catalogue-c0_wp-300x300.jpg 300w, https:\/\/lesmarret.marret.co\/wp-content\/uploads\/2017\/06\/1981-Mus\u00e9e-de-Meudon-Catalogue-c0_wp-768x768.jpg 768w, https:\/\/lesmarret.marret.co\/wp-content\/uploads\/2017\/06\/1981-Mus\u00e9e-de-Meudon-Catalogue-c0_wp-800x800.jpg 800w, https:\/\/lesmarret.marret.co\/wp-content\/uploads\/2017\/06\/1981-Mus\u00e9e-de-Meudon-Catalogue-c0_wp-600x600.jpg 600w\" sizes=\"auto, (max-width: 200px) 100vw, 200px\" \/><\/a> 1981 &#8211; Meudon<img loading=\"lazy\" decoding=\"async\" class=\"wp-image-6964 alignright\" src=\"https:\/\/lesmarret.marret.co\/wp-content\/uploads\/2017\/06\/1981-Mus\u00e9e-de-Meudon-p13_wp.jpg\" alt=\"\" width=\"200\" height=\"200\" data-wp-pid=\"6964\" srcset=\"https:\/\/lesmarret.marret.co\/wp-content\/uploads\/2017\/06\/1981-Mus\u00e9e-de-Meudon-p13_wp.jpg 886w, https:\/\/lesmarret.marret.co\/wp-content\/uploads\/2017\/06\/1981-Mus\u00e9e-de-Meudon-p13_wp-150x150.jpg 150w, https:\/\/lesmarret.marret.co\/wp-content\/uploads\/2017\/06\/1981-Mus\u00e9e-de-Meudon-p13_wp-300x300.jpg 300w, https:\/\/lesmarret.marret.co\/wp-content\/uploads\/2017\/06\/1981-Mus\u00e9e-de-Meudon-p13_wp-768x768.jpg 768w, https:\/\/lesmarret.marret.co\/wp-content\/uploads\/2017\/06\/1981-Mus\u00e9e-de-Meudon-p13_wp-800x800.jpg 800w, https:\/\/lesmarret.marret.co\/wp-content\/uploads\/2017\/06\/1981-Mus\u00e9e-de-Meudon-p13_wp-600x600.jpg 600w\" sizes=\"auto, (max-width: 200px) 100vw, 200px\" \/><\/p>\n<p>Villadier, Francis. \u00ab&nbsp;Henri Marret &#8211; Frank Boggs \u2013 Frank Will \u2013 Andr\u00e9 Dunoyer de Segonzac&nbsp;\u00bb. <em>Mus\u00e9e d\u2019Art et d\u2019histoire de la ville de Meudon<\/em>. 1981.<\/p>\n<p>&nbsp;<\/p>\n<p><a href=\"https:\/\/lesmarret.marret.co\/wp-content\/uploads\/2017\/06\/2005-HM-Henri-Marret-c4-c1_wp.jpg\"><img loading=\"lazy\" decoding=\"async\" class=\"wp-image-6966 alignleft\" src=\"https:\/\/lesmarret.marret.co\/wp-content\/uploads\/2017\/06\/2005-HM-Henri-Marret-c4-c1_wp.jpg\" alt=\"\" width=\"327\" height=\"233\" data-wp-pid=\"6966\" srcset=\"https:\/\/lesmarret.marret.co\/wp-content\/uploads\/2017\/06\/2005-HM-Henri-Marret-c4-c1_wp.jpg 886w, https:\/\/lesmarret.marret.co\/wp-content\/uploads\/2017\/06\/2005-HM-Henri-Marret-c4-c1_wp-300x214.jpg 300w, https:\/\/lesmarret.marret.co\/wp-content\/uploads\/2017\/06\/2005-HM-Henri-Marret-c4-c1_wp-768x547.jpg 768w, https:\/\/lesmarret.marret.co\/wp-content\/uploads\/2017\/06\/2005-HM-Henri-Marret-c4-c1_wp-800x570.jpg 800w, https:\/\/lesmarret.marret.co\/wp-content\/uploads\/2017\/06\/2005-HM-Henri-Marret-c4-c1_wp-600x427.jpg 600w\" sizes=\"auto, (max-width: 327px) 100vw, 327px\" \/><\/a><\/p>\n<p>&nbsp;<\/p>\n<p style=\"text-align: center;\">2005 \u2013 Pont-Aven<\/p>\n<p>Puget, Catherine et Jacques Faraut et Anne Le Chevallier. \u00ab&nbsp;Henri Marret (1878-1964)\u00bb. <em>Mus\u00e9e de Pont-Aven<\/em>. Pont-Aven, 2005. 32&nbsp;pages, 17&nbsp;x24&nbsp;cm.<\/p>\n<p>&nbsp;<\/p>\n<p><a href=\"https:\/\/lesmarret.marret.co\/wp-content\/uploads\/2017\/06\/2008-07-Avranches-Henri-Marret-la-passion-de-peindre-Catalogue-1_wp.jpg\"><img loading=\"lazy\" decoding=\"async\" class=\"wp-image-6971 alignright\" src=\"https:\/\/lesmarret.marret.co\/wp-content\/uploads\/2017\/06\/2008-07-Avranches-Henri-Marret-la-passion-de-peindre-Catalogue-1_wp.jpg\" alt=\"\" width=\"218\" height=\"185\" data-wp-pid=\"6971\" srcset=\"https:\/\/lesmarret.marret.co\/wp-content\/uploads\/2017\/06\/2008-07-Avranches-Henri-Marret-la-passion-de-peindre-Catalogue-1_wp.jpg 886w, https:\/\/lesmarret.marret.co\/wp-content\/uploads\/2017\/06\/2008-07-Avranches-Henri-Marret-la-passion-de-peindre-Catalogue-1_wp-300x255.jpg 300w, https:\/\/lesmarret.marret.co\/wp-content\/uploads\/2017\/06\/2008-07-Avranches-Henri-Marret-la-passion-de-peindre-Catalogue-1_wp-768x654.jpg 768w, https:\/\/lesmarret.marret.co\/wp-content\/uploads\/2017\/06\/2008-07-Avranches-Henri-Marret-la-passion-de-peindre-Catalogue-1_wp-800x681.jpg 800w, https:\/\/lesmarret.marret.co\/wp-content\/uploads\/2017\/06\/2008-07-Avranches-Henri-Marret-la-passion-de-peindre-Catalogue-1_wp-600x511.jpg 600w\" sizes=\"auto, (max-width: 218px) 100vw, 218px\" \/><\/a><\/p>\n<p>&nbsp;<\/p>\n<p style=\"text-align: center;\">2008 \u2013 Avranches<\/p>\n<p>\u00ab&nbsp;Henri Marret \u2013 La passion de peindre&nbsp;\u00bb. <em>Mus\u00e9e d\u2019Art et d\u2019Histoire d\u2019Avranches<\/em>. 2008. 42&nbsp;pages, 23&nbsp;x&nbsp;19&nbsp;cm.<\/p>\n<p>&nbsp;<\/p>\n<p>&nbsp;<\/p>\n<p><a href=\"https:\/\/lesmarret.marret.co\/wp-content\/uploads\/2017\/06\/2009-09-HM-Exposition-Fourqueux-Catalogue-c1_wp.jpg\"><img loading=\"lazy\" decoding=\"async\" class=\"wp-image-6947 alignleft\" src=\"https:\/\/lesmarret.marret.co\/wp-content\/uploads\/2017\/06\/2009-09-HM-Exposition-Fourqueux-Catalogue-c1_wp.jpg\" alt=\"\" width=\"161\" height=\"232\" data-wp-pid=\"6947\" srcset=\"https:\/\/lesmarret.marret.co\/wp-content\/uploads\/2017\/06\/2009-09-HM-Exposition-Fourqueux-Catalogue-c1_wp.jpg 617w, https:\/\/lesmarret.marret.co\/wp-content\/uploads\/2017\/06\/2009-09-HM-Exposition-Fourqueux-Catalogue-c1_wp-209x300.jpg 209w, https:\/\/lesmarret.marret.co\/wp-content\/uploads\/2017\/06\/2009-09-HM-Exposition-Fourqueux-Catalogue-c1_wp-418x600.jpg 418w\" sizes=\"auto, (max-width: 161px) 100vw, 161px\" \/><\/a> <a href=\"https:\/\/lesmarret.marret.co\/wp-content\/uploads\/2017\/05\/Fourqueux-Maison-dHenri-Marret-Facade-sur-jardin_wp.jpg\"><img loading=\"lazy\" decoding=\"async\" class=\"wp-image-5902 alignright\" src=\"https:\/\/lesmarret.marret.co\/wp-content\/uploads\/2017\/05\/Fourqueux-Maison-dHenri-Marret-Facade-sur-jardin_wp.jpg\" alt=\"\" width=\"167\" height=\"232\" data-wp-pid=\"5902\" srcset=\"https:\/\/lesmarret.marret.co\/wp-content\/uploads\/2017\/05\/Fourqueux-Maison-dHenri-Marret-Facade-sur-jardin_wp.jpg 637w, https:\/\/lesmarret.marret.co\/wp-content\/uploads\/2017\/05\/Fourqueux-Maison-dHenri-Marret-Facade-sur-jardin_wp-216x300.jpg 216w, https:\/\/lesmarret.marret.co\/wp-content\/uploads\/2017\/05\/Fourqueux-Maison-dHenri-Marret-Facade-sur-jardin_wp-431x600.jpg 431w\" sizes=\"auto, (max-width: 167px) 100vw, 167px\" \/><\/a><\/p>\n<p>&nbsp;<\/p>\n<p style=\"text-align: center;\">2009 \u2013 Fourqueux<\/p>\n<p>\u00ab&nbsp;Henri Marret chez lui \u00e0 Fourqueux&nbsp;\u00bb. <em>Fourqueux Patrimoine<\/em>. 2009. 17&nbsp;pages, 15&nbsp;x&nbsp;21&nbsp;cm.<\/p>\n<p>&nbsp;<\/p>\n<p>&nbsp;<\/p>\n<p style=\"text-align: center;\"><a href=\"https:\/\/lesmarret.marret.co\/wp-content\/uploads\/2017\/06\/2009-10-HM-Exposition-Pau-Catalogue-c0_wp.jpg\"><img loading=\"lazy\" decoding=\"async\" class=\"wp-image-6972 alignleft\" src=\"https:\/\/lesmarret.marret.co\/wp-content\/uploads\/2017\/06\/2009-10-HM-Exposition-Pau-Catalogue-c0_wp.jpg\" alt=\"\" width=\"176\" height=\"232\" data-wp-pid=\"6972\" srcset=\"https:\/\/lesmarret.marret.co\/wp-content\/uploads\/2017\/06\/2009-10-HM-Exposition-Pau-Catalogue-c0_wp.jpg 672w, https:\/\/lesmarret.marret.co\/wp-content\/uploads\/2017\/06\/2009-10-HM-Exposition-Pau-Catalogue-c0_wp-228x300.jpg 228w, https:\/\/lesmarret.marret.co\/wp-content\/uploads\/2017\/06\/2009-10-HM-Exposition-Pau-Catalogue-c0_wp-455x600.jpg 455w\" sizes=\"auto, (max-width: 176px) 100vw, 176px\" \/><\/a> <a href=\"https:\/\/lesmarret.marret.co\/wp-content\/uploads\/2017\/06\/2009-10-HM-Exposition-Pau-Catalogue-p29-Le-Croisic_wp.jpg\"><img loading=\"lazy\" decoding=\"async\" class=\"wp-image-6974 alignright\" src=\"https:\/\/lesmarret.marret.co\/wp-content\/uploads\/2017\/06\/2009-10-HM-Exposition-Pau-Catalogue-p29-Le-Croisic_wp-854x1024.jpg\" alt=\"\" width=\"194\" height=\"232\" data-wp-pid=\"6974\" srcset=\"https:\/\/lesmarret.marret.co\/wp-content\/uploads\/2017\/06\/2009-10-HM-Exposition-Pau-Catalogue-p29-Le-Croisic_wp-854x1024.jpg 854w, https:\/\/lesmarret.marret.co\/wp-content\/uploads\/2017\/06\/2009-10-HM-Exposition-Pau-Catalogue-p29-Le-Croisic_wp-250x300.jpg 250w, https:\/\/lesmarret.marret.co\/wp-content\/uploads\/2017\/06\/2009-10-HM-Exposition-Pau-Catalogue-p29-Le-Croisic_wp-768x921.jpg 768w, https:\/\/lesmarret.marret.co\/wp-content\/uploads\/2017\/06\/2009-10-HM-Exposition-Pau-Catalogue-p29-Le-Croisic_wp-800x959.jpg 800w, https:\/\/lesmarret.marret.co\/wp-content\/uploads\/2017\/06\/2009-10-HM-Exposition-Pau-Catalogue-p29-Le-Croisic_wp-500x600.jpg 500w, https:\/\/lesmarret.marret.co\/wp-content\/uploads\/2017\/06\/2009-10-HM-Exposition-Pau-Catalogue-p29-Le-Croisic_wp.jpg 985w\" sizes=\"auto, (max-width: 194px) 100vw, 194px\" \/><\/a>2009 &#8211; Pau<\/p>\n<p>Ambroise, Guillaume et Patrick Descamps. \u00ab&nbsp;Henri Marret (1878-1964) &#8211; Un \u00e9t\u00e9 espagnol&nbsp;\u00bb. <em>Mus\u00e9e des Beaux-Arts de Pau<\/em>. Le Festin. Bordeaux, 2009. 128&nbsp;pages, 21&nbsp;x&nbsp;27&nbsp;cm.<\/p>\n<p>&nbsp;<\/p>\n<p><a href=\"https:\/\/lesmarret.marret.co\/wp-content\/uploads\/2017\/06\/2013-HM-Parcourir-la-Bretagne-c1_wp.jpg\"><img loading=\"lazy\" decoding=\"async\" class=\"wp-image-6978 alignleft\" src=\"https:\/\/lesmarret.marret.co\/wp-content\/uploads\/2017\/06\/2013-HM-Parcourir-la-Bretagne-c1_wp.jpg\" alt=\"\" width=\"180\" height=\"232\" data-wp-pid=\"6978\" srcset=\"https:\/\/lesmarret.marret.co\/wp-content\/uploads\/2017\/06\/2013-HM-Parcourir-la-Bretagne-c1_wp.jpg 689w, https:\/\/lesmarret.marret.co\/wp-content\/uploads\/2017\/06\/2013-HM-Parcourir-la-Bretagne-c1_wp-233x300.jpg 233w, https:\/\/lesmarret.marret.co\/wp-content\/uploads\/2017\/06\/2013-HM-Parcourir-la-Bretagne-c1_wp-467x600.jpg 467w\" sizes=\"auto, (max-width: 180px) 100vw, 180px\" \/><\/a> <a href=\"https:\/\/lesmarret.marret.co\/wp-content\/uploads\/2017\/06\/2013-11-22-Exposition-Henri-Marret-Inauguration-r_wp.jpg\"><img loading=\"lazy\" decoding=\"async\" class=\"wp-image-6979 alignright\" src=\"https:\/\/lesmarret.marret.co\/wp-content\/uploads\/2017\/06\/2013-11-22-Exposition-Henri-Marret-Inauguration-r_wp.jpg\" alt=\"\" width=\"166\" height=\"232\" data-wp-pid=\"6979\" srcset=\"https:\/\/lesmarret.marret.co\/wp-content\/uploads\/2017\/06\/2013-11-22-Exposition-Henri-Marret-Inauguration-r_wp.jpg 633w, https:\/\/lesmarret.marret.co\/wp-content\/uploads\/2017\/06\/2013-11-22-Exposition-Henri-Marret-Inauguration-r_wp-214x300.jpg 214w, https:\/\/lesmarret.marret.co\/wp-content\/uploads\/2017\/06\/2013-11-22-Exposition-Henri-Marret-Inauguration-r_wp-429x600.jpg 429w\" sizes=\"auto, (max-width: 166px) 100vw, 166px\" \/><\/a><\/p>\n<p>&nbsp;<\/p>\n<p style=\"text-align: center;\">2013 &#8211; Quimper<\/p>\n<p>Ambroise, Guillaume et Patrick Descamps. \u00ab&nbsp;Henri Marret \u2013 Parcourir la Bretagne&nbsp;\u00bb. <em>Mus\u00e9e des Beaux-Arts de Quimper<\/em>. Locus Solus. Saint-Thonan, 2013. 128&nbsp;pages, 20&nbsp;x&nbsp;28&nbsp;cm.<\/p>\n<p>&nbsp;<\/p>\n<p><a href=\"https:\/\/lesmarret.marret.co\/wp-content\/uploads\/2017\/06\/2014-HM-Peintres-en-guerre-c0_wp.jpg\"><img loading=\"lazy\" decoding=\"async\" class=\"wp-image-6981 alignleft\" src=\"https:\/\/lesmarret.marret.co\/wp-content\/uploads\/2017\/06\/2014-HM-Peintres-en-guerre-c0_wp.jpg\" alt=\"\" width=\"198\" height=\"232\" data-wp-pid=\"6981\" srcset=\"https:\/\/lesmarret.marret.co\/wp-content\/uploads\/2017\/06\/2014-HM-Peintres-en-guerre-c0_wp.jpg 755w, https:\/\/lesmarret.marret.co\/wp-content\/uploads\/2017\/06\/2014-HM-Peintres-en-guerre-c0_wp-256x300.jpg 256w, https:\/\/lesmarret.marret.co\/wp-content\/uploads\/2017\/06\/2014-HM-Peintres-en-guerre-c0_wp-511x600.jpg 511w\" sizes=\"auto, (max-width: 198px) 100vw, 198px\" \/><\/a><\/p>\n<p style=\"text-align: center;\"><a href=\"https:\/\/lesmarret.marret.co\/wp-content\/uploads\/2017\/10\/1919-HM-La-piste-le-soir_wp.jpg\"><img loading=\"lazy\" decoding=\"async\" class=\"wp-image-7394 alignright\" src=\"https:\/\/lesmarret.marret.co\/wp-content\/uploads\/2017\/10\/1919-HM-La-piste-le-soir_wp.jpg\" alt=\"\" width=\"207\" height=\"215\" data-wp-pid=\"7394\" srcset=\"https:\/\/lesmarret.marret.co\/wp-content\/uploads\/2017\/10\/1919-HM-La-piste-le-soir_wp.jpg 851w, https:\/\/lesmarret.marret.co\/wp-content\/uploads\/2017\/10\/1919-HM-La-piste-le-soir_wp-288x300.jpg 288w, https:\/\/lesmarret.marret.co\/wp-content\/uploads\/2017\/10\/1919-HM-La-piste-le-soir_wp-768x800.jpg 768w, https:\/\/lesmarret.marret.co\/wp-content\/uploads\/2017\/10\/1919-HM-La-piste-le-soir_wp-800x833.jpg 800w, https:\/\/lesmarret.marret.co\/wp-content\/uploads\/2017\/10\/1919-HM-La-piste-le-soir_wp-576x600.jpg 576w\" sizes=\"auto, (max-width: 207px) 100vw, 207px\" \/><\/a>2014 &#8211; Bergues<\/p>\n<p>Descamps, Patrick. \u00ab&nbsp;Peintres en guerre&nbsp;: Henri Marret (1878-1964) et Robert Lotiron (1886-1966)&nbsp;\u00bb. <em>Mus\u00e9e du Mont-de-Pi\u00e9t\u00e9 de Bergues<\/em>. 2014. 79&nbsp;pages, 25&nbsp;cm.<\/p>\n","protected":false},"excerpt":{"rendered":"<p>L\u2019\u0153uvre d\u2019Henri Marret a fait l\u2019objet de nombreux articles et publications&nbsp;; la liste pr\u00e9sent\u00e9e ici n\u2019en recense qu\u2019une partie, mais la plupart d\u2019entre eux sont accessibles par Internet ou t\u00e9l\u00e9chargeables\u2026 Alexandre, Ars\u00e8ne. \u00ab&nbsp;Les peintres \u00e0 l\u2019exposition&nbsp;\u00bb. La Renaissance de l\u2019Art &hellip; <a href=\"https:\/\/lesmarret.marret.co\/index.php\/les-descendants-de-pierre-marret-lancetre-de-tourzel\/henri-marret\/henri-marret-references-bibliographiques\/\">Continuer la lecture <span class=\"meta-nav\">&rarr;<\/span><\/a><\/p>\n","protected":false},"author":1,"featured_media":0,"parent":7098,"menu_order":0,"comment_status":"closed","ping_status":"closed","template":"","meta":{"_monsterinsights_skip_tracking":false,"_monsterinsights_sitenote_active":false,"_monsterinsights_sitenote_note":"","_monsterinsights_sitenote_category":0,"ngg_post_thumbnail":0,"footnotes":""},"class_list":["post-7034","page","type-page","status-publish","hentry"],"aioseo_notices":[],"_links":{"self":[{"href":"https:\/\/lesmarret.marret.co\/index.php\/wp-json\/wp\/v2\/pages\/7034","targetHints":{"allow":["GET"]}}],"collection":[{"href":"https:\/\/lesmarret.marret.co\/index.php\/wp-json\/wp\/v2\/pages"}],"about":[{"href":"https:\/\/lesmarret.marret.co\/index.php\/wp-json\/wp\/v2\/types\/page"}],"author":[{"embeddable":true,"href":"https:\/\/lesmarret.marret.co\/index.php\/wp-json\/wp\/v2\/users\/1"}],"replies":[{"embeddable":true,"href":"https:\/\/lesmarret.marret.co\/index.php\/wp-json\/wp\/v2\/comments?post=7034"}],"version-history":[{"count":3,"href":"https:\/\/lesmarret.marret.co\/index.php\/wp-json\/wp\/v2\/pages\/7034\/revisions"}],"predecessor-version":[{"id":7903,"href":"https:\/\/lesmarret.marret.co\/index.php\/wp-json\/wp\/v2\/pages\/7034\/revisions\/7903"}],"up":[{"embeddable":true,"href":"https:\/\/lesmarret.marret.co\/index.php\/wp-json\/wp\/v2\/pages\/7098"}],"wp:attachment":[{"href":"https:\/\/lesmarret.marret.co\/index.php\/wp-json\/wp\/v2\/media?parent=7034"}],"curies":[{"name":"wp","href":"https:\/\/api.w.org\/{rel}","templated":true}]}}