{"id":7098,"date":"2017-06-21T23:52:06","date_gmt":"2017-06-21T22:52:06","guid":{"rendered":"http:\/\/lesmarret.marret.co\/?page_id=7098"},"modified":"2023-08-28T23:31:47","modified_gmt":"2023-08-28T22:31:47","slug":"henri-marret","status":"publish","type":"page","link":"https:\/\/lesmarret.marret.co\/index.php\/les-descendants-de-pierre-marret-lancetre-de-tourzel\/henri-marret\/","title":{"rendered":"Henri Marret"},"content":{"rendered":"<p style=\"padding-left: 30px;\"><span style=\"color: #008000; font-size: 10pt;\">&nbsp;&nbsp; Table des mati\u00e8res :&nbsp;<\/span> <span style=\"font-size: 10pt;\"><a href=\"#Debuts\"><span style=\"color: #008000;\">Ses d\u00e9buts<\/span><\/a>&nbsp; <\/span><span style=\"font-size: 10pt;\"><a href=\"#Exposant\"><span style=\"color: #008000;\">L&rsquo;exposant<\/span><\/a>&nbsp; <\/span><span style=\"font-size: 10pt;\"><a href=\"#Decorateur\"><span style=\"color: #008000;\">Le d\u00e9corateur d&rsquo;\u00e9difices civils<\/span><\/a>&nbsp; <\/span><span style=\"font-size: 10pt;\"><a href=\"#A1914-1918\"><span style=\"color: #008000;\">\u00c0 la guerre de 1914-1918<\/span><\/a> &nbsp; &nbsp; &nbsp; &nbsp; &nbsp; &nbsp; &nbsp; &nbsp; &nbsp; &nbsp; &nbsp; &nbsp; &nbsp; &nbsp; &nbsp; &nbsp; &nbsp; &nbsp; &nbsp; &nbsp; &nbsp; &nbsp;&nbsp; <\/span><span style=\"font-size: 10pt;\"><a href=\"#Croyant\"><span style=\"color: #008000;\">L&rsquo;artiste croyant<\/span><\/a>&nbsp; <\/span><span style=\"font-size: 10pt;\"><a href=\"#Illustrateur\"><span style=\"color: #008000;\">L&rsquo;illustrateur<\/span><\/a>&nbsp; <\/span><span style=\"font-size: 10pt;\"><a href=\"#Voyageur\"><span style=\"color: #008000;\">Le voyageur<\/span><\/a>&nbsp; <\/span><span style=\"font-size: 10pt;\"><a href=\"#Descendance\"><span style=\"color: #008000;\">Sa descendance<\/span><\/a>&nbsp;<a id=\"Debuts\"><\/a><\/span><\/p>\n<p style=\"padding-left: 30px;\"><b><i>Ses d\u00e9buts<\/i><\/b><\/p>\n<p>Fils d\u2019Ernest Marret (1835-1911), bijoutier-joaillier, et de Cl\u00e9mence Broquet (1840-1904), Henri Marret na\u00eet \u00e0 Paris le 15 f\u00e9vrier 1878, seize ans apr\u00e8s Charles, son fr\u00e8re a\u00een\u00e9 et quatorze ans apr\u00e8s Paul, le cadet.<\/p>\n<p>Enfant tr\u00e8s sensible, il ne supporte pas l\u2019internat et passe sa jeunesse entre Saint-Germain-en-Laye et Fourqueux, pr\u00e8s de ses parents. Son p\u00e8re dessine lui-m\u00eame ses mod\u00e8les de bijoux et peint \u00e9galement des aquarelles, ce qui contribue \u00e0 donner tr\u00e8s t\u00f4t &nbsp;\u00e0 son fils Henri un go\u00fbt pour le dessin. Adolescent, il r\u00e9alise sa premi\u00e8re peinture murale \u2013 un paysage de montagne pyr\u00e9n\u00e9enne \u2013 dans la maison de Fourqueux.<\/p>\n<p>Apr\u00e8s avoir fait \u2013 et r\u00e9ussi \u2013 ses \u00e9tudes secondaires \u00e0 Versailles, il entre \u00e0 l\u2019\u00c9cole des Beaux-Arts o\u00f9 il suit les cours de Fernand Cormon, de Jacques Humbert, d\u2019Eug\u00e8ne Thirion, et un peu plus tard, de Paul Baudouin, ce dernier \u00e9tant chef d\u2019atelier de fresque.<a id=\"Exposant\"><\/a><\/p>\n<p style=\"padding-left: 30px;\"><strong><em>L\u2019exposant<\/em><\/strong><\/p>\n<p><strong><em><img loading=\"lazy\" decoding=\"async\" class=\"wp-image-6952 alignleft\" src=\"https:\/\/lesmarret.marret.co\/wp-content\/uploads\/2017\/06\/HM-Apr\u00e8s-midi-dautomne-1906_wp.jpg\" alt=\"\" width=\"250\" height=\"159\" data-wp-pid=\"6952\" srcset=\"https:\/\/lesmarret.marret.co\/wp-content\/uploads\/2017\/06\/HM-Apr\u00e8s-midi-dautomne-1906_wp.jpg 886w, https:\/\/lesmarret.marret.co\/wp-content\/uploads\/2017\/06\/HM-Apr\u00e8s-midi-dautomne-1906_wp-300x191.jpg 300w, https:\/\/lesmarret.marret.co\/wp-content\/uploads\/2017\/06\/HM-Apr\u00e8s-midi-dautomne-1906_wp-768x490.jpg 768w, https:\/\/lesmarret.marret.co\/wp-content\/uploads\/2017\/06\/HM-Apr\u00e8s-midi-dautomne-1906_wp-800x510.jpg 800w, https:\/\/lesmarret.marret.co\/wp-content\/uploads\/2017\/06\/HM-Apr\u00e8s-midi-dautomne-1906_wp-600x383.jpg 600w\" sizes=\"auto, (max-width: 250px) 100vw, 250px\" \/><\/em><\/strong>En 1900, il expose au Salon des artistes fran\u00e7ais et y remporte une mention honorable; il en devient membre soci\u00e9taire en 1904 et, les ann\u00e9es subs\u00e9quentes, pr\u00e9sente plusieurs fois ses \u0153uvres, y gagnant une m\u00e9daille de 3<sup>e<\/sup> classe en 1905 et une de 2<sup>e<\/sup>&nbsp; classe en 1906.<\/p>\n<p>En 1908, Henri Marret abandonne le Salon des Artistes Fran\u00e7ais et s\u2019engage \u00e0 la Soci\u00e9t\u00e9 Nationale des Beaux-Arts; il en devient rapidement soci\u00e9taire et expose alors r\u00e9guli\u00e8rement au Salon d\u2019Automne et au Salon des Artistes D\u00e9corateurs; il participe aussi, \u00e0 plusieurs reprises, au Salon artistique \u00ab&nbsp;La Cimaise&nbsp;\u00bb, au Salon des Tuileries et \u00e0 l\u2019Exposition officielle des Beaux-Arts.<a id=\"Decorateur\"><\/a><\/p>\n<p style=\"padding-left: 30px;\"><strong><em>Le d\u00e9corateur d\u2019\u00e9difices civils<\/em><\/strong><\/p>\n<p><strong><em><img loading=\"lazy\" decoding=\"async\" class=\"wp-image-7017 alignright\" src=\"https:\/\/lesmarret.marret.co\/wp-content\/uploads\/2017\/06\/HM-Angervilliers-1913-Ch\u00e2teau-salle-\u00e0-manger_wp.jpg\" alt=\"\" width=\"250\" height=\"161\" data-wp-pid=\"7017\" srcset=\"https:\/\/lesmarret.marret.co\/wp-content\/uploads\/2017\/06\/HM-Angervilliers-1913-Ch\u00e2teau-salle-\u00e0-manger_wp.jpg 886w, https:\/\/lesmarret.marret.co\/wp-content\/uploads\/2017\/06\/HM-Angervilliers-1913-Ch\u00e2teau-salle-\u00e0-manger_wp-300x193.jpg 300w, https:\/\/lesmarret.marret.co\/wp-content\/uploads\/2017\/06\/HM-Angervilliers-1913-Ch\u00e2teau-salle-\u00e0-manger_wp-768x495.jpg 768w, https:\/\/lesmarret.marret.co\/wp-content\/uploads\/2017\/06\/HM-Angervilliers-1913-Ch\u00e2teau-salle-\u00e0-manger_wp-800x516.jpg 800w, https:\/\/lesmarret.marret.co\/wp-content\/uploads\/2017\/06\/HM-Angervilliers-1913-Ch\u00e2teau-salle-\u00e0-manger_wp-600x387.jpg 600w\" sizes=\"auto, (max-width: 250px) 100vw, 250px\" \/><\/em><\/strong>D\u00e8s le d\u00e9but du XX<sup>e<\/sup> si\u00e8cle, Henri Marret commence, et pour longtemps, \u00e0 d\u00e9corer des b\u00e2timents civils avec des toiles ou des fresques, par moment monumentales&nbsp;: l\u2019h\u00f4tel de ville de Gentilly (1907), celui de Saint-Maurice (1912), le manoir d\u2019Angervillers (1912), l\u2019a\u00e9rium d\u2019Ar\u00e8s (1913), l\u2019\u00c9cole nationale des Arts-et-M\u00e9tiers (1913), les bureaux des Tr\u00e9fileries et laminoirs du Havre (1923) \u2026<a id=\"A1914-1918\"><\/a><\/p>\n<p>&nbsp;<\/p>\n<p><strong><em><a href=\"https:\/\/lesmarret.marret.co\/wp-content\/uploads\/2017\/06\/FAMSF-HM-Canal-de-la-Meuse_wp.jpg\"><img loading=\"lazy\" decoding=\"async\" class=\"wp-image-7096 alignleft\" src=\"https:\/\/lesmarret.marret.co\/wp-content\/uploads\/2017\/06\/FAMSF-HM-Canal-de-la-Meuse_wp.jpg\" alt=\"\" width=\"251\" height=\"214\" data-wp-pid=\"7096\" srcset=\"https:\/\/lesmarret.marret.co\/wp-content\/uploads\/2017\/06\/FAMSF-HM-Canal-de-la-Meuse_wp.jpg 886w, https:\/\/lesmarret.marret.co\/wp-content\/uploads\/2017\/06\/FAMSF-HM-Canal-de-la-Meuse_wp-300x256.jpg 300w, https:\/\/lesmarret.marret.co\/wp-content\/uploads\/2017\/06\/FAMSF-HM-Canal-de-la-Meuse_wp-768x655.jpg 768w, https:\/\/lesmarret.marret.co\/wp-content\/uploads\/2017\/06\/FAMSF-HM-Canal-de-la-Meuse_wp-800x683.jpg 800w, https:\/\/lesmarret.marret.co\/wp-content\/uploads\/2017\/06\/FAMSF-HM-Canal-de-la-Meuse_wp-600x512.jpg 600w\" sizes=\"auto, (max-width: 251px) 100vw, 251px\" \/><\/a><\/em><\/strong><\/p>\n<p><strong><em>\u00c0 la guerre de 1914-1918<\/em><\/strong><\/p>\n<p>Mobilis\u00e9 en ao\u00fbt 1914, Henri Marret dirige, \u00e0 partir de 1916, les ateliers de camouflage de l\u2019arm\u00e9e qui combat \u00e0 Verdun. Il profite alors de ses temps libres pour tailler, avec son couteau, ses premi\u00e8res gravures sur bois et repr\u00e9senter les <a href=\"https:\/\/www.famsf.org\/search?q=marret&amp;type=artworks\">sc\u00e8nes du front<\/a> qu\u2019il a sous les yeux.<a id=\"Croyant\"><\/a><\/p>\n<p>&nbsp;<\/p>\n<p style=\"padding-left: 30px;\"><strong><em>L\u2019artiste croyant<\/em><\/strong><\/p>\n<p><a href=\"https:\/\/lesmarret.marret.co\/wp-content\/uploads\/2017\/06\/HM-Rouvroy-1929-L\u00c9glise_wp.jpg\"><img loading=\"lazy\" decoding=\"async\" class=\"wp-image-7024 alignright\" src=\"https:\/\/lesmarret.marret.co\/wp-content\/uploads\/2017\/06\/HM-Rouvroy-1929-L\u00c9glise_wp.jpg\" alt=\"\" width=\"249\" height=\"166\" data-wp-pid=\"7024\" srcset=\"https:\/\/lesmarret.marret.co\/wp-content\/uploads\/2017\/06\/HM-Rouvroy-1929-L\u00c9glise_wp.jpg 886w, https:\/\/lesmarret.marret.co\/wp-content\/uploads\/2017\/06\/HM-Rouvroy-1929-L\u00c9glise_wp-300x200.jpg 300w, https:\/\/lesmarret.marret.co\/wp-content\/uploads\/2017\/06\/HM-Rouvroy-1929-L\u00c9glise_wp-768x512.jpg 768w, https:\/\/lesmarret.marret.co\/wp-content\/uploads\/2017\/06\/HM-Rouvroy-1929-L\u00c9glise_wp-800x534.jpg 800w, https:\/\/lesmarret.marret.co\/wp-content\/uploads\/2017\/06\/HM-Rouvroy-1929-L\u00c9glise_wp-600x400.jpg 600w\" sizes=\"auto, (max-width: 249px) 100vw, 249px\" \/><\/a>Profond\u00e9ment inspir\u00e9 par ses croyances religieuses, Henri Marret d\u00e9core de nombreuses \u00e9glises et chapelles dont plusieurs construites ou reconstruites sous la responsabilit\u00e9 de l\u2019architecte Charles Duval, son cousin.<\/p>\n<p>Une trentaine de sites religieux disposent ainsi de chemins de croix, de monuments aux morts ou de d\u00e9corations diverses r\u00e9alis\u00e9es par Henri Marret, parmi lesquels&nbsp;:<\/p>\n<ul>\n<li>Arras (Cath\u00e9drale \u2013 1943)<\/li>\n<li>Arvilliers (Saint-Martin (1929)<\/li>\n<li>Beuvraignes (Saint-Martin \u2013 1931)<\/li>\n<li>Brunoy (Saint-M\u00e9dard \u2013 1948)<\/li>\n<li>\u00c9pinay-sur-Seine (Notre-Dame des Missions \u2013 1932)<\/li>\n<li>Fourqueux (Sainte-Croix &#8211; 1922)<\/li>\n<li>Fresnoy-les-Roye (Saint-Sulpice \u2013 1926)<\/li>\n<li>Irles (Saint-Martin \u2013 1931)<\/li>\n<li>Jouy-le-Moutier (Notre-Dame de la Visitation \u2013 1930)<\/li>\n<li>Le Mesnil-Amelot (Saint-Martin \u2013 1945)<\/li>\n<li><a href=\"https:\/\/www.patrimoine-histoire.fr\/Patrimoine\/Paris\/Paris-Saint-Esprit.htm\" target=\"_blank\" rel=\"noopener\">Paris (Saint-Esprit<\/a> \u2013 1932)<\/li>\n<li><a href=\"https:\/\/www.patrimoine-histoire.fr\/Patrimoine\/Paris\/Paris-Saint-Hippolyte.htm\" target=\"_blank\" rel=\"noopener\">Paris (Saint-Hippolyte<\/a> &#8211; 1935)<\/li>\n<li><a href=\"http:\/\/www.culture.gouv.fr\/public\/mistral\/merimee_fr?ACTION=CHERCHER&amp;FIELD_98=REF&amp;VALUE_98=PA11000031\" target=\"_blank\" rel=\"noopener\">Rocquecourbe-Minervois<\/a> (1928)<\/li>\n<li><a href=\"https:\/\/fr.wikipedia.org\/wiki\/%C3%89glise_Saint-Louis_de_la_cit%C3%A9_Noum%C3%A9a_des_mines_de_Drocourt\" target=\"_blank\" rel=\"noopener\">Rouvroy (Saint-Louis<\/a>, 1929)<\/li>\n<li>Roye (Saint-Pierre &#8211; 1932)<\/li>\n<li>Tricot (Notre-Dame (1930)<\/li>\n<li><a href=\"http:\/\/anetcha-parisienne.blogspot.ca\/2010\/10\/saint-louis-de-vincennes-beton.html\" target=\"_blank\" rel=\"noopener\">Vincennes (Saint-Louis<\/a> \u2013 1921-1924).<a id=\"Illustrateur\"><\/a><\/li>\n<\/ul>\n<p><a href=\"https:\/\/lesmarret.marret.co\/wp-content\/uploads\/2017\/06\/Gu\u00e9chot-Maurice-Myst\u00e8res-et-lumi\u00e8re-p143_wp.jpg\"><img loading=\"lazy\" decoding=\"async\" class=\"wp-image-7050 alignleft\" src=\"https:\/\/lesmarret.marret.co\/wp-content\/uploads\/2017\/06\/Gu\u00e9chot-Maurice-Myst\u00e8res-et-lumi\u00e8re-p143_wp.jpg\" alt=\"\" width=\"250\" height=\"177\" data-wp-pid=\"7050\" srcset=\"https:\/\/lesmarret.marret.co\/wp-content\/uploads\/2017\/06\/Gu\u00e9chot-Maurice-Myst\u00e8res-et-lumi\u00e8re-p143_wp.jpg 886w, https:\/\/lesmarret.marret.co\/wp-content\/uploads\/2017\/06\/Gu\u00e9chot-Maurice-Myst\u00e8res-et-lumi\u00e8re-p143_wp-300x212.jpg 300w, https:\/\/lesmarret.marret.co\/wp-content\/uploads\/2017\/06\/Gu\u00e9chot-Maurice-Myst\u00e8res-et-lumi\u00e8re-p143_wp-768x543.jpg 768w, https:\/\/lesmarret.marret.co\/wp-content\/uploads\/2017\/06\/Gu\u00e9chot-Maurice-Myst\u00e8res-et-lumi\u00e8re-p143_wp-800x566.jpg 800w, https:\/\/lesmarret.marret.co\/wp-content\/uploads\/2017\/06\/Gu\u00e9chot-Maurice-Myst\u00e8res-et-lumi\u00e8re-p143_wp-600x425.jpg 600w\" sizes=\"auto, (max-width: 250px) 100vw, 250px\" \/><\/a><\/p>\n<p>&nbsp;<\/p>\n<p><em><strong>L&rsquo;Illustrateur<\/strong><\/em><\/p>\n<p>Il a \u00e9galement illustr\u00e9 <a href=\"https:\/\/lesmarret.marret.co\/index.php\/les-descendants-de-pierre-marret-lancetre-de-tourzel\/henri-marret\/henri-marret-lillustrateur\/\">diverses publications<\/a>, bulletins et livres associ\u00e9s \u00e0 la presse catholique.<a id=\"Voyageur\"><\/a><\/p>\n<p>&nbsp;<\/p>\n<p style=\"padding-left: 30px;\"><strong><em>Le voyageur<\/em><\/strong><\/p>\n<p>Henri Marret se d\u00e9place souvent pour d\u00e9corer des b\u00e2timents civils et religieux; mais il voyage aussi pour d\u00e9couvrir divers lieux et trouver dans des paysages et constructions humaines l\u2019inspiration pour de multiples \u0153uvres.<\/p>\n<p><a href=\"https:\/\/lesmarret.marret.co\/wp-content\/uploads\/2017\/06\/2009-10-HM-Exposition-Pau-Catalogue-p87-Guetaria-c_wp.jpg\"><img loading=\"lazy\" decoding=\"async\" class=\"wp-image-6976 alignright\" src=\"https:\/\/lesmarret.marret.co\/wp-content\/uploads\/2017\/06\/2009-10-HM-Exposition-Pau-Catalogue-p87-Guetaria-c_wp.jpg\" alt=\"\" width=\"251\" height=\"206\" data-wp-pid=\"6976\" srcset=\"https:\/\/lesmarret.marret.co\/wp-content\/uploads\/2017\/06\/2009-10-HM-Exposition-Pau-Catalogue-p87-Guetaria-c_wp.jpg 488w, https:\/\/lesmarret.marret.co\/wp-content\/uploads\/2017\/06\/2009-10-HM-Exposition-Pau-Catalogue-p87-Guetaria-c_wp-300x246.jpg 300w\" sizes=\"auto, (max-width: 251px) 100vw, 251px\" \/><\/a>Il multiplie ses s\u00e9jours en Bretagne, presque chaque ann\u00e9e, entre 1908 et 1914), et, apr\u00e8s la Premi\u00e8re Guerre mondiale, en Normandie, dans la r\u00e9gion de Colleville, l\u00e0 o\u00f9 son fr\u00e8re r\u00e9side; il trouve \u00e9galement inspiration dans le Pays Basque espagnol.<\/p>\n<p>Henri Marret aime le contact avec la nature et les paysages. Lors de tous ces voyages, il se d\u00e9place avec un carnet de croquis, des pinceaux et une bo\u00eete de couleurs, peignant des aquarelles \u2013 au besoin les m\u00eames lieux ou les m\u00eames sujets \u00e0 diff\u00e9rents moments \u2013 qui lui sont ult\u00e9rieurement utiles pour peindre une toile ou une fresque.<a id=\"Descendance\"><\/a><\/p>\n<p style=\"padding-left: 30px;\"><strong><em>Sa descendance<\/em><\/strong><\/p>\n<p>Le 20&nbsp;mai 1903, Henri Justin Marret \u00e9pouse Marie Madeleine Larcher. De cette union naitront cinq enfants&nbsp;:<\/p>\n<p><a href=\"https:\/\/lesmarret.marret.co\/wp-content\/uploads\/2017\/06\/2009-09-HM-Exposition-Fourqueux-Catalogue-p2-3_wp.jpg\"><img loading=\"lazy\" decoding=\"async\" class=\"wp-image-6950 alignleft\" src=\"https:\/\/lesmarret.marret.co\/wp-content\/uploads\/2017\/06\/2009-09-HM-Exposition-Fourqueux-Catalogue-p2-3_wp.jpg\" alt=\"\" width=\"251\" height=\"195\" data-wp-pid=\"6950\" srcset=\"https:\/\/lesmarret.marret.co\/wp-content\/uploads\/2017\/06\/2009-09-HM-Exposition-Fourqueux-Catalogue-p2-3_wp.jpg 886w, https:\/\/lesmarret.marret.co\/wp-content\/uploads\/2017\/06\/2009-09-HM-Exposition-Fourqueux-Catalogue-p2-3_wp-300x233.jpg 300w, https:\/\/lesmarret.marret.co\/wp-content\/uploads\/2017\/06\/2009-09-HM-Exposition-Fourqueux-Catalogue-p2-3_wp-768x596.jpg 768w, https:\/\/lesmarret.marret.co\/wp-content\/uploads\/2017\/06\/2009-09-HM-Exposition-Fourqueux-Catalogue-p2-3_wp-800x621.jpg 800w, https:\/\/lesmarret.marret.co\/wp-content\/uploads\/2017\/06\/2009-09-HM-Exposition-Fourqueux-Catalogue-p2-3_wp-600x466.jpg 600w\" sizes=\"auto, (max-width: 251px) 100vw, 251px\" \/><\/a><\/p>\n<p><strong>Jean<\/strong> Charles Cl\u00e9ment Marret (1904-1926)<\/p>\n<p><strong>Genevi\u00e8ve<\/strong> Marie Marret (1905-1997)<\/p>\n<p><strong>H\u00e9l\u00e8ne<\/strong> Andr\u00e9e Marret (1909-1964)<\/p>\n<p><strong>Yvonne<\/strong> Germaine (1916-2004)<\/p>\n<p><strong>Denise<\/strong> Marie (1919-2015)<\/p>\n<p>&nbsp;<\/p>\n<p>Henri Marret s\u2019\u00e9teint \u00e0 Fourqueux le 25 juillet 1964.<\/p>\n<p style=\"text-align: right;\"><span style=\"font-size: 10pt;\">Photo des parents et des enfants <\/span><br \/>\n<span style=\"font-size: 10pt;\">extraites du catalogue de l&rsquo;exposition <em>Henri Marret chez lui, \u00e0 Fourqueux<\/em>&nbsp;<\/span><\/p>\n<p align=\"center\"><span lang=\"FR\" style=\"margin: 0px; color: #333333; font-family: 'Georgia','serif';\">~~~~~~~<\/span><\/p>\n<p><span lang=\"FR\" style=\"margin: 0px; color: #333333; font-family: 'Georgia','serif';\">Jacques Faraut, petit-fils d&rsquo;Henri Marret, a r\u00e9dig\u00e9 une biographie d\u00e9taill\u00e9e de celui-ci, visible sur son <a href=\"http:\/\/www.henrimarret-peintre.fr\/Marret-Biographie.htm\" target=\"_blank\" rel=\"noopener\">site Internet<\/a>.&nbsp;<\/span><\/p>\n","protected":false},"excerpt":{"rendered":"<p>&nbsp;&nbsp; Table des mati\u00e8res :&nbsp; Ses d\u00e9buts&nbsp; L&rsquo;exposant&nbsp; Le d\u00e9corateur d&rsquo;\u00e9difices civils&nbsp; \u00c0 la guerre de 1914-1918 &nbsp; &nbsp; &nbsp; &nbsp; &nbsp; &nbsp; &nbsp; &nbsp; &nbsp; &nbsp; &nbsp; &nbsp; &nbsp; &nbsp; &nbsp; &nbsp; &nbsp; &nbsp; &nbsp; &nbsp; &nbsp; &nbsp;&nbsp; L&rsquo;artiste &hellip; <a href=\"https:\/\/lesmarret.marret.co\/index.php\/les-descendants-de-pierre-marret-lancetre-de-tourzel\/henri-marret\/\">Continuer la lecture <span class=\"meta-nav\">&rarr;<\/span><\/a><\/p>\n","protected":false},"author":1,"featured_media":0,"parent":6473,"menu_order":0,"comment_status":"closed","ping_status":"closed","template":"","meta":{"_monsterinsights_skip_tracking":false,"_monsterinsights_sitenote_active":false,"_monsterinsights_sitenote_note":"","_monsterinsights_sitenote_category":0,"ngg_post_thumbnail":0,"footnotes":""},"class_list":["post-7098","page","type-page","status-publish","hentry"],"aioseo_notices":[],"_links":{"self":[{"href":"https:\/\/lesmarret.marret.co\/index.php\/wp-json\/wp\/v2\/pages\/7098","targetHints":{"allow":["GET"]}}],"collection":[{"href":"https:\/\/lesmarret.marret.co\/index.php\/wp-json\/wp\/v2\/pages"}],"about":[{"href":"https:\/\/lesmarret.marret.co\/index.php\/wp-json\/wp\/v2\/types\/page"}],"author":[{"embeddable":true,"href":"https:\/\/lesmarret.marret.co\/index.php\/wp-json\/wp\/v2\/users\/1"}],"replies":[{"embeddable":true,"href":"https:\/\/lesmarret.marret.co\/index.php\/wp-json\/wp\/v2\/comments?post=7098"}],"version-history":[{"count":1,"href":"https:\/\/lesmarret.marret.co\/index.php\/wp-json\/wp\/v2\/pages\/7098\/revisions"}],"predecessor-version":[{"id":7910,"href":"https:\/\/lesmarret.marret.co\/index.php\/wp-json\/wp\/v2\/pages\/7098\/revisions\/7910"}],"up":[{"embeddable":true,"href":"https:\/\/lesmarret.marret.co\/index.php\/wp-json\/wp\/v2\/pages\/6473"}],"wp:attachment":[{"href":"https:\/\/lesmarret.marret.co\/index.php\/wp-json\/wp\/v2\/media?parent=7098"}],"curies":[{"name":"wp","href":"https:\/\/api.w.org\/{rel}","templated":true}]}}