{"id":7277,"date":"2017-07-26T00:36:59","date_gmt":"2017-07-25T23:36:59","guid":{"rendered":"http:\/\/lesmarret.marret.co\/?page_id=7277"},"modified":"2017-07-26T00:48:29","modified_gmt":"2017-07-25T23:48:29","slug":"les-linzeler","status":"publish","type":"page","link":"https:\/\/lesmarret.marret.co\/index.php\/les-marret-bijoutiers\/les-linzeler\/","title":{"rendered":"Les Linzeler"},"content":{"rendered":"<p>\u00c0 l\u2019instar des Marret, plusieurs membres de la famille Linzeler ont \u0153uvr\u00e9, pendant un si\u00e8cle dans le monde de la bijouterie, de la joaillerie et de l\u2019orf\u00e8vrerie.<\/p>\n<p><a href=\"https:\/\/lesmarret.marret.co\/wp-content\/uploads\/2017\/04\/Vever-Henri_wp.jpg\"><img loading=\"lazy\" decoding=\"async\" width=\"46\" height=\"72\" class=\"wp-image-5470 alignleft\" alt=\"\" src=\"https:\/\/lesmarret.marret.co\/wp-content\/uploads\/2017\/04\/Vever-Henri_wp.jpg\" data-wp-pid=\"5470\" srcset=\"https:\/\/lesmarret.marret.co\/wp-content\/uploads\/2017\/04\/Vever-Henri_wp.jpg 472w, https:\/\/lesmarret.marret.co\/wp-content\/uploads\/2017\/04\/Vever-Henri_wp-193x300.jpg 193w, https:\/\/lesmarret.marret.co\/wp-content\/uploads\/2017\/04\/Vever-Henri_wp-386x600.jpg 386w\" sizes=\"auto, (max-width: 46px) 100vw, 46px\" \/><\/a>Dans son imposant ouvrage sur La bijouterie fran\u00e7aise au XIXe si\u00e8cle qu\u2019il publie en 1908, Henri Vever, raconte l\u2019histoire des Linzeler&nbsp;:<\/p>\n<blockquote><p>Le nom de Linzeler est estim\u00e9 depuis longtemps dans la corporation et, co\u00efncidence curieuse, il se trouva trois fr\u00e8res exer\u00e7ant la m\u00eame profession. Nous trouvons le premier ainsi d\u00e9sign\u00e9 dans l\u2019<em>Azur<\/em> de 1833. \u00ab&nbsp;Linzeler a\u00een\u00e9, rue Saint-Honor\u00e9, 396, orf\u00e8vre-joaillier-bijoutier, tient le change des monnaies&nbsp;\u00bb; le second, Charles Linzeler, rue de l\u2019Ancienne-Com\u00e9die, 5, \u00ab&nbsp;joaillier-bijoutier, tient la curiosit\u00e9&nbsp;\u00bb; enfin, le troisi\u00e8me, Eug\u00e8ne Linzeler p\u00e8re, avait fond\u00e9 en 1840, avec Laurent, rue Coq-H\u00e9ron, n\u00ba&nbsp;9, une fabrique de \u00ab&nbsp;bijoutier-garnisseur&nbsp;\u00bb (flacons, n\u00e9cessaires, etc.).<\/p>\n<p>Ernest Linzeler p\u00e8re (1808-1888) \u00e9tait un graveur-ciseleur, ayant travaill\u00e9 ant\u00e9rieurement chez Joseph Legrand. Il \u00e9tait en relation d\u2019affaires suivies avec un bijoutier nomm\u00e9 Chanrolli qui avait une petite boutique, boulevard de la Madeleine, 11. Ce dernier n\u2019ayant pas r\u00e9ussi, Eug\u00e8ne Linzeler, pour rentrer dans l\u2019argent qui lui \u00e9tait d\u00fb, reprit, en 1845, la boutique de son d\u00e9biteur et y transporta sa maison; il ne tarda pas \u00e0 lui donner plus d\u2019importance en y adjoignant aussi la bijouterie et la joaillerie. Eug\u00e8ne Linzeler p\u00e8re avait \u00e9pous\u00e9 la fille d\u2019un M. Laurent, qui n\u2019avait aucun lien de parent\u00e9 avec son ex-associ\u00e9, et qui tenait un magasin de cannes et parapluies connu sous le nom de Verdier. Tr\u00e8s fr\u00e9quent\u00e9 par les \u00e9l\u00e9gants, ce magasin, situ\u00e9 d\u2019abord 102, rue Richelieu, fut transf\u00e9r\u00e9, vers 1862, boulevard de la Madeleine, \u00e0 quelques pas de celui de Linzeler.<\/p>\n<p>En 1864, Eug\u00e8ne Linzeler p\u00e8re s\u2019associa ses deux fils a\u00een\u00e9s&nbsp;: Eug\u00e8ne (1834-1898) et Fr\u00e9d\u00e9ric (1836), puis, un peu plus tard, son troisi\u00e8me fils, Albert (1844-1907). Le dernier, Georges (1853), dirigea quelque temps la maison avec son fr\u00e8re a\u00een\u00e9 Eug\u00e8ne, dont il prit ensuite le fils, Ernest (1865), qui devint son associ\u00e9. Tous deux sont encore aujourd\u2019hui \u00e0 la t\u00eate de cette maison de joaillerie d\u2019une excellente r\u00e9putation.<\/p>\n<p>Eug\u00e8ne Linzeler p\u00e8re, ainsi du reste que tous les membres de sa famille, fut tr\u00e8s appr\u00e9ci\u00e9 de ses confr\u00e8res. Tr\u00e9sorier tr\u00e8s d\u00e9vou\u00e9 de la Chambre syndicale pendant de nombreuses ann\u00e9es, il re\u00e7ut l\u2019honorariat en 1883, au moment o\u00f9 il quitta les affaires; ses fils y remplirent aussi, \u00e0 plusieurs reprises, les fonctions de secr\u00e9taires et de membres du conseil. Fr\u00e9d\u00e9ric Linzeler, le sympathique vice-pr\u00e9sident de <em>la Fraternelle<\/em>, est le p\u00e8re de Robert Linzeler, l\u2019orf\u00e8vre \u00e9rudit, au go\u00fbt tr\u00e8s s\u00fbr, dont les productions sont appr\u00e9ci\u00e9es par une client\u00e8le d\u2019\u00e9lite.<\/p><\/blockquote>\n<p><a href=\"https:\/\/lesmarret.marret.co\/wp-content\/uploads\/2017\/04\/Vever-La-bijouterie-fran\u00e7aise-vol2-c0a_wp.jpg\"><img loading=\"lazy\" decoding=\"async\" width=\"96\" height=\"138\" class=\"wp-image-5451 aligncenter\" alt=\"\" src=\"https:\/\/lesmarret.marret.co\/wp-content\/uploads\/2017\/04\/Vever-La-bijouterie-fran\u00e7aise-vol2-c0a_wp.jpg\" data-wp-pid=\"5451\" srcset=\"https:\/\/lesmarret.marret.co\/wp-content\/uploads\/2017\/04\/Vever-La-bijouterie-fran\u00e7aise-vol2-c0a_wp.jpg 591w, https:\/\/lesmarret.marret.co\/wp-content\/uploads\/2017\/04\/Vever-La-bijouterie-fran\u00e7aise-vol2-c0a_wp-208x300.jpg 208w, https:\/\/lesmarret.marret.co\/wp-content\/uploads\/2017\/04\/Vever-La-bijouterie-fran\u00e7aise-vol2-c0a_wp-416x600.jpg 416w\" sizes=\"auto, (max-width: 96px) 100vw, 96px\" \/><\/a>Il est toujours difficile d\u2019\u00e9tablir l\u2019histoire de tous et chacun des Linzeler dans le monde de la bijouterie, de la joaillerie et de l&rsquo;orf\u00e8vrerie; plusieurs portent les m\u00eames pr\u00e9noms et ces derniers ne sont pas toujours pr\u00e9cis\u00e9s dans les annuaires ou les autres documents\u2026<\/p>\n<p><a href=\"https:\/\/lesmarret.marret.co\/wp-content\/uploads\/2017\/07\/Descendance-Linzeler.jpg\"><img loading=\"lazy\" decoding=\"async\" width=\"531\" height=\"419\" class=\"wp-image-7289 aligncenter\" alt=\"\" src=\"https:\/\/lesmarret.marret.co\/wp-content\/uploads\/2017\/07\/Descendance-Linzeler-1024x809.jpg\" data-wp-pid=\"7289\" srcset=\"https:\/\/lesmarret.marret.co\/wp-content\/uploads\/2017\/07\/Descendance-Linzeler-1024x809.jpg 1024w, https:\/\/lesmarret.marret.co\/wp-content\/uploads\/2017\/07\/Descendance-Linzeler-300x237.jpg 300w, https:\/\/lesmarret.marret.co\/wp-content\/uploads\/2017\/07\/Descendance-Linzeler-768x606.jpg 768w, https:\/\/lesmarret.marret.co\/wp-content\/uploads\/2017\/07\/Descendance-Linzeler-800x632.jpg 800w, https:\/\/lesmarret.marret.co\/wp-content\/uploads\/2017\/07\/Descendance-Linzeler-600x474.jpg 600w, https:\/\/lesmarret.marret.co\/wp-content\/uploads\/2017\/07\/Descendance-Linzeler-1200x948.jpg 1200w\" sizes=\"auto, (max-width: 531px) 100vw, 531px\" \/><\/a><\/p>\n<p><a href=\"https:\/\/lesmarret.marret.co\/wp-content\/uploads\/2017\/07\/1846-Annuaire-g\u00e9n\u00e9ral-du-commerce-p292-2a_wp.jpg\"><img loading=\"lazy\" decoding=\"async\" width=\"340\" height=\"114\" class=\"wp-image-7286 alignright\" alt=\"\" src=\"https:\/\/lesmarret.marret.co\/wp-content\/uploads\/2017\/07\/1846-Annuaire-g\u00e9n\u00e9ral-du-commerce-p292-2a_wp.jpg\" data-wp-pid=\"7286\" srcset=\"https:\/\/lesmarret.marret.co\/wp-content\/uploads\/2017\/07\/1846-Annuaire-g\u00e9n\u00e9ral-du-commerce-p292-2a_wp.jpg 591w, https:\/\/lesmarret.marret.co\/wp-content\/uploads\/2017\/07\/1846-Annuaire-g\u00e9n\u00e9ral-du-commerce-p292-2a_wp-300x101.jpg 300w\" sizes=\"auto, (max-width: 340px) 100vw, 340px\" \/><\/a>Les Linzeler de la premi\u00e8re g\u00e9n\u00e9ration ont d\u2019abord \u0153uvr\u00e9 individuellement et l\u2019on trouve leur trace dans les annuaires de l\u2019\u00e9poque&nbsp;:<\/p>\n<ul>\n<li>Charles Auguste Linzeler, appel\u00e9 Linzeler a\u00een\u00e9, appara\u00eet d\u00e8s 1827 dans l\u2019<em>Almanach du commerce de Paris, des d\u00e9partemens de la France <\/em>comme joaillier, bijoutier et changeur de monnaies, au 396, rue Saint-Honor\u00e9 (1er).<\/li>\n<li>Louis Omer Linzeler, op\u00e8re, \u00e0 peu pr\u00e8s \u00e0 la m\u00eame \u00e9poque, comme gainier-garnisseur, au 5 de la galerie Vivienne \u2013 c\u2019est ainsi qu\u2019il s\u2019annonce dans le <em>R\u00e9pertoire du commerce de Paris<\/em>, en 1929. Quelques ann\u00e9es plus tard, il d\u00e9m\u00e9nage \u00e0 Gen\u00e8ve.<\/li>\n<li><a href=\"https:\/\/lesmarret.marret.co\/wp-content\/uploads\/2017\/07\/1850-Annuaire-g\u00e9n\u00e9ral-du-commerce-p616-2a_wp.jpg\"><img loading=\"lazy\" decoding=\"async\" width=\"277\" height=\"106\" class=\"wp-image-7287 alignright\" alt=\"\" src=\"https:\/\/lesmarret.marret.co\/wp-content\/uploads\/2017\/07\/1850-Annuaire-g\u00e9n\u00e9ral-du-commerce-p616-2a_wp.jpg\" data-wp-pid=\"7287\" srcset=\"https:\/\/lesmarret.marret.co\/wp-content\/uploads\/2017\/07\/1850-Annuaire-g\u00e9n\u00e9ral-du-commerce-p616-2a_wp.jpg 591w, https:\/\/lesmarret.marret.co\/wp-content\/uploads\/2017\/07\/1850-Annuaire-g\u00e9n\u00e9ral-du-commerce-p616-2a_wp-300x115.jpg 300w\" sizes=\"auto, (max-width: 277px) 100vw, 277px\" \/><\/a>Charles Tranquille Prosper Linzeler est inscrit en 1840, dans l\u2019<em>Annuaire g\u00e9n\u00e9ral du commerce, judiciaire et administratif<\/em>, comme orf\u00e8vre-bijoutier, au 5 de la rue de l\u2019Ancienne-Com\u00e9die (6<sup>e<\/sup>). Une dizaine d\u2019ann\u00e9es plus tard, il op\u00e8re, \u00e0 la m\u00eame adresse,&nbsp; une boutique <em>\u00c0 l\u2019\u00e9pi de diamant<\/em> et annonce &#8211; dans l\u2019<em>Annuaire g\u00e9n\u00e9ral du commerce et de l\u2019industrie<\/em>, en 1940 \u2013 le d\u00e9tail de ses activit\u00e9s&nbsp;: \u00ab&nbsp;ach\u00e8te les diamants, perles fines et les pierres pr\u00e9cieuses, tient les curiosit\u00e9s et les porcelaines d\u2019anciens S\u00e8vres.&nbsp;\u00bb La maison sera reprise, vers 1860 par un certain Legendre.<\/li>\n<li>Eug\u00e8ne \u00c9tienne Denis Auguste Linzeler s\u2019installe au 9&nbsp;de la rue du Coq H\u00e9ron (1<sup>er<\/sup>) et y travaille comme graveur sur bijoux, si l\u2019on se fie \u00e0 l\u2019<em>Annuaire g\u00e9n\u00e9ral du commerce, judiciaire et administratif<\/em> de 1839.<\/li>\n<\/ul>\n<p><a href=\"https:\/\/lesmarret.marret.co\/wp-content\/uploads\/2017\/07\/1870-Annuaire-et-almanach-du-commerce-p1045a2b_wp.jpg\"><img loading=\"lazy\" decoding=\"async\" width=\"274\" height=\"73\" class=\"wp-image-7288 alignleft\" alt=\"\" src=\"https:\/\/lesmarret.marret.co\/wp-content\/uploads\/2017\/07\/1870-Annuaire-et-almanach-du-commerce-p1045a2b_wp.jpg\" data-wp-pid=\"7288\" srcset=\"https:\/\/lesmarret.marret.co\/wp-content\/uploads\/2017\/07\/1870-Annuaire-et-almanach-du-commerce-p1045a2b_wp.jpg 591w, https:\/\/lesmarret.marret.co\/wp-content\/uploads\/2017\/07\/1870-Annuaire-et-almanach-du-commerce-p1045a2b_wp-300x80.jpg 300w\" sizes=\"auto, (max-width: 274px) 100vw, 274px\" \/><\/a>C\u2019est ce dernier que l\u2019on retrouve associ\u00e9 avec ses fils Eug\u00e8ne <strong>Jean Fr\u00e9d\u00e9ric<\/strong> et <strong>Henri Fr\u00e9d\u00e9ric<\/strong> dans la soci\u00e9t\u00e9 <em>Linzeler p\u00e8re et fils<\/em>, \u00e0 partir du 1<sup>er<\/sup> ao\u00fbt 1864, au 15, boulevard de la Madeleine (8<sup>e<\/sup>).<\/p>\n<p>Apr\u00e8s le d\u00e9part du p\u00e8re, cette soci\u00e9t\u00e9 devient la maison <em>Linzeler fr\u00e8res <\/em>et un autre d\u2019entre eux, Charles <strong>Albert<\/strong> Linzeler, s\u2019y joint \u00e0 partir du 1<sup>er<\/sup> juillet 1874. La soci\u00e9t\u00e9 sera dissoute en 1889.<\/p>\nngg_shortcode_0_placeholder\n<p style=\"text-align: center;\"><span style=\"font-size: 10pt;\">Quelques r\u00e9alisations de la Maison Linzeler fr\u00e8res<\/span><\/p>\n<p>\u00c0 la troisi\u00e8me g\u00e9n\u00e9ration, <strong>Ernest<\/strong> Linzeler, le fils d\u2019Eug\u00e8ne <strong>Jean Fr\u00e9d\u00e9ric<\/strong> Linzeler, travaille aussi comme bijoutier-joaillier, d\u2019abord associ\u00e9 avec son oncle, <strong>Georges<\/strong> Louis Charles Linzeler, puis \u00e0 son propre compte.<\/p>\n<p>Mais ce sera surtout <a href=\"https:\/\/lesmarret.marret.co\/index.php\/les-marret-bijoutiers\/les-linzeler\/robert-linzeler\/\"><strong>Robert<\/strong> Linzeler<\/a>, le fils d\u2019Henri Fr\u00e9d\u00e9ric qui fera la r\u00e9putation de la famille pendant pr\u00e8s d\u2019une trentaine d\u2019ann\u00e9es, tant par sa cr\u00e9ativit\u00e9 que par les prix qu\u2019il remporte\u2026<\/p>\n","protected":false},"excerpt":{"rendered":"<p>\u00c0 l\u2019instar des Marret, plusieurs membres de la famille Linzeler ont \u0153uvr\u00e9, pendant un si\u00e8cle dans le monde de la bijouterie, de la joaillerie et de l\u2019orf\u00e8vrerie. Dans son imposant ouvrage sur La bijouterie fran\u00e7aise au XIXe si\u00e8cle qu\u2019il publie &hellip; <a href=\"https:\/\/lesmarret.marret.co\/index.php\/les-marret-bijoutiers\/les-linzeler\/\">Continuer la lecture <span class=\"meta-nav\">&rarr;<\/span><\/a><\/p>\n","protected":false},"author":1,"featured_media":0,"parent":5629,"menu_order":0,"comment_status":"closed","ping_status":"closed","template":"","meta":{"_monsterinsights_skip_tracking":false,"_monsterinsights_sitenote_active":false,"_monsterinsights_sitenote_note":"","_monsterinsights_sitenote_category":0,"ngg_post_thumbnail":0,"footnotes":""},"class_list":["post-7277","page","type-page","status-publish","hentry"],"aioseo_notices":[],"_links":{"self":[{"href":"https:\/\/lesmarret.marret.co\/index.php\/wp-json\/wp\/v2\/pages\/7277","targetHints":{"allow":["GET"]}}],"collection":[{"href":"https:\/\/lesmarret.marret.co\/index.php\/wp-json\/wp\/v2\/pages"}],"about":[{"href":"https:\/\/lesmarret.marret.co\/index.php\/wp-json\/wp\/v2\/types\/page"}],"author":[{"embeddable":true,"href":"https:\/\/lesmarret.marret.co\/index.php\/wp-json\/wp\/v2\/users\/1"}],"replies":[{"embeddable":true,"href":"https:\/\/lesmarret.marret.co\/index.php\/wp-json\/wp\/v2\/comments?post=7277"}],"version-history":[{"count":0,"href":"https:\/\/lesmarret.marret.co\/index.php\/wp-json\/wp\/v2\/pages\/7277\/revisions"}],"up":[{"embeddable":true,"href":"https:\/\/lesmarret.marret.co\/index.php\/wp-json\/wp\/v2\/pages\/5629"}],"wp:attachment":[{"href":"https:\/\/lesmarret.marret.co\/index.php\/wp-json\/wp\/v2\/media?parent=7277"}],"curies":[{"name":"wp","href":"https:\/\/api.w.org\/{rel}","templated":true}]}}