{"id":7323,"date":"2017-08-04T23:12:42","date_gmt":"2017-08-04T22:12:42","guid":{"rendered":"http:\/\/lesmarret.marret.co\/?page_id=7323"},"modified":"2017-12-02T17:38:34","modified_gmt":"2017-12-02T16:38:34","slug":"villebon-les-casseaux","status":"publish","type":"page","link":"https:\/\/lesmarret.marret.co\/index.php\/des-lieux-de-famille\/villebon-les-casseaux\/","title":{"rendered":"Villebon &#8211; Les Casseaux"},"content":{"rendered":"<p><span style=\"font-size: 10pt;\">&nbsp; <a href=\"https:\/\/lesmarret.marret.co\/wp-content\/uploads\/2017\/08\/Les-Casseaux-01-regislmx_wp.jpg\"><img loading=\"lazy\" decoding=\"async\" width=\"282\" height=\"179\" class=\"wp-image-7346 alignright\" alt=\"\" src=\"https:\/\/lesmarret.marret.co\/wp-content\/uploads\/2017\/08\/Les-Casseaux-01-regislmx_wp.jpg\" data-wp-pid=\"7346\" srcset=\"https:\/\/lesmarret.marret.co\/wp-content\/uploads\/2017\/08\/Les-Casseaux-01-regislmx_wp.jpg 886w, https:\/\/lesmarret.marret.co\/wp-content\/uploads\/2017\/08\/Les-Casseaux-01-regislmx_wp-300x191.jpg 300w, https:\/\/lesmarret.marret.co\/wp-content\/uploads\/2017\/08\/Les-Casseaux-01-regislmx_wp-768x488.jpg 768w, https:\/\/lesmarret.marret.co\/wp-content\/uploads\/2017\/08\/Les-Casseaux-01-regislmx_wp-800x508.jpg 800w, https:\/\/lesmarret.marret.co\/wp-content\/uploads\/2017\/08\/Les-Casseaux-01-regislmx_wp-600x381.jpg 600w\" sizes=\"auto, (max-width: 282px) 100vw, 282px\" \/><\/a>&nbsp;&nbsp; <strong>Index<\/strong><\/span><br \/>\n<span style=\"font-size: 10pt;\"><a href=\"#Histoire\">L\u2019Histoire de la propri\u00e9t\u00e9<\/a><\/span><br \/>\n<span style=\"font-size: 10pt;\"><a href=\"#Proprietaires\">La liste des propri\u00e9taires<\/a><\/span><br \/>\n<span style=\"font-size: 10pt;\"><a href=\"#Vente1792\">12 mars 1792 <\/a>&#8211; Vente par M<sup>me<\/sup> Marie Allotte de Chancelay \u00e0 M.&nbsp;Farmain<\/span><br \/>\n<span style=\"font-size: 10pt;\"><a href=\"#Vente1862\">12 avril 1862 <\/a>\u2013 Vente par M.&nbsp;Farmain de Sainte-Reine<br \/>\n&nbsp; &nbsp; \u00e0 M<sup>me<\/sup> Cluzel<\/span><br \/>\n<span style=\"font-size: 10pt;\"><a href=\"#Vente1920\">29 juillet 1920 <\/a>&#8211; Vente par M.&nbsp;Carbonneaux le Perdriel<br \/>\n&nbsp; &nbsp; \u00e0 M.&nbsp;Marret<a id=\"Histoire\"><\/a><\/span><\/p>\n<h3><strong>L\u2019histoire de la propri\u00e9t\u00e9<\/strong><\/h3>\n<p><a href=\"https:\/\/lesmarret.marret.co\/wp-content\/uploads\/2017\/08\/Palaiseau-Cassini-2_wp.jpg\"><img loading=\"lazy\" decoding=\"async\" width=\"207\" height=\"142\" class=\"wp-image-7349 alignleft\" alt=\"\" src=\"https:\/\/lesmarret.marret.co\/wp-content\/uploads\/2017\/08\/Palaiseau-Cassini-2_wp.jpg\" data-wp-pid=\"7349\" srcset=\"https:\/\/lesmarret.marret.co\/wp-content\/uploads\/2017\/08\/Palaiseau-Cassini-2_wp.jpg 886w, https:\/\/lesmarret.marret.co\/wp-content\/uploads\/2017\/08\/Palaiseau-Cassini-2_wp-300x206.jpg 300w, https:\/\/lesmarret.marret.co\/wp-content\/uploads\/2017\/08\/Palaiseau-Cassini-2_wp-768x528.jpg 768w, https:\/\/lesmarret.marret.co\/wp-content\/uploads\/2017\/08\/Palaiseau-Cassini-2_wp-800x550.jpg 800w, https:\/\/lesmarret.marret.co\/wp-content\/uploads\/2017\/08\/Palaiseau-Cassini-2_wp-600x412.jpg 600w\" sizes=\"auto, (max-width: 207px) 100vw, 207px\" \/><\/a><\/p>\n<p>En 1920, Maurice Marret, un industriel parisien, fait l\u2019acquisition d\u2019une maison et de terrains, situ\u00e9s \u00e0 cheval sur les communes de Villebon-sur-Yvette et de Palaiseau. Cette propri\u00e9t\u00e9 n\u2019est toutefois pas r\u00e9cente puisque connue aussi sous le nom de \u00ab&nbsp;ch\u00e2teau des Casseaux&nbsp;\u00bb, elle existait d\u00e9j\u00e0 avant la R\u00e9volution\u2026<\/p>\n<div id=\"attachment_7353\" style=\"width: 185px\" class=\"wp-caption alignright\"><a href=\"https:\/\/lesmarret.marret.co\/wp-content\/uploads\/2017\/08\/Allotte-de-Chancelay-Anne-Marie-03a_wp.jpg\"><img loading=\"lazy\" decoding=\"async\" aria-describedby=\"caption-attachment-7353\" width=\"175\" height=\"209\" class=\" wp-image-7353\" alt=\"\" src=\"https:\/\/lesmarret.marret.co\/wp-content\/uploads\/2017\/08\/Allotte-de-Chancelay-Anne-Marie-03a_wp.jpg\" data-wp-pid=\"7353\" srcset=\"https:\/\/lesmarret.marret.co\/wp-content\/uploads\/2017\/08\/Allotte-de-Chancelay-Anne-Marie-03a_wp.jpg 743w, https:\/\/lesmarret.marret.co\/wp-content\/uploads\/2017\/08\/Allotte-de-Chancelay-Anne-Marie-03a_wp-252x300.jpg 252w, https:\/\/lesmarret.marret.co\/wp-content\/uploads\/2017\/08\/Allotte-de-Chancelay-Anne-Marie-03a_wp-503x600.jpg 503w\" sizes=\"auto, (max-width: 175px) 100vw, 175px\" \/><\/a><p id=\"caption-attachment-7353\" class=\"wp-caption-text\"><span style=\"font-size: 8pt;\">Portrait de Mme Th\u00e9odore Lacroix avec sa fille Suzanne-F\u00e9licit\u00e9 (Tableau de Jean VALADE)<\/span><\/p><\/div>\n<p>&nbsp;<\/p>\n<p>La premi\u00e8re personne apparaissant, dans des documents officiels, comme en \u00e9tant propri\u00e9taire est Anne-Marie Allotte de Chancelay (1732-1820), la veuve de Th\u00e9odore Lacroix (1707-1777) qui avait \u00e9t\u00e9 &nbsp;directeur des fermes du Roi&nbsp;; on peut pr\u00e9sumer qu\u2019elle a h\u00e9rit\u00e9 cette propri\u00e9t\u00e9 de son mari.<\/p>\n<p>Le 12&nbsp;mars 1792, Suzanne F\u00e9licit\u00e9 Lacroix, proc\u00e8de, au nom de sa m\u00e8re, \u00e0 la vente de la propri\u00e9t\u00e9 \u00e0 Antoine Charles Farmain, huissier royal. Celui-ci habite le \u00ab&nbsp;Ch\u00e2teau des Casseaux&nbsp;\u00bb et y d\u00e9c\u00e8de le 2&nbsp;juin 1812. Son fils, Antoine Farmain de Sainte-Reine, h\u00e9rite du domaine et y finit aussi sa vie, le 23&nbsp;avril 1849.<\/p>\n<p>Soixante-dix ans apr\u00e8s l\u2019avoir acquise, la famille Farmain c\u00e8de la propri\u00e9t\u00e9, le 12 avril 1862&nbsp;; c\u2019est une autre veuve, Rose Cluzel (1810-1887)\u2013 mari\u00e9e \u00e0 Fran\u00e7ois Marie Le Perdriel (1797-1860), pharmacien de son vivant -, qui en fait l\u2019acquisition. Pour s\u2019assurer qu\u2019aucune hypoth\u00e8que l\u00e9gale non-inscrite ne vienne grever ladite propri\u00e9t\u00e9, elle proc\u00e8de \u00e0 une publication du contrat dans le journal local, l\u2019<em>Union de la Seine-et-Oise<\/em>.<\/p>\n<div id=\"attachment_7358\" style=\"width: 185px\" class=\"wp-caption alignright\"><a href=\"https:\/\/lesmarret.marret.co\/wp-content\/uploads\/2017\/08\/Maurice-Marret-DM033a_wp.jpg\"><img loading=\"lazy\" decoding=\"async\" aria-describedby=\"caption-attachment-7358\" width=\"175\" height=\"202\" class=\" wp-image-7358\" alt=\"\" src=\"https:\/\/lesmarret.marret.co\/wp-content\/uploads\/2017\/08\/Maurice-Marret-DM033a_wp.jpg\" data-wp-pid=\"7358\"><\/a><p id=\"caption-attachment-7358\" class=\"wp-caption-text\"><span style=\"font-size: 8pt;\">Maurice Marret<\/span><\/p><\/div>\n<p>Le 29&nbsp;juillet 1920, Fran\u00e7ois Charles Albert Carbonneaux Le Perdriel (1863-1928), le petit-fils par adoption de Fran\u00e7ois Marie Le Perdriel, revend la maison et les terrains \u00e0 Maurice Eug\u00e8ne Ang\u00e8le Marret (1873-1944), un industriel parisien qui dirige une soci\u00e9t\u00e9 d\u2019affinage de m\u00e9taux pr\u00e9cieux.<\/p>\n<p>L\u2019arriv\u00e9e de la Deuxi\u00e8me Guerre mondiale transforme la vie de la famille Marret \u2013 ses trois fils sont mobilis\u00e9s et deux d\u2019entre eux seront faits prisonniers. L\u2019arm\u00e9e fran\u00e7aise (44<sup>e<\/sup>&nbsp;R\u00e9giment d\u2019artillerie divisionnaire) occupe les Casseaux d\u00e8s le 16&nbsp;septembre 1939&nbsp;: des officiers, sous-officiers et soldats y r\u00e9sident, avec une batterie d\u2019artillerie, des chevaux et leur \u00e9quipement \u2026<\/p>\n<p>Les troupes allemandes s\u2019y installent \u00e0 partir du 18&nbsp;juin 1940. Une cinquantaine d\u2019hommes et leurs chevaux y habitent&nbsp;; ils y demeurent jusqu\u2019au 25&nbsp;juin 1941, mais la propri\u00e9t\u00e9 reste encore \u00e0 la disposition des autorit\u00e9s allemandes d\u2019occupation. \u00c0 partir du 15&nbsp;septembre 1941, les propri\u00e9taires peuvent y retourner, les lieux restent toutefois susceptibles d\u2019\u00eatre r\u00e9occup\u00e9s \u00e0 tout moment\u2026 C\u2019est donc une maison partiellement pill\u00e9e et impossible \u00e0 habiter de fa\u00e7on durable, et la famille Marret n\u2019y va plus qu\u2019occasionnellement.<\/p>\n<p>En 1945 l\u2019\u00c9tat proc\u00e8de \u00e0 l\u2019acquisition d\u2019une partie de la propri\u00e9t\u00e9 (6ha&nbsp;30a) pour le Centre d\u2019essai en vol de Br\u00e9tigny-sur-Orge. L\u2019\u00c9cole d\u2019apprentissage s\u2019installe au ch\u00e2teau des Casseaux et y regroupe, d\u00e8s le d\u00e9but 1946, les jeunes apprentis autrefois dispers\u00e9s dans plusieurs villes fran\u00e7aises.<\/p>\n<p>Dans le cadre du plan de r\u00e9organisation des arm\u00e9es, le Minist\u00e8re de la D\u00e9fense (Direction g\u00e9n\u00e9rale de l\u2019armement) abandonne le site en 2013. La propri\u00e9t\u00e9 pourrait \u00eatre vendue prochainement et l\u2019avenir du ch\u00e2teau des Casseaux demeure inconnu&#8230;<\/p>\n<p>&nbsp;<a href=\"https:\/\/lesmarret.marret.co\/wp-content\/uploads\/2017\/08\/Les-Casseaux-21-Cl\u00e9ment-Mar\u00e9chal_wp.jpg\"><img loading=\"lazy\" decoding=\"async\" width=\"376\" height=\"233\" class=\"wp-image-7348 aligncenter\" alt=\"\" src=\"https:\/\/lesmarret.marret.co\/wp-content\/uploads\/2017\/08\/Les-Casseaux-21-Cl\u00e9ment-Mar\u00e9chal_wp.jpg\" data-wp-pid=\"7348\" srcset=\"https:\/\/lesmarret.marret.co\/wp-content\/uploads\/2017\/08\/Les-Casseaux-21-Cl\u00e9ment-Mar\u00e9chal_wp.jpg 886w, https:\/\/lesmarret.marret.co\/wp-content\/uploads\/2017\/08\/Les-Casseaux-21-Cl\u00e9ment-Mar\u00e9chal_wp-300x186.jpg 300w, https:\/\/lesmarret.marret.co\/wp-content\/uploads\/2017\/08\/Les-Casseaux-21-Cl\u00e9ment-Mar\u00e9chal_wp-768x476.jpg 768w, https:\/\/lesmarret.marret.co\/wp-content\/uploads\/2017\/08\/Les-Casseaux-21-Cl\u00e9ment-Mar\u00e9chal_wp-800x496.jpg 800w, https:\/\/lesmarret.marret.co\/wp-content\/uploads\/2017\/08\/Les-Casseaux-21-Cl\u00e9ment-Mar\u00e9chal_wp-600x372.jpg 600w\" sizes=\"auto, (max-width: 376px) 100vw, 376px\" \/><\/a> <a id=\"Proprietaires\"><\/a><\/p>\n<p>&nbsp;<\/p>\n<p><strong>Les propri\u00e9taires du Ch\u00e2teau des Casseaux, selon les actes notari\u00e9s<\/strong><\/p>\n<ul>\n<li>Anne Marie Allotte de Chancelay (1732-1820), veuve de M.&nbsp;Th\u00e9odore Lacroix, directeur des fermes du Roi &#8211; probablement en h\u00e9ritant de son mari, mort en 1777.<\/li>\n<li>Antoine Charles Farmain (1729-1812), huissier ordinaire du Roi pr\u00e8s le D\u00e9partement de la Justice &#8211; par acquisition, le 12&nbsp;mars 1792.<\/li>\n<li>Antoine Farmain de Sainte-Reine (1767-1849), Sous-Intendant militaire de la Garde Royale, Chevalier de l\u2019ordre royal &amp; militaire \u2013 en h\u00e9ritant de son p\u00e8re, mort le <em>2&nbsp;juin 1812.<\/em><\/li>\n<li>Antoine Adolphe Farmain de Sainte-Reine (1803-1878), Intendant militaire de la garde royale&nbsp; &#8211; \u2013 en h\u00e9ritant de son p\u00e8re, mort le <em>23&nbsp;avril 1849<\/em>.<\/li>\n<li>Madame Rose Cluzel (1810-1887), veuve de M. Fran\u00e7ois Marie Le Perdriel \u2013 par acquisition personnelle le 12&nbsp;avril 1862.<\/li>\n<li>Fran\u00e7ois Charles Albert Carbonneaux Le Perdriel (1863-1928), industriel \u2013 en h\u00e9ritant de sa grand-m\u00e8re, morte le 24&nbsp;d\u00e9cembre 1887.<\/li>\n<li>Maurice Eug\u00e8ne Ang\u00e8le Marret (1873-1944), industriel \u2013 par acquisition, le 29&nbsp;juillet 1920..<\/li>\n<li>Pierre Marret, Jean Marret, Denise Marret et Roger Marret \u2013 en h\u00e9ritant de leur p\u00e8re, mort le 16&nbsp;d\u00e9cembre 1944.<\/li>\n<li>L\u2019\u00c9tat fran\u00e7ais, depuis 1945.<a id=\"Vente1792\"><\/a><\/li>\n<\/ul>\n<h3><strong>12&nbsp;mars 1792 &#8211; Vente de la propri\u00e9t\u00e9 par Anne Marie Allotte de Chancelay \u00e0 Antoine Charles Farmain <\/strong><\/h3>\n<h3><strong><a href=\"https:\/\/lesmarret.marret.co\/wp-content\/uploads\/2017\/08\/1821-05-11-Quittance-Delafosse-Farmain-p1-2_wp.jpg\"><img loading=\"lazy\" decoding=\"async\" width=\"300\" height=\"457\" class=\"wp-image-7350 alignright\" alt=\"\" src=\"https:\/\/lesmarret.marret.co\/wp-content\/uploads\/2017\/08\/1821-05-11-Quittance-Delafosse-Farmain-p1-2_wp-672x1024.jpg\" data-wp-pid=\"7350\" srcset=\"https:\/\/lesmarret.marret.co\/wp-content\/uploads\/2017\/08\/1821-05-11-Quittance-Delafosse-Farmain-p1-2_wp-672x1024.jpg 672w, https:\/\/lesmarret.marret.co\/wp-content\/uploads\/2017\/08\/1821-05-11-Quittance-Delafosse-Farmain-p1-2_wp-197x300.jpg 197w, https:\/\/lesmarret.marret.co\/wp-content\/uploads\/2017\/08\/1821-05-11-Quittance-Delafosse-Farmain-p1-2_wp-768x1170.jpg 768w, https:\/\/lesmarret.marret.co\/wp-content\/uploads\/2017\/08\/1821-05-11-Quittance-Delafosse-Farmain-p1-2_wp-394x600.jpg 394w, https:\/\/lesmarret.marret.co\/wp-content\/uploads\/2017\/08\/1821-05-11-Quittance-Delafosse-Farmain-p1-2_wp.jpg 775w\" sizes=\"auto, (max-width: 300px) 100vw, 300px\" \/><\/a><\/strong><\/h3>\n<p>Par contrat pass\u00e9 devant M<sup>e<\/sup>&nbsp;Gabiou qui en a gard\u00e9 minute en son coll\u00e8gue notaire, \u00e0 Paris, le douze mars mil sept cent quatre vingt douze, Mad<sup>e<\/sup>&nbsp;Delafosse, alors demoiselle, ayant agi comme mandataire de Mad<sup>e<\/sup>&nbsp;Anne Marie Allotte de Chancelay, sa m\u00e8re, veuve de M.&nbsp;Th\u00e9odore Lacroix, Directeur des fermes du Roi, a vendu \u00e0 M.&nbsp;Antoine Charles Farmain, huissier ordinaire du Roi pr\u00e8s le D\u00e9partement de la Justice, p\u00e8re de M.&nbsp;Farmain de Sainte Reine ici pr\u00e9sent, une propri\u00e9t\u00e9 situ\u00e9e au hameau de Cassaux et aux environs, Paroisse de Villebon, proche la rivi\u00e8re d\u2019Yvette et du village de Palaiseau (D\u00e9partement de Seine et Oise, Arrondissement du bureau des hypoth\u00e8ques de Versailles) et consistant en une maison bourgeoise, jardin, cour, bassecour, b\u00e2timents de toute nature d\u00e9pendant de lad. maison, pi\u00e8ces de terre, parcs, cerisayes, baus verger [\u2026].<\/p>\n<p>Cette vente a \u00e9t\u00e9 faire moyennant vingt quatre mille livres de prix principal&nbsp;; sur quoi quatorze mille livres ont \u00e9t\u00e9 pay\u00e9es par led. sr Farmain acqu\u00e9reur, suivant quittance pass\u00e9e devant le m\u00eame notaire qui en a pareillement gard\u00e9 minute en son coll\u00e8gue le vingt six juin dix sept cent quatre vingt dix et \u00e9tant ensuite dud. contrat. [\u2026]<\/p>\n<p style=\"text-align: right;\"><span style=\"font-size: 10pt;\"><em>1821-05-11. Quittance par Mme Delafosse \u00e0 Mr Farmain de Sainte-Reine.<br \/>\nMe&nbsp;Viault, notaire \u00e0 Paris.<a id=\"Vente1862\"><\/a><\/em><\/span><\/p>\n<h3><strong>12&nbsp;avril 1862 &#8211; Vente de la propri\u00e9t\u00e9 par M. Antoine-Adolphe Farmain de Sainte-Reine \u00e0 M<sup>me<\/sup> Rose Cluzel<\/strong><\/h3>\n<h3><strong><a href=\"https:\/\/lesmarret.marret.co\/wp-content\/uploads\/2017\/08\/1862-06-11-LUnion-de-Seine-et-Oise_wp.jpg\"><img loading=\"lazy\" decoding=\"async\" width=\"300\" height=\"444\" class=\"wp-image-7351 alignleft\" alt=\"\" src=\"https:\/\/lesmarret.marret.co\/wp-content\/uploads\/2017\/08\/1862-06-11-LUnion-de-Seine-et-Oise_wp-691x1024.jpg\" data-wp-pid=\"7351\" srcset=\"https:\/\/lesmarret.marret.co\/wp-content\/uploads\/2017\/08\/1862-06-11-LUnion-de-Seine-et-Oise_wp-691x1024.jpg 691w, https:\/\/lesmarret.marret.co\/wp-content\/uploads\/2017\/08\/1862-06-11-LUnion-de-Seine-et-Oise_wp-202x300.jpg 202w, https:\/\/lesmarret.marret.co\/wp-content\/uploads\/2017\/08\/1862-06-11-LUnion-de-Seine-et-Oise_wp-768x1138.jpg 768w, https:\/\/lesmarret.marret.co\/wp-content\/uploads\/2017\/08\/1862-06-11-LUnion-de-Seine-et-Oise_wp-405x600.jpg 405w, https:\/\/lesmarret.marret.co\/wp-content\/uploads\/2017\/08\/1862-06-11-LUnion-de-Seine-et-Oise_wp.jpg 797w\" sizes=\"auto, (max-width: 300px) 100vw, 300px\" \/><\/a><\/strong><\/h3>\n<p>Notification d&rsquo;un acte fait au greffe du tribunal civil, s\u00e9ant \u00e0 Versailles le quinze mai mil-huit-cent-soixante-deux enregistr\u00e9, constatant le d\u00e9p\u00f4t y effectu\u00e9, de la copie collationn\u00e9e et enregistr\u00e9e d&rsquo;un contrat re\u00e7u par Me&nbsp;Marcq et Me&nbsp;Turquet son coll\u00e8gue, notaires \u00e0 Paris, le douze avril pr\u00e9c\u00e9dent, aussi enregistr\u00e9;<\/p>\n<p>Aux termes duquel contrat, M. Antoine-Adolphe Farmain de Sainte-Reine, propri\u00e9taire, demeurant \u00e0 Paris, rue de S\u00e8vres, n<sup>o<\/sup>&nbsp;23, ci-devant, et actuellement rue Leroux, n<sup>o<\/sup>&nbsp;5, quartier de Passy, a vendu avec garantie de tous troubles, hypoth\u00e8ques, privil\u00e8ges, surench\u00e8res, \u00e9victions et autres emp\u00eachements, \u00e0 madame veuve Le Perdriel, requ\u00e9rante&nbsp;:<\/p>\n<ol>\n<li>Une maison de campagne sise en la commune de Villebon, au hameau des Casseaux, arrondissement de Versailles (Seine-et-Oise), comprenant une maison d&rsquo;habitation \u00e9lev\u00e9e d&rsquo;un rez-de-chauss\u00e9e et de deux \u00e9tages, vastes communs compos\u00e9s de logements de jardiniers, buanderies, selleries, remises, \u00e9curies, grenier \u00e0 fourrage, b\u00fbcher, lapini\u00e8re, loge \u00e0 chien, eaux-vives distribu\u00e9es dans la maison, jardin d&rsquo;agr\u00e9ment et potager, futaie, pr\u00e9s, clos au bout.Le tout entour\u00e9 de murs, d&rsquo;une contenance d&rsquo;environ quatre hectares, joignant d&rsquo;un c\u00f4t\u00e9 la route de Villebon \u00e0 Orsay, d&rsquo;autre c\u00f4t\u00e9 vers le jardin et le clos aux pr\u00e9s de M.&nbsp;de Sainte Reine, et vers la maison aux pr\u00e9s qui vont \u00eatre d\u00e9sign\u00e9s, d&rsquo;un bout vers le clos \u00e0 une pi\u00e8ce de pr\u00e9 de M.&nbsp;de Sainte-Reine, et d&rsquo;autre bout vers les b\u00e2timents, \u00e0 la pi\u00e8ce ci apr\u00e8s d\u00e9sign\u00e9e.<\/li>\n<li>Une pi\u00e8ce de terre en nature de prairie, contenant quatre-vingts ares trois centiares, tenant d&rsquo;un c\u00f4t\u00e9 \u00e0 la propri\u00e9t\u00e9 ci-dessus vers la maison, d&rsquo;autre c\u00f4t\u00e9 \u00e0 la rivi\u00e8re de l&rsquo;Yvette, d&rsquo;un bout au surplus de la prairie restant appartenir \u00e0 M.&nbsp;de Sainte-Reine, d&rsquo;autre bout sur la m\u00eame ligne du mur de cl\u00f4ture, du c\u00f4t\u00e9 de la maison \u00e0 la pi\u00e8ce ci-apr\u00e8s d\u00e9sign\u00e9e, et \u00e0 M.&nbsp;de Ste-Reine.<\/li>\n<li>Une pi\u00e8ce de terre aussi en nature de prairie, d&rsquo;une contenance de trente-quatre ares dix-neuf centiares, sise au m\u00eame endroit, tenant d&rsquo;un c\u00f4t\u00e9 vers la maison \u00e0 la propri\u00e9t\u00e9 ci-dessus, et \u00e0 la pi\u00e8ce de pr\u00e9 sus-d\u00e9sign\u00e9e, d&rsquo;autre c\u00f4t\u00e9 au surplus de la prairie restant appartenir \u00e0 M.&nbsp;de Sainte-Reine. d&rsquo;un bout vers la rivi\u00e8re de l&rsquo;Yvette \u00e0 M.&nbsp;de Sainte-Reine, d&rsquo;autre bout \u00e0 la route de Villebon \u00e0 Orsay. Cette pi\u00e8ce, dans ce bout, est coup\u00e9e par un sentier, elle est born\u00e9e par une haie vive, faisant partie de la vente du c\u00f4t\u00e9 des terres de M.&nbsp;de Sainte-Reine.<\/li>\n<\/ol>\n<p style=\"padding-left: 30px;\">Droit de tour d\u2019\u00e9chelle de la largeur de un m\u00e8tre cinquante centim\u00e8tres environ, tout le long de la propri\u00e9t\u00e9 d\u00e9sign\u00e9e sous le n<sup>o<\/sup>&nbsp;1<sup>er<\/sup> sur les terres restant appartenir \u00e0 M. de Sainte-Reine.<\/p>\n<p>Moyennant, outre les charges clauses et conditions port\u00e9es an contrat, le prix principal de soixante-huit mille six cents francs pay\u00e9 comptant, et dont ledit contrat contient quittance. [\u2026]<\/p>\n<p style=\"text-align: right;\"><span style=\"font-size: 10pt;\"><em>L\u2019Union de Seine-et-Oise, 11&nbsp;juin 1862, p.&nbsp;4.<a id=\"Vente1920\"><\/a><\/em><\/span><\/p>\n<h3><strong>29&nbsp;juillet 1920 &#8211; Vente de la propri\u00e9t\u00e9 par M. et Mme Albert Carbonneaux le Perdriel, \u00e0 Monsieur Maurice Marret<\/strong><\/h3>\n<p><a href=\"https:\/\/lesmarret.marret.co\/wp-content\/uploads\/2017\/08\/1920-07-09-Quittance-Carbonneaux-Marret-p2a_wp.jpg\"><img loading=\"lazy\" decoding=\"async\" width=\"300\" height=\"430\" class=\"wp-image-7352 alignright\" alt=\"\" src=\"https:\/\/lesmarret.marret.co\/wp-content\/uploads\/2017\/08\/1920-07-09-Quittance-Carbonneaux-Marret-p2a_wp-714x1024.jpg\" data-wp-pid=\"7352\" srcset=\"https:\/\/lesmarret.marret.co\/wp-content\/uploads\/2017\/08\/1920-07-09-Quittance-Carbonneaux-Marret-p2a_wp-714x1024.jpg 714w, https:\/\/lesmarret.marret.co\/wp-content\/uploads\/2017\/08\/1920-07-09-Quittance-Carbonneaux-Marret-p2a_wp-209x300.jpg 209w, https:\/\/lesmarret.marret.co\/wp-content\/uploads\/2017\/08\/1920-07-09-Quittance-Carbonneaux-Marret-p2a_wp-768x1101.jpg 768w, https:\/\/lesmarret.marret.co\/wp-content\/uploads\/2017\/08\/1920-07-09-Quittance-Carbonneaux-Marret-p2a_wp-800x1147.jpg 800w, https:\/\/lesmarret.marret.co\/wp-content\/uploads\/2017\/08\/1920-07-09-Quittance-Carbonneaux-Marret-p2a_wp-419x600.jpg 419w, https:\/\/lesmarret.marret.co\/wp-content\/uploads\/2017\/08\/1920-07-09-Quittance-Carbonneaux-Marret-p2a_wp.jpg 824w\" sizes=\"auto, (max-width: 300px) 100vw, 300px\" \/><\/a>Suivant acte re\u00e7u par les notaires soussign\u00e9s le vingt neuf juillet dernier (mil neuf cent vingt) Monsieur &amp; Madame Carbonneaux Le Perdriel comparants ont vendu \u00e0 M<sup>r<\/sup> Maurice Marret aussi comparant.<\/p>\n<p>1<sup>ent<\/sup> Une propri\u00e9t\u00e9 d\u2019agr\u00e9ment situ\u00e9e \u00e0 Villebon canton de Palaiseau arrondissement de Versailles (Seine et Oise) route de Villebon \u00e0 Orsay dite \u00ab&nbsp;Les Casseaux&nbsp;\u00bb consistant en maison de ma\u00eetre, autres b\u00e2timents, maison de jardinier, orangerie serre cours, jardin d\u2019agr\u00e9ment &amp; potager verger prairies terrain de culture, le tout d\u2019un seul ensemble clos de murs, haies &amp; fil de fer d\u2019une contenance d\u2019environ sept hectares trente quatre ares soixante seize centiares en ce compris la moiti\u00e9 dans toute sa longueur d\u2019un chemin bordant ladite propri\u00e9t\u00e9 au sud et au nord.<\/p>\n<p><a href=\"https:\/\/lesmarret.marret.co\/wp-content\/uploads\/2017\/08\/Les-Casseaux-Cadastre-2_wp.jpg\"><img loading=\"lazy\" decoding=\"async\" width=\"300\" height=\"309\" class=\"wp-image-7345 alignleft\" alt=\"\" src=\"https:\/\/lesmarret.marret.co\/wp-content\/uploads\/2017\/08\/Les-Casseaux-Cadastre-2_wp-994x1024.jpg\" data-wp-pid=\"7345\" srcset=\"https:\/\/lesmarret.marret.co\/wp-content\/uploads\/2017\/08\/Les-Casseaux-Cadastre-2_wp-994x1024.jpg 994w, https:\/\/lesmarret.marret.co\/wp-content\/uploads\/2017\/08\/Les-Casseaux-Cadastre-2_wp-291x300.jpg 291w, https:\/\/lesmarret.marret.co\/wp-content\/uploads\/2017\/08\/Les-Casseaux-Cadastre-2_wp-768x791.jpg 768w, https:\/\/lesmarret.marret.co\/wp-content\/uploads\/2017\/08\/Les-Casseaux-Cadastre-2_wp-800x824.jpg 800w, https:\/\/lesmarret.marret.co\/wp-content\/uploads\/2017\/08\/Les-Casseaux-Cadastre-2_wp-582x600.jpg 582w, https:\/\/lesmarret.marret.co\/wp-content\/uploads\/2017\/08\/Les-Casseaux-Cadastre-2_wp.jpg 1146w\" sizes=\"auto, (max-width: 300px) 100vw, 300px\" \/><\/a>2<sup>ent<\/sup> Et un jardin d\u2019agr\u00e9ment situ\u00e9 commune de Palaiseau, lieudit \u00ab&nbsp;Fourcherolles&nbsp;\u00bb contig\u00fc \u00e0 la propri\u00e9t\u00e9 pr\u00e9c\u00e9dente d\u2019avec laquelle elle \u00e9tait s\u00e9par\u00e9e par la rivi\u00e8re l\u2019Yvette d\u2019une contenance superficielle d\u2019environ un hectare soixante seize ares quatre vingt quinze centiares.<\/p>\n<p>Ces deux propri\u00e9t\u00e9s plus amplement d\u00e9sign\u00e9es audit acte d\u2019acquisition dont la minute pr\u00e9c\u00e8de.<\/p>\n<p>Cette acquisition a eu lieu moyennant le prix principal de deux cent vingt cinq mille francs&nbsp;[&#8230;]<\/p>\n<p style=\"text-align: right;\"><span style=\"font-size: 10pt;\"><em>1920-09-07. Quittance Mainlev\u00e9e partielle par Mr &amp; Mme Carbonneaux Le Perdriel \u00e0 Mr Maurice Marret. Me Gaston Bazin, notaire \u00e0 Paris.<\/em><\/span><\/p>\n<p style=\"text-align: center;\">*******<\/p>\n<p><a href=\"https:\/\/lesmarret.marret.co\/wp-content\/uploads\/2017\/08\/Les-Casseaux-11-geneustrie_wp.jpg\"><img loading=\"lazy\" decoding=\"async\" width=\"283\" height=\"180\" class=\"wp-image-7347 alignleft\" alt=\"\" src=\"https:\/\/lesmarret.marret.co\/wp-content\/uploads\/2017\/08\/Les-Casseaux-11-geneustrie_wp-1024x650.jpg\" data-wp-pid=\"7347\" srcset=\"https:\/\/lesmarret.marret.co\/wp-content\/uploads\/2017\/08\/Les-Casseaux-11-geneustrie_wp-1024x650.jpg 1024w, https:\/\/lesmarret.marret.co\/wp-content\/uploads\/2017\/08\/Les-Casseaux-11-geneustrie_wp-300x191.jpg 300w, https:\/\/lesmarret.marret.co\/wp-content\/uploads\/2017\/08\/Les-Casseaux-11-geneustrie_wp-768x488.jpg 768w, https:\/\/lesmarret.marret.co\/wp-content\/uploads\/2017\/08\/Les-Casseaux-11-geneustrie_wp-800x508.jpg 800w, https:\/\/lesmarret.marret.co\/wp-content\/uploads\/2017\/08\/Les-Casseaux-11-geneustrie_wp-600x381.jpg 600w, https:\/\/lesmarret.marret.co\/wp-content\/uploads\/2017\/08\/Les-Casseaux-11-geneustrie_wp.jpg 1181w\" sizes=\"auto, (max-width: 283px) 100vw, 283px\" \/><\/a><\/p>\n<div id=\"attachment_7359\" style=\"width: 295px\" class=\"wp-caption alignright\"><a href=\"https:\/\/lesmarret.marret.co\/wp-content\/uploads\/2017\/08\/1939-09-Marret-Famille-aux-Casseaux-JLM0475-2a_wp.jpg\"><img loading=\"lazy\" decoding=\"async\" aria-describedby=\"caption-attachment-7359\" width=\"285\" height=\"177\" class=\" wp-image-7359\" alt=\"\" src=\"https:\/\/lesmarret.marret.co\/wp-content\/uploads\/2017\/08\/1939-09-Marret-Famille-aux-Casseaux-JLM0475-2a_wp.jpg\" data-wp-pid=\"7359\" srcset=\"https:\/\/lesmarret.marret.co\/wp-content\/uploads\/2017\/08\/1939-09-Marret-Famille-aux-Casseaux-JLM0475-2a_wp.jpg 886w, https:\/\/lesmarret.marret.co\/wp-content\/uploads\/2017\/08\/1939-09-Marret-Famille-aux-Casseaux-JLM0475-2a_wp-300x187.jpg 300w, https:\/\/lesmarret.marret.co\/wp-content\/uploads\/2017\/08\/1939-09-Marret-Famille-aux-Casseaux-JLM0475-2a_wp-768x478.jpg 768w, https:\/\/lesmarret.marret.co\/wp-content\/uploads\/2017\/08\/1939-09-Marret-Famille-aux-Casseaux-JLM0475-2a_wp-800x498.jpg 800w, https:\/\/lesmarret.marret.co\/wp-content\/uploads\/2017\/08\/1939-09-Marret-Famille-aux-Casseaux-JLM0475-2a_wp-600x373.jpg 600w\" sizes=\"auto, (max-width: 285px) 100vw, 285px\" \/><\/a><p id=\"caption-attachment-7359\" class=\"wp-caption-text\"><span style=\"font-size: 8pt;\">Septembre 1939 &#8211; Les petits-enfants de Maurice Marret devant la maison des Casseaux<\/span><\/p><\/div>\n<p>&nbsp;<\/p>\n<p>&nbsp;<\/p>\n<p>&nbsp;<\/p>\n<p>&nbsp;<\/p>\n<p>&nbsp;<\/p>\n<h3>&nbsp;<\/h3>\n<p>&nbsp;<\/p>\n","protected":false},"excerpt":{"rendered":"<p>&nbsp; &nbsp;&nbsp; Index L\u2019Histoire de la propri\u00e9t\u00e9 La liste des propri\u00e9taires 12 mars 1792 &#8211; Vente par Mme Marie Allotte de Chancelay \u00e0 M.&nbsp;Farmain 12 avril 1862 \u2013 Vente par M.&nbsp;Farmain de Sainte-Reine &nbsp; &nbsp; \u00e0 Mme Cluzel 29 juillet &hellip; <a href=\"https:\/\/lesmarret.marret.co\/index.php\/des-lieux-de-famille\/villebon-les-casseaux\/\">Continuer la lecture <span class=\"meta-nav\">&rarr;<\/span><\/a><\/p>\n","protected":false},"author":1,"featured_media":0,"parent":5382,"menu_order":0,"comment_status":"closed","ping_status":"closed","template":"","meta":{"_monsterinsights_skip_tracking":false,"_monsterinsights_sitenote_active":false,"_monsterinsights_sitenote_note":"","_monsterinsights_sitenote_category":0,"ngg_post_thumbnail":0,"footnotes":""},"class_list":["post-7323","page","type-page","status-publish","hentry"],"aioseo_notices":[],"_links":{"self":[{"href":"https:\/\/lesmarret.marret.co\/index.php\/wp-json\/wp\/v2\/pages\/7323","targetHints":{"allow":["GET"]}}],"collection":[{"href":"https:\/\/lesmarret.marret.co\/index.php\/wp-json\/wp\/v2\/pages"}],"about":[{"href":"https:\/\/lesmarret.marret.co\/index.php\/wp-json\/wp\/v2\/types\/page"}],"author":[{"embeddable":true,"href":"https:\/\/lesmarret.marret.co\/index.php\/wp-json\/wp\/v2\/users\/1"}],"replies":[{"embeddable":true,"href":"https:\/\/lesmarret.marret.co\/index.php\/wp-json\/wp\/v2\/comments?post=7323"}],"version-history":[{"count":2,"href":"https:\/\/lesmarret.marret.co\/index.php\/wp-json\/wp\/v2\/pages\/7323\/revisions"}],"predecessor-version":[{"id":7446,"href":"https:\/\/lesmarret.marret.co\/index.php\/wp-json\/wp\/v2\/pages\/7323\/revisions\/7446"}],"up":[{"embeddable":true,"href":"https:\/\/lesmarret.marret.co\/index.php\/wp-json\/wp\/v2\/pages\/5382"}],"wp:attachment":[{"href":"https:\/\/lesmarret.marret.co\/index.php\/wp-json\/wp\/v2\/media?parent=7323"}],"curies":[{"name":"wp","href":"https:\/\/api.w.org\/{rel}","templated":true}]}}