{"id":7742,"date":"2019-04-28T16:37:02","date_gmt":"2019-04-28T15:37:02","guid":{"rendered":"http:\/\/lesmarret.marret.co\/?page_id=7742"},"modified":"2019-08-14T03:29:00","modified_gmt":"2019-08-14T02:29:00","slug":"frederic-marret","status":"publish","type":"page","link":"https:\/\/lesmarret.marret.co\/index.php\/frederic-marret\/","title":{"rendered":"Fr\u00e9d\u00e9ric Marret"},"content":{"rendered":"<div id=\"attachment_7708\" style=\"width: 158px\" class=\"wp-caption alignright\"><a href=\"https:\/\/lesmarret.marret.co\/wp-content\/uploads\/2019\/04\/1936-10-Lectures-pour-tous-p65-photo-2_wp.jpg\"><img loading=\"lazy\" decoding=\"async\" aria-describedby=\"caption-attachment-7708\" class=\" wp-image-7708\" src=\"https:\/\/lesmarret.marret.co\/wp-content\/uploads\/2019\/04\/1936-10-Lectures-pour-tous-p65-photo-2_wp-884x1024.jpg\" alt=\"\" width=\"148\" height=\"171\" data-wp-pid=\"7708\" srcset=\"https:\/\/lesmarret.marret.co\/wp-content\/uploads\/2019\/04\/1936-10-Lectures-pour-tous-p65-photo-2_wp-884x1024.jpg 884w, https:\/\/lesmarret.marret.co\/wp-content\/uploads\/2019\/04\/1936-10-Lectures-pour-tous-p65-photo-2_wp-259x300.jpg 259w, https:\/\/lesmarret.marret.co\/wp-content\/uploads\/2019\/04\/1936-10-Lectures-pour-tous-p65-photo-2_wp-768x889.jpg 768w, https:\/\/lesmarret.marret.co\/wp-content\/uploads\/2019\/04\/1936-10-Lectures-pour-tous-p65-photo-2_wp-800x926.jpg 800w, https:\/\/lesmarret.marret.co\/wp-content\/uploads\/2019\/04\/1936-10-Lectures-pour-tous-p65-photo-2_wp.jpg 1020w\" sizes=\"auto, (max-width: 148px) 100vw, 148px\" \/><\/a><p id=\"caption-attachment-7708\" class=\"wp-caption-text\"><span style=\"font-size: 8pt;\">Fr\u00e9d\u00e9ric Marret (<em>Source : Lectures pour tous, octobre 1936<\/em>)<\/span><\/p><\/div>\n<p>&nbsp;<\/p>\n<p>Fils de Joseph Marret, menuisier-\u00e9b\u00e9niste et de Marie Jos\u00e9phine Augustine Beynet, Fr\u00e9d\u00e9ric Marius Marret na\u00eet \u00e0 Grigny (Rh\u00f4ne) le jeudi 7&nbsp;novembre 1901.<\/p>\n<p>On ne sait exactement quand commen\u00e7a sa carri\u00e8re dans l\u2019aviation, mais il y travaille d\u00e9j\u00e0 comme radiot\u00e9l\u00e9graphiste en juin 1932, comme le mentionne Albert Chaillot dans ses m\u00e9moires&nbsp;:<\/p>\n<blockquote>\n<div id=\"attachment_7733\" style=\"width: 277px\" class=\"wp-caption alignright\"><a href=\"https:\/\/lesmarret.marret.co\/wp-content\/uploads\/2019\/04\/Lat\u00e9co\u00e8re-28-NACA_Aircraft_Circular_No.112_wp.jpg\"><img loading=\"lazy\" decoding=\"async\" aria-describedby=\"caption-attachment-7733\" class=\" wp-image-7733\" src=\"https:\/\/lesmarret.marret.co\/wp-content\/uploads\/2019\/04\/Lat\u00e9co\u00e8re-28-NACA_Aircraft_Circular_No.112_wp-1024x392.jpg\" alt=\"\" width=\"267\" height=\"103\" data-wp-pid=\"7733\" srcset=\"https:\/\/lesmarret.marret.co\/wp-content\/uploads\/2019\/04\/Lat\u00e9co\u00e8re-28-NACA_Aircraft_Circular_No.112_wp-1024x392.jpg 1024w, https:\/\/lesmarret.marret.co\/wp-content\/uploads\/2019\/04\/Lat\u00e9co\u00e8re-28-NACA_Aircraft_Circular_No.112_wp-300x115.jpg 300w, https:\/\/lesmarret.marret.co\/wp-content\/uploads\/2019\/04\/Lat\u00e9co\u00e8re-28-NACA_Aircraft_Circular_No.112_wp-768x294.jpg 768w, https:\/\/lesmarret.marret.co\/wp-content\/uploads\/2019\/04\/Lat\u00e9co\u00e8re-28-NACA_Aircraft_Circular_No.112_wp-800x306.jpg 800w, https:\/\/lesmarret.marret.co\/wp-content\/uploads\/2019\/04\/Lat\u00e9co\u00e8re-28-NACA_Aircraft_Circular_No.112_wp.jpg 1181w\" sizes=\"auto, (max-width: 267px) 100vw, 267px\" \/><\/a><p id=\"caption-attachment-7733\" class=\"wp-caption-text\"><span style=\"font-size: 8pt;\"><em>Un Lat\u00e9co\u00e8re 28<\/em> (NACA_Aircraft_Circular_No.112)<\/span><\/p><\/div><\/blockquote>\n<p style=\"padding-left: 30px;\">\u00ab <em>[\u2026] Puis en juin [1932], je vais effectuer avec le pilote Fernand Parisot un autre essai de Lat\u00e9&nbsp;28 transform\u00e9 sur Toulouse-Casablanca et retour. Nous faisons plusieurs escales et j&rsquo;ai le plaisir de revoir Casablanca que j&rsquo;ai quitt\u00e9e en 1920 et qui a consid\u00e9rablement chang\u00e9. Retour le lendemain avec quelques passagers. Au-dessus de l&rsquo;Espagne dans une zone de fortes turbulences nous sommes tr\u00e8s fortement secou\u00e9s. Assis dans le fauteuil du co-pilote, je vais voir dans la cabine ce qui se passe. Une passag\u00e8re est tomb\u00e9e \u00e0 plat ventre et s&rsquo;accroche d\u00e9sesp\u00e9r\u00e9ment aux jambes du radio Fr\u00e9d\u00e9ric Marret. La batterie du poste radio catapult\u00e9e a d\u00e9fonc\u00e9 le plancher de la cabine. J&rsquo;aide Fr\u00e9d\u00e9ric Marret \u00e0 mettre un peu d&rsquo;ordre et rassurer les passagers. Enfin le temps se calme et nous arrivons \u00e0 Toulouse. [\u2026]<\/em> \u00bb<\/p>\n<div id=\"attachment_7715\" style=\"width: 385px\" class=\"wp-caption alignright\"><a href=\"https:\/\/lesmarret.marret.co\/wp-content\/uploads\/2019\/04\/Travers\u00e9es-a\u00e9riennes-Atlantique-Sud-p2_wp.jpg\"><img loading=\"lazy\" decoding=\"async\" aria-describedby=\"caption-attachment-7715\" class=\" wp-image-7715\" src=\"https:\/\/lesmarret.marret.co\/wp-content\/uploads\/2019\/04\/Travers\u00e9es-a\u00e9riennes-Atlantique-Sud-p2_wp-819x1024.jpg\" alt=\"\" width=\"375\" height=\"469\" data-wp-pid=\"7715\" srcset=\"https:\/\/lesmarret.marret.co\/wp-content\/uploads\/2019\/04\/Travers\u00e9es-a\u00e9riennes-Atlantique-Sud-p2_wp-819x1024.jpg 819w, https:\/\/lesmarret.marret.co\/wp-content\/uploads\/2019\/04\/Travers\u00e9es-a\u00e9riennes-Atlantique-Sud-p2_wp-240x300.jpg 240w, https:\/\/lesmarret.marret.co\/wp-content\/uploads\/2019\/04\/Travers\u00e9es-a\u00e9riennes-Atlantique-Sud-p2_wp-768x961.jpg 768w, https:\/\/lesmarret.marret.co\/wp-content\/uploads\/2019\/04\/Travers\u00e9es-a\u00e9riennes-Atlantique-Sud-p2_wp-800x1001.jpg 800w, https:\/\/lesmarret.marret.co\/wp-content\/uploads\/2019\/04\/Travers\u00e9es-a\u00e9riennes-Atlantique-Sud-p2_wp.jpg 944w\" sizes=\"auto, (max-width: 375px) 100vw, 375px\" \/><\/a><p id=\"caption-attachment-7715\" class=\"wp-caption-text\"><span style=\"font-size: 8pt;\">La liaison a\u00e9ropostale transatlantique&nbsp;<\/span><span style=\"font-size: 8pt;\">(<em>Source : Pierre Labrouss<\/em>e)<\/span><\/p><\/div>\n<p>&nbsp;<\/p>\n<p>\u00c0 partir de janvier 1933, le nom de Fr\u00e9d\u00e9ric Marret appara\u00eet r\u00e9guli\u00e8rement, dans les chroniques \u00ab&nbsp;Nouvelles de l\u2019Aviation&nbsp;\u00bb publi\u00e9es par le journal <em>L\u2019Intransigeant<\/em>. Il est l\u2019un des radiot\u00e9l\u00e9graphistes attitr\u00e9s pour le transport hebdomadaire du courrier entre la France et l\u2019Am\u00e9rique du Sud.<\/p>\n<p>Si la plupart des vols semblent alors se passer sans anicroche, quelques-uns sont plus difficiles&nbsp;:<\/p>\n<p style=\"padding-left: 30px;\">\u00ab <em>Le courrier hebdomadaire France-Am\u00e9rique du Sud de l&rsquo;A\u00e9ropostale parti hier matin de Toulouse \u00e0 4&nbsp;h.&nbsp;55 (G.M.T.) s&rsquo;est pos\u00e9 \u00e0 2&nbsp;h.&nbsp;30 entre Villa Cisneros et Port \u00c9tienne&nbsp;: l&rsquo;\u00e9quipe Parisot Marret, prise dans le mauvais temps, a d\u00e9pass\u00e9 le cap Juby et Villa Cisneros. Des avions sont partis de Port \u00c9tienne et de Villa Cisneros avec une provision d&rsquo;essence pour d\u00e9panner Parisot-Marret. \u00c0 l&rsquo;aide de la T.S.F., l&rsquo;avion en panne a \u00e9t\u00e9 retrouv\u00e9 \u00e0 8&nbsp;heures.<\/em>&nbsp;\u00bb<br \/>\n<em>&nbsp; &nbsp; &nbsp; &nbsp; &nbsp; &nbsp; &nbsp; &nbsp; &nbsp; &nbsp; &nbsp; &nbsp;<span style=\"font-size: 10pt;\"> Source&nbsp;: <\/span><\/em><span style=\"font-size: 10pt;\">R.P. de T. Nouvelles de l\u2019Aviation.<em> L\u2019Intransigeant. <\/em>16&nbsp;mai 1933.<\/span><\/p>\n<p><span style=\"font-size: 12pt;\">Et dans un article publi\u00e9 par le Petit Dauphinois au titre \u00e9vocateur \u00ab&nbsp;Sous le casque de cuir<\/span>. <a href=\"https:\/\/lesmarret.marret.co\/index.php\/frederic-marret\/rencontre-tumultueuse-avec-le-spectre-vert\/\">Rencontre tumultueuse avec le Spectre Vert<\/a>&nbsp;\u00bb, Pierre Vir\u00e9 raconte l\u2019une de ces aventures&#8230;<\/p>\n<p>En f\u00e9vrier 1934, un vol s\u2019av\u00e8re plus dramatique&nbsp;: l\u2019avion postal Casablanca-Dakar s&rsquo;\u00e9crase dans la nuit en zone insoumise du Rio de Oro entre Cap-Juby et Villa-Cisneros; deux avions de secours ram\u00e8nent le corps du m\u00e9canicien tu\u00e9 et des quatre passagers, tous gri\u00e8vement bless\u00e9s. Le journal Excelsior en fait para\u00eetre le r\u00e9cit, en ao\u00fbt 1936, sous le titre \u00ab&nbsp;Conqu\u00e9rants de l\u2019air &#8211; <a href=\"https:\/\/lesmarret.marret.co\/index.php\/frederic-marret\/la-mort-du-8e-frame-1934\/\">La mort du 8<sup>e<\/sup> \u00a0\u00bb&nbsp;Frame 1934&nbsp;\u00ab\u00a0<\/a>. Le gouvernement fran\u00e7ais reconna\u00eet d\u2019ailleurs la conduite h\u00e9ro\u00efque de Fr\u00e9d\u00e9ric Marret et lui d\u00e9cerne la L\u00e9gion d\u2019honneur.<\/p>\n<div id=\"attachment_7705\" style=\"width: 409px\" class=\"wp-caption aligncenter\"><a href=\"https:\/\/lesmarret.marret.co\/wp-content\/uploads\/2019\/04\/1935-01-31-Les-Ailes-p09-2_wp.jpg\"><img loading=\"lazy\" decoding=\"async\" aria-describedby=\"caption-attachment-7705\" class=\" wp-image-7705\" src=\"https:\/\/lesmarret.marret.co\/wp-content\/uploads\/2019\/04\/1935-01-31-Les-Ailes-p09-2_wp.jpg\" alt=\"\" width=\"399\" height=\"99\" data-wp-pid=\"7705\" srcset=\"https:\/\/lesmarret.marret.co\/wp-content\/uploads\/2019\/04\/1935-01-31-Les-Ailes-p09-2_wp.jpg 886w, https:\/\/lesmarret.marret.co\/wp-content\/uploads\/2019\/04\/1935-01-31-Les-Ailes-p09-2_wp-300x74.jpg 300w, https:\/\/lesmarret.marret.co\/wp-content\/uploads\/2019\/04\/1935-01-31-Les-Ailes-p09-2_wp-768x190.jpg 768w, https:\/\/lesmarret.marret.co\/wp-content\/uploads\/2019\/04\/1935-01-31-Les-Ailes-p09-2_wp-800x198.jpg 800w\" sizes=\"auto, (max-width: 399px) 100vw, 399px\" \/><\/a><p id=\"caption-attachment-7705\" class=\"wp-caption-text\"><em><span style=\"font-size: 8pt;\">(Source : Les Ailes, 31 janvier 1935)<\/span><\/em><\/p><\/div>\n<p>\u00c0 partir d\u2019avril 1935, le service postal \u00e0 destination de l&rsquo;Am\u00e9rique du Sud se fait \u00e0 100 % par voie a\u00e9rienne et Fr\u00e9d\u00e9ric Marret participe r\u00e9guli\u00e8rement au transport hebdomadaire du courrier. Au cours des dix mois suivants, il effectue <a href=\"https:\/\/lesmarret.marret.co\/index.php\/frederic-marret\/frederic-marret-au-dessus-de-latlantique-sud\/\">dix-huit travers\u00e9es a\u00e9riennes<\/a> de l\u2019Atlantique-Sud.<\/p>\n<div id=\"attachment_7712\" style=\"width: 321px\" class=\"wp-caption alignright\"><a href=\"https:\/\/lesmarret.marret.co\/wp-content\/uploads\/2019\/04\/Lat\u00e9co\u00e8re-301-F-AOIK_wp.jpg\"><img loading=\"lazy\" decoding=\"async\" aria-describedby=\"caption-attachment-7712\" class=\" wp-image-7712\" src=\"https:\/\/lesmarret.marret.co\/wp-content\/uploads\/2019\/04\/Lat\u00e9co\u00e8re-301-F-AOIK_wp-1024x331.jpg\" alt=\"\" width=\"311\" height=\"101\" data-wp-pid=\"7712\" srcset=\"https:\/\/lesmarret.marret.co\/wp-content\/uploads\/2019\/04\/Lat\u00e9co\u00e8re-301-F-AOIK_wp-1024x331.jpg 1024w, https:\/\/lesmarret.marret.co\/wp-content\/uploads\/2019\/04\/Lat\u00e9co\u00e8re-301-F-AOIK_wp-300x97.jpg 300w, https:\/\/lesmarret.marret.co\/wp-content\/uploads\/2019\/04\/Lat\u00e9co\u00e8re-301-F-AOIK_wp-768x248.jpg 768w, https:\/\/lesmarret.marret.co\/wp-content\/uploads\/2019\/04\/Lat\u00e9co\u00e8re-301-F-AOIK_wp-800x259.jpg 800w, https:\/\/lesmarret.marret.co\/wp-content\/uploads\/2019\/04\/Lat\u00e9co\u00e8re-301-F-AOIK_wp.jpg 1181w\" sizes=\"auto, (max-width: 311px) 100vw, 311px\" \/><\/a><p id=\"caption-attachment-7712\" class=\"wp-caption-text\"><span style=\"font-size: 8pt;\">Lat\u00e9co\u00e8re 301&nbsp;<\/span><span style=\"font-size: 8pt;\">(<em>Source : Bureau d&rsquo;archives des accidents d&rsquo;avion<\/em>)<\/span><\/p><\/div>\n<p>Le 10&nbsp;f\u00e9vrier 1936, Fr\u00e9d\u00e9ric Marret est \u00e0 bord de l\u2019hydravion \u00ab&nbsp;Ville de Buenos-Aires&nbsp;\u00bb qui d\u00e9colle \u00e0 8&nbsp;h.&nbsp;50 de Natal vers Dakar. Mais l\u2019avion n\u2018arrive jamais \u00e0 destination, disparaissant \u00e0 tout jamais dans l\u2019Atlantique. Dans le livre <em>Le Courrier doit passer<\/em>, <a href=\"https:\/\/lesmarret.marret.co\/index.php\/frederic-marret\/le-courrier-doit-passer\/\">G\u00e9rard Piouffre raconte<\/a> la trag\u00e9die et tente d\u2019en expliquer les causes.<\/p>\n<p style=\"text-align: center;\">*******<\/p>\n<p>Fr\u00e9d\u00e9ric Marret avait \u00e9pous\u00e9 Valentine C\u00e9cile Louise Lebecq et, \u00e0 l\u2019\u00e9poque de son d\u00e9c\u00e8s le 10&nbsp;f\u00e9vrier 1936, il r\u00e9sidait, comme ses autres coll\u00e8gues aviateurs, \u00e0 Dakar. Suite \u00e0 un jugement du Tribunal civil de la Seine, leurs d\u00e9c\u00e8s furent enregistr\u00e9s dans les registres de plusieurs mairies, dont celle du 1<sup>er<\/sup>&nbsp;arrondissement \u00e0 Paris, le 17&nbsp;septembre 1936.<\/p>\n<p><a href=\"https:\/\/lesmarret.marret.co\/wp-content\/uploads\/2019\/04\/1936-09-17-MARRET-Fr\u00e9d\u00e9ric-D\u00e9c\u00e8s_wp.jpg\"><img loading=\"lazy\" decoding=\"async\" class=\"size-large wp-image-7707 aligncenter\" src=\"https:\/\/lesmarret.marret.co\/wp-content\/uploads\/2019\/04\/1936-09-17-MARRET-Fr\u00e9d\u00e9ric-D\u00e9c\u00e8s_wp-1024x597.jpg\" alt=\"\" width=\"640\" height=\"373\" data-wp-pid=\"7707\" srcset=\"https:\/\/lesmarret.marret.co\/wp-content\/uploads\/2019\/04\/1936-09-17-MARRET-Fr\u00e9d\u00e9ric-D\u00e9c\u00e8s_wp-1024x597.jpg 1024w, https:\/\/lesmarret.marret.co\/wp-content\/uploads\/2019\/04\/1936-09-17-MARRET-Fr\u00e9d\u00e9ric-D\u00e9c\u00e8s_wp-300x175.jpg 300w, https:\/\/lesmarret.marret.co\/wp-content\/uploads\/2019\/04\/1936-09-17-MARRET-Fr\u00e9d\u00e9ric-D\u00e9c\u00e8s_wp-768x448.jpg 768w, https:\/\/lesmarret.marret.co\/wp-content\/uploads\/2019\/04\/1936-09-17-MARRET-Fr\u00e9d\u00e9ric-D\u00e9c\u00e8s_wp-800x467.jpg 800w, https:\/\/lesmarret.marret.co\/wp-content\/uploads\/2019\/04\/1936-09-17-MARRET-Fr\u00e9d\u00e9ric-D\u00e9c\u00e8s_wp.jpg 1181w\" sizes=\"auto, (max-width: 640px) 100vw, 640px\" \/><\/a><\/p>\n<p style=\"text-align: center;\">*******<\/p>\n<div id=\"attachment_7713\" style=\"width: 510px\" class=\"wp-caption aligncenter\"><a href=\"https:\/\/lesmarret.marret.co\/wp-content\/uploads\/2019\/04\/Marret-Clavere-Guillaumet-Guerrero-2_wp.jpg\"><img loading=\"lazy\" decoding=\"async\" aria-describedby=\"caption-attachment-7713\" class=\" wp-image-7713\" src=\"https:\/\/lesmarret.marret.co\/wp-content\/uploads\/2019\/04\/Marret-Clavere-Guillaumet-Guerrero-2_wp-1024x652.jpg\" alt=\"\" width=\"500\" height=\"318\" data-wp-pid=\"7713\" srcset=\"https:\/\/lesmarret.marret.co\/wp-content\/uploads\/2019\/04\/Marret-Clavere-Guillaumet-Guerrero-2_wp-1024x652.jpg 1024w, https:\/\/lesmarret.marret.co\/wp-content\/uploads\/2019\/04\/Marret-Clavere-Guillaumet-Guerrero-2_wp-300x191.jpg 300w, https:\/\/lesmarret.marret.co\/wp-content\/uploads\/2019\/04\/Marret-Clavere-Guillaumet-Guerrero-2_wp-768x489.jpg 768w, https:\/\/lesmarret.marret.co\/wp-content\/uploads\/2019\/04\/Marret-Clavere-Guillaumet-Guerrero-2_wp-800x509.jpg 800w, https:\/\/lesmarret.marret.co\/wp-content\/uploads\/2019\/04\/Marret-Clavere-Guillaumet-Guerrero-2_wp.jpg 1181w\" sizes=\"auto, (max-width: 500px) 100vw, 500px\" \/><\/a><p id=\"caption-attachment-7713\" class=\"wp-caption-text\"><span style=\"font-size: 8pt; font-family: georgia, palatino, serif;\">(<em>Source : Comptoir de l&rsquo;aviation<\/em>)<\/span><\/p><\/div>\n<p>On ne dispose que de fort peu de photos de Fr\u00e9d\u00e9ric Marret; l\u2019une des plus int\u00e9ressantes est ce clich\u00e9 pris \u00e0 Dakar, dans les hangars, probablement \u00e0 l\u2019occasion d\u2019un \u00e9v\u00e8nement \u2013 comme le laisse pr\u00e9sumer la pr\u00e9sence d\u2019une bouteille de champagne et de coupes sur la gauche de la photo. Sur celle-ci apparaissent en avant-plan, de gauche \u00e0 droite : Fr\u00e9d\u00e9ric Marret (radionavigant), Fernand Clav\u00e8re (navigateur), Henri Guillaumet et Laurent Guerrero (pilotes).<\/p>\n","protected":false},"excerpt":{"rendered":"<p>&nbsp; Fils de Joseph Marret, menuisier-\u00e9b\u00e9niste et de Marie Jos\u00e9phine Augustine Beynet, Fr\u00e9d\u00e9ric Marius Marret na\u00eet \u00e0 Grigny (Rh\u00f4ne) le jeudi 7&nbsp;novembre 1901. On ne sait exactement quand commen\u00e7a sa carri\u00e8re dans l\u2019aviation, mais il y travaille d\u00e9j\u00e0 comme radiot\u00e9l\u00e9graphiste &hellip; <a href=\"https:\/\/lesmarret.marret.co\/index.php\/frederic-marret\/\">Continuer la lecture <span class=\"meta-nav\">&rarr;<\/span><\/a><\/p>\n","protected":false},"author":1,"featured_media":0,"parent":0,"menu_order":0,"comment_status":"closed","ping_status":"closed","template":"","meta":{"_monsterinsights_skip_tracking":false,"_monsterinsights_sitenote_active":false,"_monsterinsights_sitenote_note":"","_monsterinsights_sitenote_category":0,"ngg_post_thumbnail":0,"footnotes":""},"class_list":["post-7742","page","type-page","status-publish","hentry"],"aioseo_notices":[],"_links":{"self":[{"href":"https:\/\/lesmarret.marret.co\/index.php\/wp-json\/wp\/v2\/pages\/7742","targetHints":{"allow":["GET"]}}],"collection":[{"href":"https:\/\/lesmarret.marret.co\/index.php\/wp-json\/wp\/v2\/pages"}],"about":[{"href":"https:\/\/lesmarret.marret.co\/index.php\/wp-json\/wp\/v2\/types\/page"}],"author":[{"embeddable":true,"href":"https:\/\/lesmarret.marret.co\/index.php\/wp-json\/wp\/v2\/users\/1"}],"replies":[{"embeddable":true,"href":"https:\/\/lesmarret.marret.co\/index.php\/wp-json\/wp\/v2\/comments?post=7742"}],"version-history":[{"count":15,"href":"https:\/\/lesmarret.marret.co\/index.php\/wp-json\/wp\/v2\/pages\/7742\/revisions"}],"predecessor-version":[{"id":7796,"href":"https:\/\/lesmarret.marret.co\/index.php\/wp-json\/wp\/v2\/pages\/7742\/revisions\/7796"}],"wp:attachment":[{"href":"https:\/\/lesmarret.marret.co\/index.php\/wp-json\/wp\/v2\/media?parent=7742"}],"curies":[{"name":"wp","href":"https:\/\/api.w.org\/{rel}","templated":true}]}}