{"id":7769,"date":"2019-05-02T17:52:04","date_gmt":"2019-05-02T16:52:04","guid":{"rendered":"http:\/\/lesmarret.marret.co\/?page_id=7769"},"modified":"2019-05-02T17:52:04","modified_gmt":"2019-05-02T16:52:04","slug":"frederic-marret-au-dessus-de-latlantique-sud","status":"publish","type":"page","link":"https:\/\/lesmarret.marret.co\/index.php\/frederic-marret\/frederic-marret-au-dessus-de-latlantique-sud\/","title":{"rendered":"Fr\u00e9d\u00e9ric Marret&#8230; au-dessus de l&rsquo;Atlantique-Sud"},"content":{"rendered":"<div id=\"attachment_7709\" style=\"width: 261px\" class=\"wp-caption alignleft\"><a href=\"https:\/\/lesmarret.marret.co\/wp-content\/uploads\/2019\/04\/2018-06-M\u00e9moire-de-Mermoz-Bulletin-p3a_wp.jpg\"><img loading=\"lazy\" decoding=\"async\" aria-describedby=\"caption-attachment-7709\" class=\" wp-image-7709\" src=\"https:\/\/lesmarret.marret.co\/wp-content\/uploads\/2019\/04\/2018-06-M\u00e9moire-de-Mermoz-Bulletin-p3a_wp-1024x688.jpg\" alt=\"\" width=\"251\" height=\"169\" data-wp-pid=\"7709\" srcset=\"https:\/\/lesmarret.marret.co\/wp-content\/uploads\/2019\/04\/2018-06-M\u00e9moire-de-Mermoz-Bulletin-p3a_wp-1024x688.jpg 1024w, https:\/\/lesmarret.marret.co\/wp-content\/uploads\/2019\/04\/2018-06-M\u00e9moire-de-Mermoz-Bulletin-p3a_wp-300x201.jpg 300w, https:\/\/lesmarret.marret.co\/wp-content\/uploads\/2019\/04\/2018-06-M\u00e9moire-de-Mermoz-Bulletin-p3a_wp-768x516.jpg 768w, https:\/\/lesmarret.marret.co\/wp-content\/uploads\/2019\/04\/2018-06-M\u00e9moire-de-Mermoz-Bulletin-p3a_wp-800x537.jpg 800w, https:\/\/lesmarret.marret.co\/wp-content\/uploads\/2019\/04\/2018-06-M\u00e9moire-de-Mermoz-Bulletin-p3a_wp.jpg 1181w\" sizes=\"auto, (max-width: 251px) 100vw, 251px\" \/><\/a><p id=\"caption-attachment-7709\" class=\"wp-caption-text\"><em><span style=\"font-size: 10pt;\">(Source : M\u00e9moire de Mermoz)<\/span><\/em><\/p><\/div>\n<p>&nbsp;<\/p>\n<h3><strong>Sur le<em> Centaure<\/em><\/strong><\/h3>\n<p>Quadrimoteur \u00ab&nbsp;\u00e0 roulettes&nbsp;\u00bb \u00ab&nbsp;Centaure&nbsp;\u00bb&nbsp;:<br \/>\nFarman 220<br \/>\n&#8211; quadrimoteur Hispano 600&nbsp;CV.<\/p>\n<p>&nbsp;<\/p>\n<p>(01) Lundi 3&nbsp;juin 1935<br \/>\nD\u00e9part de Dakar \u00e0 1&nbsp;h&nbsp;38 et arriv\u00e9e \u00e0 Natal \u00e0 16&nbsp;h&nbsp;30 (14&nbsp;h&nbsp;52).<br \/>\n[<em>1<sup>er<\/sup>&nbsp;pilote et commandant de bord<\/em>&nbsp;: Henri Guillaumet; <em>2<sup>e<\/sup>&nbsp;pilote<\/em>&nbsp;: Laurent Guerrero;<br \/>\n<em>navigateur<\/em>&nbsp;: Fernand Clav\u00e8re; <em>radio<\/em>&nbsp;: Fr\u00e9d\u00e9ric Marret; <em>m\u00e9canicien<\/em>&nbsp;: Lucien Guesnard.]<\/p>\n<p>(02) Mardi 11&nbsp;juin 1935<br \/>\nD\u00e9part de Natal \u00e0 6&nbsp;h&nbsp;10 et arriv\u00e9e \u00e0 Dakar \u00e0 21&nbsp;h&nbsp;45 (15&nbsp;h&nbsp;35).<br \/>\n[<em>1<sup>er<\/sup>&nbsp;pilote et commandant de bord<\/em>&nbsp;: Henri Guillaumet; <em>2<sup>e<\/sup>&nbsp;pilote<\/em>&nbsp;: Laurent Guerrero;<br \/>\n<em>navigateur<\/em>&nbsp;: Fernand Clav\u00e8re; <em>radio<\/em>&nbsp;: Fr\u00e9d\u00e9ric Marret; <em>m\u00e9canicien<\/em>&nbsp;: Lucien Guesnard.]<\/p>\n<p>(03) Lundi 17&nbsp;juin 1935<br \/>\nD\u00e9part de Dakar \u00e0 0&nbsp;h&nbsp;15 et arriv\u00e9e \u00e0 Natal \u00e0&nbsp;16&nbsp;h&nbsp;20 (16&nbsp;h&nbsp;05).<br \/>\n[<em>1<sup>er<\/sup>&nbsp;pilote et commandant de bord<\/em>&nbsp;: Henri Guillaumet; <em>2<sup>e<\/sup>&nbsp;pilote<\/em>&nbsp;: Laurent Guerrero;<br \/>\n<em>navigateur<\/em>&nbsp;: Fernand Clav\u00e8re; <em>radio<\/em>&nbsp;: Fr\u00e9d\u00e9ric Marret; <em>m\u00e9canicien<\/em>&nbsp;: Lucien Guesnard.]<\/p>\n<p>(04) Lundi 24&nbsp;juin 1935<br \/>\nD\u00e9part de Natal \u00e0 3&nbsp;h&nbsp;22 et arriv\u00e9e \u00e0 Dakar \u00e0 19&nbsp;h&nbsp;.18 (15&nbsp;h&nbsp;48).<br \/>\n[<em>1<sup>er<\/sup>&nbsp;pilote et commandant de bord<\/em>&nbsp;: Henri Guillaumet; <em>2<sup>e<\/sup>&nbsp;pilote<\/em>&nbsp;: Laurent Guerrero;<br \/>\n<em>navigateur<\/em>&nbsp;: Fernand Clav\u00e8re; <em>radio<\/em>&nbsp;: Fr\u00e9d\u00e9ric Marret; <em>m\u00e9canicien<\/em>&nbsp;: Lucien Guesnard.]<\/p>\n<p>(09) Lundi 16&nbsp;septembre 1935<br \/>\nD\u00e9part de Dakar \u00e0 14&nbsp;h,&nbsp;48 et arriv\u00e9e \u00e0 Natal \u00e0 4&nbsp;h.&nbsp;25 (13&nbsp;h&nbsp;37).<br \/>\n[<em>1<sup>er<\/sup>&nbsp;pilote et commandant de bord<\/em>&nbsp;: Henri Guillaumet; <em>2<sup>e<\/sup>&nbsp;pilote<\/em>&nbsp;: Laurent Guerrero;<br \/>\n<em>navigateur<\/em>&nbsp;: Fernand Clav\u00e8re; <em>radio<\/em>&nbsp;: Fr\u00e9d\u00e9ric Marret; <em>m\u00e9canicien<\/em>&nbsp;: Lucien Guesnard.]<\/p>\n<p>&nbsp;<\/p>\n<div id=\"attachment_7710\" style=\"width: 261px\" class=\"wp-caption alignleft\"><a href=\"https:\/\/lesmarret.marret.co\/wp-content\/uploads\/2019\/04\/La-Croix-du-Sud_wp.jpg\"><img loading=\"lazy\" decoding=\"async\" aria-describedby=\"caption-attachment-7710\" class=\" wp-image-7710\" src=\"https:\/\/lesmarret.marret.co\/wp-content\/uploads\/2019\/04\/La-Croix-du-Sud_wp-1024x653.jpg\" alt=\"\" width=\"251\" height=\"160\" data-wp-pid=\"7710\" srcset=\"https:\/\/lesmarret.marret.co\/wp-content\/uploads\/2019\/04\/La-Croix-du-Sud_wp-1024x653.jpg 1024w, https:\/\/lesmarret.marret.co\/wp-content\/uploads\/2019\/04\/La-Croix-du-Sud_wp-300x191.jpg 300w, https:\/\/lesmarret.marret.co\/wp-content\/uploads\/2019\/04\/La-Croix-du-Sud_wp-768x490.jpg 768w, https:\/\/lesmarret.marret.co\/wp-content\/uploads\/2019\/04\/La-Croix-du-Sud_wp-800x510.jpg 800w, https:\/\/lesmarret.marret.co\/wp-content\/uploads\/2019\/04\/La-Croix-du-Sud_wp.jpg 1181w\" sizes=\"auto, (max-width: 251px) 100vw, 251px\" \/><\/a><p id=\"caption-attachment-7710\" class=\"wp-caption-text\"><span style=\"font-size: 10pt;\"><em>La Croix du Sud (Source : Wikipedia)<\/em><\/span><\/p><\/div>\n<h3>&nbsp;<\/h3>\n<h3><strong>Sur la <em>Croix-du-Sud<\/em><\/strong><\/h3>\n<p>Hydravion \u00ab&nbsp;La Croix-du-Sud&nbsp;\u00bb&nbsp;:<br \/>\nLat\u00e9co\u00e8re 300<br \/>\n&#8211; quadrimoteur Hispano 650&nbsp;CV.<\/p>\n<p>&nbsp;<\/p>\n<p>(05) Lundi 22&nbsp;juillet 1935<br \/>\nD\u00e9part de Dakar \u00e0 2 h. 47, retour \u00e0 Dakar \u00e0 5 h. 13, apr\u00e8s un demi-tour provoqu\u00e9 par une panne de radio.<br \/>\nNouveau d\u00e9part de Dakar \u00e0 12 h. 18 et arriv\u00e9e \u00e0 Natal \u00e0 8 h. 50 (20 h 32).<br \/>\n[<em>1<sup>er<\/sup>&nbsp;pilote et commandant de bord<\/em>&nbsp;: Fernand Rouchon; <em>2<sup>e<\/sup>&nbsp;pilote<\/em>&nbsp;: Andr\u00e9 Parayre;<br \/>\n<em>navigateur<\/em>&nbsp;: Fernand Clav\u00e8re; <em>radio<\/em>&nbsp;: Fr\u00e9d\u00e9ric Marret; <em>m\u00e9canicien<\/em>&nbsp;: Jean Lavidalie.]<\/p>\n<p>(06) Lundi 12&nbsp;ao\u00fbt 1935<br \/>\nD\u00e9part de Natal \u00e0 11&nbsp;h.&nbsp;05 et arriv\u00e9e \u00e0 Dakar \u00e0 5&nbsp;h.&nbsp;20 (18&nbsp;h&nbsp;15).<br \/>\n[<em>1<sup>er<\/sup>&nbsp;pilote et commandant de bord<\/em>&nbsp;: Fernand Rouchon; <em>2<sup>e<\/sup>&nbsp;pilote<\/em>&nbsp;: Henri Guillaumet;<br \/>\n<em>navigateur<\/em>&nbsp;: Fernand Clav\u00e8re; <em>radio<\/em>&nbsp;: Fr\u00e9d\u00e9ric Marret; <em>m\u00e9canicien<\/em>&nbsp;: Jean Lavidalie.]<\/p>\n<p>(07) Mardi 20&nbsp;ao\u00fbt 1935<br \/>\nD\u00e9part de Dakar le 19&nbsp;ao\u00fbt 11&nbsp;h.&nbsp;40, demi-tour en raison du mauvais temps et retour \u00e0 Dakar \u00e0 15&nbsp;h.&nbsp;15.<br \/>\nSecond d\u00e9part de Dakar le 20&nbsp;ao\u00fbt \u00e0 10&nbsp;h&nbsp;21 et arriv\u00e9e \u00e0 Natal \u00e0 16&nbsp;h15 (19&nbsp;h&nbsp;54).<br \/>\n[<em>1<sup>er<\/sup>&nbsp;pilote et commandant de bord<\/em>&nbsp;: Fernand Rouchon; <em>2<sup>e<\/sup>&nbsp;pilote<\/em>&nbsp;: Henri Guillaumet;<br \/>\n<em>navigateur<\/em>&nbsp;: Fernand Clav\u00e8re; <em>radio<\/em>&nbsp;: Fr\u00e9d\u00e9ric Marret; <em>m\u00e9canicien<\/em>&nbsp;: Jean Lavidalie.]<\/p>\n<p>(08) Lundi 9&nbsp;septembre 1935<br \/>\nD\u00e9part de Natal \u00e0 12&nbsp;h et arriv\u00e9e \u00e0 Dakar \u00e0 6&nbsp;h.&nbsp;42 (18&nbsp;h&nbsp;42).<br \/>\n[<em>1<sup>er<\/sup>&nbsp;pilote et commandant de bord<\/em>&nbsp;: Fernand Rouchon; <em>2<sup>e<\/sup>&nbsp;pilote<\/em>&nbsp;: Henri Guillaumet;<br \/>\n<em>navigateur<\/em>&nbsp;: Fernand Clav\u00e8re ou Paul Comet&nbsp;?; <em>radio<\/em>&nbsp;: Fr\u00e9d\u00e9ric Marret; <em>m\u00e9canicien<\/em>&nbsp;: Jean Lavidalie.<\/p>\n<p>(17) Lundi 27&nbsp;janvier 1936<br \/>\nD\u00e9part de Natal \u00e0 8&nbsp;h&nbsp;15 et arriv\u00e9e \u00e0 Dakar \u00e0 5&nbsp;h&nbsp;20 (21&nbsp;h&nbsp;05).<br \/>\n[<em>1<sup>er<\/sup>&nbsp;pilote et commandant de bord<\/em>&nbsp;: Jean Ponce; <em>2<sup>e<\/sup>&nbsp;pilote<\/em>&nbsp;: Marc Cariou;<br \/>\n<em>navigateur<\/em>&nbsp;: Paul Comet; <em>radio<\/em>&nbsp;: Fr\u00e9d\u00e9ric Marret; <em>m\u00e9canicien<\/em>&nbsp;: Jean Lavidalie.]<\/p>\n<p>&nbsp;<\/p>\n<h3><a href=\"https:\/\/lesmarret.marret.co\/wp-content\/uploads\/2019\/04\/Santos-Dumont-1a_wp.jpg\"><img loading=\"lazy\" decoding=\"async\" class=\"wp-image-7764 alignleft\" src=\"https:\/\/lesmarret.marret.co\/wp-content\/uploads\/2019\/04\/Santos-Dumont-1a_wp-1024x667.jpg\" alt=\"\" width=\"247\" height=\"161\" data-wp-pid=\"7764\" srcset=\"https:\/\/lesmarret.marret.co\/wp-content\/uploads\/2019\/04\/Santos-Dumont-1a_wp-1024x667.jpg 1024w, https:\/\/lesmarret.marret.co\/wp-content\/uploads\/2019\/04\/Santos-Dumont-1a_wp-300x195.jpg 300w, https:\/\/lesmarret.marret.co\/wp-content\/uploads\/2019\/04\/Santos-Dumont-1a_wp-768x500.jpg 768w, https:\/\/lesmarret.marret.co\/wp-content\/uploads\/2019\/04\/Santos-Dumont-1a_wp-800x521.jpg 800w, https:\/\/lesmarret.marret.co\/wp-content\/uploads\/2019\/04\/Santos-Dumont-1a_wp.jpg 1181w\" sizes=\"auto, (max-width: 247px) 100vw, 247px\" \/><\/a><\/h3>\n<h3><strong>Sur le<em> Santos-Dumont<\/em><\/strong><\/h3>\n<p>Hydravion \u00ab&nbsp;Santos-Dumont&nbsp;\u00bb&nbsp;:<br \/>\nBl\u00e9riot 5.190<br \/>\n&#8211; quadrimoteur Hispano 650CV.<\/p>\n<p>&nbsp;<\/p>\n<p>&nbsp;(10) Lundi 14&nbsp;octobre 1935<br \/>\nD\u00e9part de Natal \u00e0 13&nbsp;h&nbsp;05 et arriv\u00e9e \u00e0 Dakar \u00e0 06&nbsp;h&nbsp;27 (17&nbsp;h&nbsp;22).<br \/>\n[<em>1<sup>er<\/sup>&nbsp;pilote et commandant de bord<\/em>&nbsp;: Jean Ponce; <em>2<sup>e<\/sup>&nbsp;pilote<\/em>&nbsp;: Laurent Guerrero;<br \/>\n<em>navigateur<\/em>&nbsp;: Paul Comet; <em>radio<\/em>&nbsp;: Fr\u00e9d\u00e9ric Marret; <em>m\u00e9canicien<\/em>&nbsp;: Marcel Richard.]<\/p>\n<p>(11) Lundi 21&nbsp;octobre 1935<br \/>\nD\u00e9part de Dakar \u00e0 5&nbsp;h.&nbsp;57 et arriv\u00e9e \u00e0 Natal \u00e0 22&nbsp;h.&nbsp;45 (16&nbsp;h&nbsp;48).<br \/>\n[<em>1<sup>er<\/sup>&nbsp;pilote et commandant de bord<\/em>&nbsp;: Jean Ponce; <em>2<sup>e<\/sup>&nbsp;pilote<\/em>&nbsp;: Alexandre Pichodou;<br \/>\n<em>navigateur<\/em>&nbsp;: Nn Adam ; <em>radio<\/em>&nbsp;: Fr\u00e9d\u00e9ric Marret; <em>m\u00e9canicien<\/em>&nbsp;: Marcel Richard.]<\/p>\n<p>(12) Lundi 2&nbsp;d\u00e9cembre 1935<br \/>\nD\u00e9part de Dakar \u00e0 6&nbsp;h. et arriv\u00e9e \u00e0 Natal \u00e0 22&nbsp;h.&nbsp;20 (16&nbsp;h&nbsp;20).<br \/>\n[<em>1<sup>er<\/sup>&nbsp;pilote et commandant de bord<\/em>&nbsp;: Jean Ponce; <em>2<sup>e<\/sup>&nbsp;pilote<\/em>&nbsp;: Alexandre Pichodou;<br \/>\n<em>navigateur<\/em>&nbsp;: Paul Comet; <em>radio<\/em>&nbsp;: Fr\u00e9d\u00e9ric Marret; <em>m\u00e9canicien<\/em>&nbsp;: Marcel Richard.]<br \/>\n\u00c0 bord&nbsp;: [Jean&nbsp;?] Chansel.<\/p>\n<p>(13) Lundi 9&nbsp;d\u00e9cembre 1935<br \/>\nD\u00e9part de Natal \u00e0 11&nbsp;h&nbsp;10 et arriv\u00e9e \u00e0 Dakar \u00e0 06&nbsp;h&nbsp;10 (19&nbsp;h&nbsp;00).<br \/>\n[<em>1<sup>er<\/sup>&nbsp;pilote et commandant de bord<\/em>&nbsp;: Jean Ponce; <em>2<sup>e<\/sup>&nbsp;pilote<\/em>&nbsp;: Alexandre Pichodou;<br \/>\n<em>navigateur<\/em>&nbsp;: Paul Comet; <em>radio<\/em>&nbsp;: Fr\u00e9d\u00e9ric Marret; <em>m\u00e9canicien<\/em>&nbsp;: Marcel Richard.]<\/p>\n<p>(18) Lundi 3&nbsp;f\u00e9vrier 1936<br \/>\nD\u00e9part de Dakar et arriv\u00e9e \u00e0 Natal \u00e0 1&nbsp;h.&nbsp;15 (16&nbsp;h&nbsp;35).<br \/>\n\u00c0 bord&nbsp;: M.&nbsp;\u00c9mile Barri\u00e8re.<br \/>\n[<em>1<sup>er<\/sup>&nbsp;pilote et commandant de bord<\/em>&nbsp;: Jean Ponce; <em>2<sup>e<\/sup>&nbsp;pilote<\/em>&nbsp;: Andr\u00e9 Parayre;<br \/>\n<em>navigateur<\/em>&nbsp;: Fernand Clav\u00e8re ou Jean Lh\u00f4tellier&nbsp;?; <em>radio<\/em>&nbsp;: Fr\u00e9d\u00e9ric Marret; <em>m\u00e9canicien<\/em>&nbsp;: Marcel Richard.]<\/p>\n<p>&nbsp;<\/p>\n<div id=\"attachment_7711\" style=\"width: 260px\" class=\"wp-caption alignleft\"><a href=\"https:\/\/lesmarret.marret.co\/wp-content\/uploads\/2019\/04\/Lat\u00e9co\u00e8re-301-Hiveminer-a_wp.jpg\"><img loading=\"lazy\" decoding=\"async\" aria-describedby=\"caption-attachment-7711\" class=\" wp-image-7711\" src=\"https:\/\/lesmarret.marret.co\/wp-content\/uploads\/2019\/04\/Lat\u00e9co\u00e8re-301-Hiveminer-a_wp-1024x569.jpg\" alt=\"\" width=\"250\" height=\"139\" data-wp-pid=\"7711\" srcset=\"https:\/\/lesmarret.marret.co\/wp-content\/uploads\/2019\/04\/Lat\u00e9co\u00e8re-301-Hiveminer-a_wp-1024x569.jpg 1024w, https:\/\/lesmarret.marret.co\/wp-content\/uploads\/2019\/04\/Lat\u00e9co\u00e8re-301-Hiveminer-a_wp-300x167.jpg 300w, https:\/\/lesmarret.marret.co\/wp-content\/uploads\/2019\/04\/Lat\u00e9co\u00e8re-301-Hiveminer-a_wp-768x427.jpg 768w, https:\/\/lesmarret.marret.co\/wp-content\/uploads\/2019\/04\/Lat\u00e9co\u00e8re-301-Hiveminer-a_wp-800x444.jpg 800w, https:\/\/lesmarret.marret.co\/wp-content\/uploads\/2019\/04\/Lat\u00e9co\u00e8re-301-Hiveminer-a_wp.jpg 1181w\" sizes=\"auto, (max-width: 250px) 100vw, 250px\" \/><\/a><p id=\"caption-attachment-7711\" class=\"wp-caption-text\"><span style=\"font-size: 10pt;\"><em>Lat\u00e9co\u00e8re 301<\/em><\/span><\/p><\/div>\n<h3>&nbsp;<\/h3>\n<h3><strong>Sur le <em>Ville de Buenos Aires<\/em><\/strong><\/h3>\n<p>Hydravion \u00ab&nbsp;Ville-de-Buenos-Aires&nbsp;\u00bb&nbsp;: Lat\u00e9co\u00e8re 301 n\u00b01-quadrimoteur Hispano 650&nbsp;CV.<\/p>\n<p>&nbsp;<\/p>\n<p>&nbsp;&nbsp;(14) Lundi 30&nbsp;d\u00e9cembre 1935<br \/>\nD\u00e9part de Dakar \u00e0 7&nbsp;h.&nbsp;10 et arriv\u00e9e \u00e0 Natal \u00e0 0&nbsp;h.&nbsp;20 (16&nbsp;h&nbsp;10).<br \/>\nTravers\u00e9e achev\u00e9e avec un moteur stopp\u00e9 \u00e0 cause d&rsquo;une avarie au radiateur.<em><br \/>\n<\/em>[<em>1<sup>er<\/sup>&nbsp;pilote et commandant de bord<\/em>&nbsp;: Jean Ponce; <em>2<sup>e<\/sup>&nbsp;pilote<\/em>&nbsp;: Alexandre Pichodou;<br \/>\n<em>navigateur<\/em>&nbsp;: Jean Lh\u00f4tellier; <em>radio<\/em>&nbsp;: Fr\u00e9d\u00e9ric Marret; <em>m\u00e9canicien<\/em>&nbsp;: Alexandre Collenot.]<\/p>\n<p>(15) Lundi 6&nbsp;janvier 1936<br \/>\nD\u00e9part de Natal \u00e0 8&nbsp;h&nbsp;15 et arriv\u00e9e \u00e0 Dakar \u00e0 3&nbsp;h&nbsp;45 (19&nbsp;h&nbsp;30).<br \/>\n[<em>1<sup>er<\/sup>&nbsp;pilote et commandant de bord<\/em>&nbsp;: Jean Ponce; <em>2<sup>e<\/sup>&nbsp;pilote<\/em>&nbsp;: Alexandre Pichodou;<br \/>\n<em>navigateur<\/em>&nbsp;: Jean Lh\u00f4tellier; <em>radio<\/em>&nbsp;: Fr\u00e9d\u00e9ric Marret; <em>m\u00e9canicien<\/em>&nbsp;: Alexandre Collenot.]<\/p>\n<p>(16) Lundi 20&nbsp;janvier 1936<br \/>\nD\u00e9part de Dakar \u00e0 12&nbsp;h.&nbsp;54 et arriv\u00e9e \u00e0 Natal \u00e0 6&nbsp;h.&nbsp;25 (17&nbsp;h&nbsp;31).<br \/>\n[<em>1<sup>er<\/sup>&nbsp;pilote et commandant de bord<\/em>&nbsp;: Jean Ponce; <em>2<sup>e<\/sup>&nbsp;pilote<\/em>&nbsp;: Marc Cariou;<br \/>\n<em>navigateur<\/em>&nbsp;: Paul Comet; <em>radio<\/em>&nbsp;: Fr\u00e9d\u00e9ric Marret; <em>m\u00e9canicien<\/em>&nbsp;: Alexandre Collenot.]<\/p>\n<p>(X) Lundi 10&nbsp;f\u00e9vrier 1936<br \/>\nD\u00e9part de Natal \u00e0 8&nbsp;h.&nbsp;50 vers Dakar et disparition en mer.<br \/>\n[<em>1<sup>er<\/sup>&nbsp;pilote et commandant de bord<\/em>&nbsp;: Jean Ponce; <em>2<sup>e<\/sup>&nbsp;pilote<\/em>&nbsp;: Andr\u00e9 Parayre;<br \/>\n<em>navigateur<\/em>&nbsp;: Paul Comet; <em>radio<\/em>&nbsp;: Fr\u00e9d\u00e9ric Marret; <em>m\u00e9canicien<\/em>&nbsp;: Alexandre Collenot.]<br \/>\n\u00c0 bord&nbsp;: \u00c9mile Barri\u00e8re, directeur du r\u00e9seau d&rsquo;Am\u00e9rique d&rsquo;Air-France.<\/p>\n<p><a href=\"https:\/\/lesmarret.marret.co\/wp-content\/uploads\/2019\/04\/Publicit\u00e9-Yacco_wp.jpg\"><img loading=\"lazy\" decoding=\"async\" class=\"wp-image-7714 aligncenter\" src=\"https:\/\/lesmarret.marret.co\/wp-content\/uploads\/2019\/04\/Publicit\u00e9-Yacco_wp-796x1024.jpg\" alt=\"\" width=\"399\" height=\"514\" data-wp-pid=\"7714\" srcset=\"https:\/\/lesmarret.marret.co\/wp-content\/uploads\/2019\/04\/Publicit\u00e9-Yacco_wp-796x1024.jpg 796w, https:\/\/lesmarret.marret.co\/wp-content\/uploads\/2019\/04\/Publicit\u00e9-Yacco_wp-233x300.jpg 233w, https:\/\/lesmarret.marret.co\/wp-content\/uploads\/2019\/04\/Publicit\u00e9-Yacco_wp-768x988.jpg 768w, https:\/\/lesmarret.marret.co\/wp-content\/uploads\/2019\/04\/Publicit\u00e9-Yacco_wp-800x1029.jpg 800w, https:\/\/lesmarret.marret.co\/wp-content\/uploads\/2019\/04\/Publicit\u00e9-Yacco_wp.jpg 918w\" sizes=\"auto, (max-width: 399px) 100vw, 399px\" \/><\/a><\/p>\n","protected":false},"excerpt":{"rendered":"<p>&nbsp; Sur le Centaure Quadrimoteur \u00ab&nbsp;\u00e0 roulettes&nbsp;\u00bb \u00ab&nbsp;Centaure&nbsp;\u00bb&nbsp;: Farman 220 &#8211; quadrimoteur Hispano 600&nbsp;CV. &nbsp; (01) Lundi 3&nbsp;juin 1935 D\u00e9part de Dakar \u00e0 1&nbsp;h&nbsp;38 et arriv\u00e9e \u00e0 Natal \u00e0 16&nbsp;h&nbsp;30 (14&nbsp;h&nbsp;52). [1er&nbsp;pilote et commandant de bord&nbsp;: Henri Guillaumet; 2e&nbsp;pilote&nbsp;: Laurent &hellip; <a href=\"https:\/\/lesmarret.marret.co\/index.php\/frederic-marret\/frederic-marret-au-dessus-de-latlantique-sud\/\">Continuer la lecture <span class=\"meta-nav\">&rarr;<\/span><\/a><\/p>\n","protected":false},"author":1,"featured_media":0,"parent":7742,"menu_order":0,"comment_status":"closed","ping_status":"closed","template":"","meta":{"_monsterinsights_skip_tracking":false,"_monsterinsights_sitenote_active":false,"_monsterinsights_sitenote_note":"","_monsterinsights_sitenote_category":0,"ngg_post_thumbnail":0,"footnotes":""},"class_list":["post-7769","page","type-page","status-publish","hentry"],"aioseo_notices":[],"_links":{"self":[{"href":"https:\/\/lesmarret.marret.co\/index.php\/wp-json\/wp\/v2\/pages\/7769","targetHints":{"allow":["GET"]}}],"collection":[{"href":"https:\/\/lesmarret.marret.co\/index.php\/wp-json\/wp\/v2\/pages"}],"about":[{"href":"https:\/\/lesmarret.marret.co\/index.php\/wp-json\/wp\/v2\/types\/page"}],"author":[{"embeddable":true,"href":"https:\/\/lesmarret.marret.co\/index.php\/wp-json\/wp\/v2\/users\/1"}],"replies":[{"embeddable":true,"href":"https:\/\/lesmarret.marret.co\/index.php\/wp-json\/wp\/v2\/comments?post=7769"}],"version-history":[{"count":7,"href":"https:\/\/lesmarret.marret.co\/index.php\/wp-json\/wp\/v2\/pages\/7769\/revisions"}],"predecessor-version":[{"id":7776,"href":"https:\/\/lesmarret.marret.co\/index.php\/wp-json\/wp\/v2\/pages\/7769\/revisions\/7776"}],"up":[{"embeddable":true,"href":"https:\/\/lesmarret.marret.co\/index.php\/wp-json\/wp\/v2\/pages\/7742"}],"wp:attachment":[{"href":"https:\/\/lesmarret.marret.co\/index.php\/wp-json\/wp\/v2\/media?parent=7769"}],"curies":[{"name":"wp","href":"https:\/\/api.w.org\/{rel}","templated":true}]}}